{"id":19447,"date":"2024-08-23T08:00:13","date_gmt":"2024-08-23T08:00:13","guid":{"rendered":"https:\/\/lucas-filmfestival.de\/?post_type=film-2024&#038;p=19447"},"modified":"2024-09-19T09:43:56","modified_gmt":"2024-09-19T09:43:56","slug":"kubo-and-the-two-strings","status":"publish","type":"film-2024","link":"https:\/\/lucas-filmfestival.de\/en\/film-2024\/kubo-and-the-two-strings\/","title":{"rendered":"KUBO AND THE TWO STRINGS"},"content":{"rendered":"<div class=\"wpb-content-wrapper\"><p>[vc_row full_width=\u201cstretch_row\u201d parallax=\u201ccontent-moving\u201d parallax_image=\u201c18621\u201d parallax_speed_bg=\u201c1.4\u201d css=\u201d.vc_custom_1724239775243{padding-top: 450px !important;padding-bottom: 20px !important;background-color: #ffd700 !important;}\u201d][vc_column][vc_row_inner][vc_column_inner width=\u201c2\/3\u201d][vc_column_text css=\u201d.vc_custom_1724239371661{margin-right: 0px !important;padding-top: 10px !important;padding-right: 0px !important;padding-bottom: 10px !important;padding-left: 20px !important;background-color: rgba(255,255,255,0.76) !important;*background-color: rgb(255,255,255) !important;}\u201d]<\/p>\n<h1>KUBO AND THE TWO STRINGS<\/h1>\n<p>[\/vc_column_text][\/vc_column_inner][vc_column_inner width=\u201c1\/3\u201d][\/vc_column_inner][\/vc_row_inner][\/vc_column][\/vc_row][vc_row full_width=\u201cstretch_row\u201d gap=\u201c35\u201d css=\u201d.vc_custom_1720012272885{background-color: #ffd700 !important;}\u201d][vc_column width=\u201c2\/3\u201d css=\u201d.vc_custom_1721906993686{padding-right: 60px !important;}\u201d][vc_separator color=\u201cblack\u201d align=\u201calign_left\u201d border_width=\u201c2\u201d el_width=\u201c30\u201d][vc_column_text]<\/p>\n<h1>KUBO AND THE TWO STRINGS<\/h1>\n<p><strong>US 2016. D: Travis Knight. S: Marc Haimes, Chris Butler. 101 min. Animated film. German ver\u00adsi\u00adon. FSK 6. Recommended from age&nbsp;10.&nbsp;<\/strong><\/p>\n<div class=\"su-column su-column-size-2-3\">\n<div class=\"su-column-inner su-u-clearfix su-u-trim\">\u201cEver sin\u00adce his grand\u00adfa\u00adther, the Moon King, rob\u00adbed him of his left eye, the young sto\u00adrytel\u00adler Kubo has had to be wary of the dark\u00adness. Because the Moon King is also after his other eye. When Kubo acci\u00adden\u00adtal\u00adly for\u00adgets the time one day, he nar\u00adrow\u00adly escapes ano\u00adther attack thanks to a powerful spell cast by his mother and regains con\u00adscious\u00adness in the midd\u00adle of a snow\u00adstorm. He is sent on a quest to find the magi\u00adcal armor of his miss\u00ading father, a gre\u00adat samu\u00adrai war\u00adri\u00ador [\u2026]. Kubo soon finds loy\u00adal allies on his adven\u00adtur\u00adous jour\u00adney, which also brings him clo\u00adser to his fami\u00adly histo\u00adry, in a tal\u00adking mon\u00adkey with white fur and a samu\u00adrai stuck in a giant insect body.\u201d (trans\u00adla\u00adted from kinofenster.de)<\/div>\n<\/div>\n<p>[\/vc_column_text][vc_empty_space][\/vc_column][vc_column width=\u201c1\/3\u201d css=\u201d.vc_custom_1614328178219{margin-top: 30px !important;padding-top: 15px !important;background-color: #48d1cc !important;}\u201d][vc_column_text css=\u201d.vc_custom_1724239714881{margin-bottom: 15px !important;background-color: #ffffff !important;}\u201d]<a href=\"https:\/\/www.youtube.com\/watch?v=ykD2W8U6wH4\" rel=\"wp-video-lightbox\"><img loading=\"lazy\" decoding=\"async\" class=\"alignnone wp-image-783 size-full\" src=\"https:\/\/lucas-filmfestival.de\/medien\/2021\/01\/Button-Trailer-mit-icon-transparent.png\" alt width=\"370\" height=\"58\"><\/a>[\/vc_column_text][vc_column_text css=\u201d.vc_custom_1726481051577{margin-bottom: 15px !important;padding-left: 20px !important;background-color: #48d1cc !important;}\u201d]<strong>Dates and Movie Tickets<br>\n<\/strong><strong><a href=\"https:\/\/booking.cinetixx.de\/frontend\/index.html?cinemaId=2038440885&amp;showId=3062526774&amp;bgswitch=false&amp;resize=false#\/show\/2038440885\/3062526774\">MO, Oct. 7 | 11:15 a.m. | DFF Cinema <\/a>(few seats&nbsp;left)&nbsp;<\/strong><\/p>\n<p>This movie is part of the film series cura\u00adted by the <a href=\"https:\/\/lucas-filmfestival.de\/en\/young-european-cinephiles-2024\/\">\u00bbYoung European Cinephiles\u00ab<\/a>.[\/vc_column_text][vc_btn title=\u201cGroup Registration\u201d style=\u201cflat\u201d shape=\u201csquare\u201d color=\u201cwhite\u201d size=\u201clg\u201d align=\u201cleft\u201d i_icon_fontawesome=\u201cfas fa-users\u201d button_block=\u201ctrue\u201d add_icon=\u201ctrue\u201d link=\u201curl:https%3A%2F%2Flucas-filmfestival.de%2Fkinovorstellung-buchen%2F|title:Book%20a%20Movie%20Screening|target:_blank|\u201d css=\u201d.vc_custom_1724234851980{margin-top: 4px !important;margin-bottom: 4px !important;}\u201d][vc_btn title=\u201cF.A.Q.\u201d style=\u201cflat\u201d shape=\u201csquare\u201d color=\u201cwhite\u201d size=\u201clg\u201d align=\u201cleft\u201d i_icon_fontawesome=\u201cfas fa-ques\u00adti\u00adon\u201d button_block=\u201ctrue\u201d add_icon=\u201ctrue\u201d link=\u201curl:https%3A%2F%2Flucas-filmfestival.de%2Fen%2Fservice%2F%23faq|title:To%20the%20F.A.Q.|target:_blank|\u201d css=\u201d.vc_custom_1724234860332{margin-top: 4px !important;margin-bottom: 15px !important;}\u201d][\/vc_column][\/vc_row][vc_section full_width=\u201cstretch_row\u201d css=\u201d.vc_custom_1713969069441{background-color: #ffd700 !important;}\u201d][\/vc_section][vc_row full_width=\u201cstretch_row\u201d css=\u201d.vc_custom_1719999588360{padding-top: 50px !important;padding-bottom: 50px !important;background-color: #ffd700 !important;}\u201d][vc_column][vc_row_inner][vc_column_inner][vc_separator color=\u201cblack\u201d align=\u201calign_left\u201d border_width=\u201c3\u201d el_width=\u201c30\u201d][vc_column_text]<\/p>\n<h2>Extras and Get Involved!<\/h2>\n<p>[\/vc_column_text][\/vc_column_inner][\/vc_row_inner][vc_row_inner gap=\u201c15\u201d][vc_column_inner width=\u201c1\/2\u201d css=\u201d.vc_custom_1721907757184{background-color: #ffffff !important;border-radius: 15px !important;}\u201d][vc_single_image image=\u201c665\u201d img_size=\u201c960x540\u201d][vc_column_text]<\/p>\n<h2>Film Guests &amp; Film Talks in Advance<\/h2>\n<p>[\/vc_column_text][vc_btn title=\u201cRead more\u201d color=\u201cblack\u201d link=\u201curl:https%3A%2F%2Flucas-filmfestival.de%2Ffestival%2F%23filmgaestefilmgespraeche|title:Film%20Guests%20Film%20Talks|target:_blank|\u201d][\/vc_column_inner][\/vc_row_inner][\/vc_column][\/vc_row][vc_row full_width=\u201cstretch_row\u201d css=\u201d.vc_custom_1719999579854{padding-top: 50px !important;padding-bottom: 50px !important;background-color: #ffd700 !important;}\u201d][vc_column][vc_row_inner][vc_column_inner][vc_empty_space][\/vc_column_inner][\/vc_row_inner][\/vc_column][\/vc_row]<\/p>\n<\/div>","protected":false},"excerpt":{"rendered":"<p>US 2016. D: Travis Knight.<\/p>\n","protected":false},"featured_media":18622,"parent":0,"template":"","meta":{"_lmt_disableupdate":"no","_lmt_disable":"","wp_typography_post_enhancements_disabled":false,"site-sidebar-layout":"no-sidebar","site-content-layout":"plain-container","ast-site-content-layout":"normal-width-container","site-content-style":"unboxed","site-sidebar-style":"default","ast-global-header-display":"","ast-banner-title-visibility":"disabled","ast-main-header-display":"","ast-hfb-above-header-display":"","ast-hfb-below-header-display":"","ast-hfb-mobile-header-display":"","site-post-title":"disabled","ast-breadcrumbs-content":"","ast-featured-img":"disabled","footer-sml-layout":"","ast-disable-related-posts":"","theme-transparent-header-meta":"default","adv-header-id-meta":"","stick-header-meta":"default","header-above-stick-meta":"","header-main-stick-meta":"","header-below-stick-meta":"","astra-migrate-meta-layouts":"set","ast-page-background-enabled":"default","ast-page-background-meta":{"desktop":{"background-color":"var(--ast-global-color-4)","background-image":"","background-repeat":"repeat","background-position":"center center","background-size":"auto","background-attachment":"scroll","background-type":"","background-media":"","overlay-type":"","overlay-color":"","overlay-opacity":"","overlay-gradient":""},"tablet":{"background-color":"","background-image":"","background-repeat":"repeat","background-position":"center center","background-size":"auto","background-attachment":"scroll","background-type":"","background-media":"","overlay-type":"","overlay-color":"","overlay-opacity":"","overlay-gradient":""},"mobile":{"background-color":"","background-image":"","background-repeat":"repeat","background-position":"center center","background-size":"auto","background-attachment":"scroll","background-type":"","background-media":"","overlay-type":"","overlay-color":"","overlay-opacity":"","overlay-gradient":""}},"ast-content-background-meta":{"desktop":{"background-color":"var(--ast-global-color-5)","background-image":"","background-repeat":"repeat","background-position":"center center","background-size":"auto","background-attachment":"scroll","background-type":"","background-media":"","overlay-type":"","overlay-color":"","overlay-opacity":"","overlay-gradient":""},"tablet":{"background-color":"var(--ast-global-color-5)","background-image":"","background-repeat":"repeat","background-position":"center center","background-size":"auto","background-attachment":"scroll","background-type":"","background-media":"","overlay-type":"","overlay-color":"","overlay-opacity":"","overlay-gradient":""},"mobile":{"background-color":"var(--ast-global-color-5)","background-image":"","background-repeat":"repeat","background-position":"center center","background-size":"auto","background-attachment":"scroll","background-type":"","background-media":"","overlay-type":"","overlay-color":"","overlay-opacity":"","overlay-gradient":""}},"footnotes":""},"alter":[160],"sektion":[173],"wettbewerb":[252],"thema":[],"datum":[492],"spielort":[309],"class_list":["post-19447","film-2024","type-film-2024","status-publish","has-post-thumbnail","hentry","alter-from-age-10","sektion-young-european-cinephiles-en","wettbewerb-other-sections","datum-07-10-2024-en","spielort-kinodesdff"],"yoast_head":"<!-- This site is optimized with the Yoast SEO plugin v26.7 - https:\/\/yoast.com\/wordpress\/plugins\/seo\/ -->\n<title>KUBO AND THE TWO STRINGS - LUCAS \u2013 Internationales Festival f\u00fcr junge Filmfans<\/title>\n<meta name=\"robots\" content=\"index, follow, max-snippet:-1, max-image-preview:large, max-video-preview:-1\" \/>\n<link rel=\"canonical\" href=\"https:\/\/lucas-filmfestival.de\/en\/film-2024\/kubo-and-the-two-strings\/\" \/>\n<meta property=\"og:locale\" content=\"en_US\" \/>\n<meta property=\"og:type\" content=\"article\" \/>\n<meta property=\"og:title\" content=\"KUBO AND THE TWO STRINGS - LUCAS \u2013 Internationales Festival f\u00fcr junge Filmfans\" \/>\n<meta property=\"og:description\" content=\"US 2016. D: Travis Knight.\" \/>\n<meta property=\"og:url\" content=\"https:\/\/lucas-filmfestival.de\/en\/film-2024\/kubo-and-the-two-strings\/\" \/>\n<meta property=\"og:site_name\" content=\"LUCAS \u2013 Internationales Festival f\u00fcr junge Filmfans\" \/>\n<meta property=\"article:modified_time\" content=\"2024-09-19T09:43:56+00:00\" \/>\n<meta property=\"og:image\" content=\"https:\/\/lucas-filmfestival.de\/medien\/2024\/07\/KUBO-AND-THE-TWO-STRINGS2.jpg\" \/>\n\t<meta property=\"og:image:width\" content=\"2500\" \/>\n\t<meta property=\"og:image:height\" content=\"1047\" \/>\n\t<meta property=\"og:image:type\" content=\"image\/jpeg\" \/>\n<meta name=\"twitter:card\" content=\"summary_large_image\" \/>\n<meta name=\"twitter:label1\" content=\"Est. reading time\" \/>\n\t<meta name=\"twitter:data1\" content=\"3 minutes\" \/>\n<script type=\"application\/ld+json\" class=\"yoast-schema-graph\">{\"@context\":\"https:\/\/schema.org\",\"@graph\":[{\"@type\":\"WebPage\",\"@id\":\"https:\/\/lucas-filmfestival.de\/en\/film-2024\/kubo-and-the-two-strings\/\",\"url\":\"https:\/\/lucas-filmfestival.de\/en\/film-2024\/kubo-and-the-two-strings\/\",\"name\":\"KUBO AND THE TWO STRINGS - LUCAS \u2013 Internationales Festival f\u00fcr junge Filmfans\",\"isPartOf\":{\"@id\":\"https:\/\/lucas-filmfestival.de\/en\/#website\"},\"primaryImageOfPage\":{\"@id\":\"https:\/\/lucas-filmfestival.de\/en\/film-2024\/kubo-and-the-two-strings\/#primaryimage\"},\"image\":{\"@id\":\"https:\/\/lucas-filmfestival.de\/en\/film-2024\/kubo-and-the-two-strings\/#primaryimage\"},\"thumbnailUrl\":\"https:\/\/lucas-filmfestival.de\/medien\/2024\/07\/KUBO-AND-THE-TWO-STRINGS2.jpg\",\"datePublished\":\"2024-08-23T08:00:13+00:00\",\"dateModified\":\"2024-09-19T09:43:56+00:00\",\"breadcrumb\":{\"@id\":\"https:\/\/lucas-filmfestival.de\/en\/film-2024\/kubo-and-the-two-strings\/#breadcrumb\"},\"inLanguage\":\"en-US\",\"potentialAction\":[{\"@type\":\"ReadAction\",\"target\":[\"https:\/\/lucas-filmfestival.de\/en\/film-2024\/kubo-and-the-two-strings\/\"]}]},{\"@type\":\"ImageObject\",\"inLanguage\":\"en-US\",\"@id\":\"https:\/\/lucas-filmfestival.de\/en\/film-2024\/kubo-and-the-two-strings\/#primaryimage\",\"url\":\"https:\/\/lucas-filmfestival.de\/medien\/2024\/07\/KUBO-AND-THE-TWO-STRINGS2.jpg\",\"contentUrl\":\"https:\/\/lucas-filmfestival.de\/medien\/2024\/07\/KUBO-AND-THE-TWO-STRINGS2.jpg\",\"width\":2500,\"height\":1047,\"caption\":\"KUBO AND THE TWO STRINGS \u00a9LAIKA Studios | Source: DFF\"},{\"@type\":\"BreadcrumbList\",\"@id\":\"https:\/\/lucas-filmfestival.de\/en\/film-2024\/kubo-and-the-two-strings\/#breadcrumb\",\"itemListElement\":[{\"@type\":\"ListItem\",\"position\":1,\"name\":\"Home\",\"item\":\"https:\/\/lucas-filmfestival.de\/en\/\"},{\"@type\":\"ListItem\",\"position\":2,\"name\":\"Filme 2024\",\"item\":\"https:\/\/lucas-filmfestival.de\/en\/film-2024\/\"},{\"@type\":\"ListItem\",\"position\":3,\"name\":\"KUBO AND THE TWO STRINGS\"}]},{\"@type\":\"WebSite\",\"@id\":\"https:\/\/lucas-filmfestival.de\/en\/#website\",\"url\":\"https:\/\/lucas-filmfestival.de\/en\/\",\"name\":\"LUCAS \u2013 Internationales Festival f\u00fcr junge Filmfans\",\"description\":\"Deutschlands \u00e4ltestes Filmfestival f\u00fcr junges Publikum. Das Programm richtet sich an alle von vier Jahren bis 18plus und pr\u00e4sentiert aktuelles internationales Filmschaffen \u2013 Spiel\u2011, Dokumentar\u2011, Animations- und Experimentalfilme. Herzst\u00fcck von LUCAS sind die Wettbewerbe in den Sektionen 8+, 13+ und 16+ | Youngsters.\",\"publisher\":{\"@id\":\"https:\/\/lucas-filmfestival.de\/en\/#organization\"},\"potentialAction\":[{\"@type\":\"SearchAction\",\"target\":{\"@type\":\"EntryPoint\",\"urlTemplate\":\"https:\/\/lucas-filmfestival.de\/en\/?s={search_term_string}\"},\"query-input\":{\"@type\":\"PropertyValueSpecification\",\"valueRequired\":true,\"valueName\":\"search_term_string\"}}],\"inLanguage\":\"en-US\"},{\"@type\":\"Organization\",\"@id\":\"https:\/\/lucas-filmfestival.de\/en\/#organization\",\"name\":\"LUCAS \u2013 Internationales Festival f\u00fcr junge Filmfans\",\"url\":\"https:\/\/lucas-filmfestival.de\/en\/\",\"logo\":{\"@type\":\"ImageObject\",\"inLanguage\":\"en-US\",\"@id\":\"https:\/\/lucas-filmfestival.de\/en\/#\/schema\/logo\/image\/\",\"url\":\"https:\/\/lucas-filmfestival.de\/medien\/2025\/05\/cropped-LucasLogo.jpg\",\"contentUrl\":\"https:\/\/lucas-filmfestival.de\/medien\/2025\/05\/cropped-LucasLogo.jpg\",\"width\":1090,\"height\":800,\"caption\":\"LUCAS \u2013 Internationales Festival f\u00fcr junge Filmfans\"},\"image\":{\"@id\":\"https:\/\/lucas-filmfestival.de\/en\/#\/schema\/logo\/image\/\"}}]}<\/script>\n<!-- \/ Yoast SEO plugin. -->","yoast_head_json":{"title":"KUBO AND THE TWO STRINGS - LUCAS \u2013 Internationales Festival f\u00fcr junge Filmfans","robots":{"index":"index","follow":"follow","max-snippet":"max-snippet:-1","max-image-preview":"max-image-preview:large","max-video-preview":"max-video-preview:-1"},"canonical":"https:\/\/lucas-filmfestival.de\/en\/film-2024\/kubo-and-the-two-strings\/","og_locale":"en_US","og_type":"article","og_title":"KUBO AND THE TWO STRINGS - LUCAS \u2013 Internationales Festival f\u00fcr junge Filmfans","og_description":"US 2016. D: Travis Knight.","og_url":"https:\/\/lucas-filmfestival.de\/en\/film-2024\/kubo-and-the-two-strings\/","og_site_name":"LUCAS \u2013 Internationales Festival f\u00fcr junge Filmfans","article_modified_time":"2024-09-19T09:43:56+00:00","og_image":[{"width":2500,"height":1047,"url":"https:\/\/lucas-filmfestival.de\/medien\/2024\/07\/KUBO-AND-THE-TWO-STRINGS2.jpg","type":"image\/jpeg"}],"twitter_card":"summary_large_image","twitter_misc":{"Est. reading time":"3 minutes"},"schema":{"@context":"https:\/\/schema.org","@graph":[{"@type":"WebPage","@id":"https:\/\/lucas-filmfestival.de\/en\/film-2024\/kubo-and-the-two-strings\/","url":"https:\/\/lucas-filmfestival.de\/en\/film-2024\/kubo-and-the-two-strings\/","name":"KUBO AND THE TWO STRINGS - LUCAS \u2013 Internationales Festival f\u00fcr junge Filmfans","isPartOf":{"@id":"https:\/\/lucas-filmfestival.de\/en\/#website"},"primaryImageOfPage":{"@id":"https:\/\/lucas-filmfestival.de\/en\/film-2024\/kubo-and-the-two-strings\/#primaryimage"},"image":{"@id":"https:\/\/lucas-filmfestival.de\/en\/film-2024\/kubo-and-the-two-strings\/#primaryimage"},"thumbnailUrl":"https:\/\/lucas-filmfestival.de\/medien\/2024\/07\/KUBO-AND-THE-TWO-STRINGS2.jpg","datePublished":"2024-08-23T08:00:13+00:00","dateModified":"2024-09-19T09:43:56+00:00","breadcrumb":{"@id":"https:\/\/lucas-filmfestival.de\/en\/film-2024\/kubo-and-the-two-strings\/#breadcrumb"},"inLanguage":"en-US","potentialAction":[{"@type":"ReadAction","target":["https:\/\/lucas-filmfestival.de\/en\/film-2024\/kubo-and-the-two-strings\/"]}]},{"@type":"ImageObject","inLanguage":"en-US","@id":"https:\/\/lucas-filmfestival.de\/en\/film-2024\/kubo-and-the-two-strings\/#primaryimage","url":"https:\/\/lucas-filmfestival.de\/medien\/2024\/07\/KUBO-AND-THE-TWO-STRINGS2.jpg","contentUrl":"https:\/\/lucas-filmfestival.de\/medien\/2024\/07\/KUBO-AND-THE-TWO-STRINGS2.jpg","width":2500,"height":1047,"caption":"KUBO AND THE TWO STRINGS \u00a9LAIKA Studios | Source: DFF"},{"@type":"BreadcrumbList","@id":"https:\/\/lucas-filmfestival.de\/en\/film-2024\/kubo-and-the-two-strings\/#breadcrumb","itemListElement":[{"@type":"ListItem","position":1,"name":"Home","item":"https:\/\/lucas-filmfestival.de\/en\/"},{"@type":"ListItem","position":2,"name":"Filme 2024","item":"https:\/\/lucas-filmfestival.de\/en\/film-2024\/"},{"@type":"ListItem","position":3,"name":"KUBO AND THE TWO STRINGS"}]},{"@type":"WebSite","@id":"https:\/\/lucas-filmfestival.de\/en\/#website","url":"https:\/\/lucas-filmfestival.de\/en\/","name":"LUCAS \u2013 Internationales Festival f\u00fcr junge Filmfans","description":"Deutschlands \u00e4ltestes Filmfestival f\u00fcr junges Publikum. Das Programm richtet sich an alle von vier Jahren bis 18plus und pr\u00e4sentiert aktuelles internationales Filmschaffen \u2013 Spiel\u2011, Dokumentar\u2011, Animations- und Experimentalfilme. Herzst\u00fcck von LUCAS sind die Wettbewerbe in den Sektionen 8+, 13+ und 16+ | Youngsters.","publisher":{"@id":"https:\/\/lucas-filmfestival.de\/en\/#organization"},"potentialAction":[{"@type":"SearchAction","target":{"@type":"EntryPoint","urlTemplate":"https:\/\/lucas-filmfestival.de\/en\/?s={search_term_string}"},"query-input":{"@type":"PropertyValueSpecification","valueRequired":true,"valueName":"search_term_string"}}],"inLanguage":"en-US"},{"@type":"Organization","@id":"https:\/\/lucas-filmfestival.de\/en\/#organization","name":"LUCAS \u2013 Internationales Festival f\u00fcr junge Filmfans","url":"https:\/\/lucas-filmfestival.de\/en\/","logo":{"@type":"ImageObject","inLanguage":"en-US","@id":"https:\/\/lucas-filmfestival.de\/en\/#\/schema\/logo\/image\/","url":"https:\/\/lucas-filmfestival.de\/medien\/2025\/05\/cropped-LucasLogo.jpg","contentUrl":"https:\/\/lucas-filmfestival.de\/medien\/2025\/05\/cropped-LucasLogo.jpg","width":1090,"height":800,"caption":"LUCAS \u2013 Internationales Festival f\u00fcr junge Filmfans"},"image":{"@id":"https:\/\/lucas-filmfestival.de\/en\/#\/schema\/logo\/image\/"}}]}},"_links":{"self":[{"href":"https:\/\/lucas-filmfestival.de\/en\/wp-json\/wp\/v2\/film-2024\/19447","targetHints":{"allow":["GET"]}}],"collection":[{"href":"https:\/\/lucas-filmfestival.de\/en\/wp-json\/wp\/v2\/film-2024"}],"about":[{"href":"https:\/\/lucas-filmfestival.de\/en\/wp-json\/wp\/v2\/types\/film-2024"}],"version-history":[{"count":6,"href":"https:\/\/lucas-filmfestival.de\/en\/wp-json\/wp\/v2\/film-2024\/19447\/revisions"}],"predecessor-version":[{"id":21210,"href":"https:\/\/lucas-filmfestival.de\/en\/wp-json\/wp\/v2\/film-2024\/19447\/revisions\/21210"}],"wp:featuredmedia":[{"embeddable":true,"href":"https:\/\/lucas-filmfestival.de\/en\/wp-json\/wp\/v2\/media\/18622"}],"wp:attachment":[{"href":"https:\/\/lucas-filmfestival.de\/en\/wp-json\/wp\/v2\/media?parent=19447"}],"wp:term":[{"taxonomy":"alter","embeddable":true,"href":"https:\/\/lucas-filmfestival.de\/en\/wp-json\/wp\/v2\/alter?post=19447"},{"taxonomy":"sektion","embeddable":true,"href":"https:\/\/lucas-filmfestival.de\/en\/wp-json\/wp\/v2\/sektion?post=19447"},{"taxonomy":"wettbewerb","embeddable":true,"href":"https:\/\/lucas-filmfestival.de\/en\/wp-json\/wp\/v2\/wettbewerb?post=19447"},{"taxonomy":"thema","embeddable":true,"href":"https:\/\/lucas-filmfestival.de\/en\/wp-json\/wp\/v2\/thema?post=19447"},{"taxonomy":"datum","embeddable":true,"href":"https:\/\/lucas-filmfestival.de\/en\/wp-json\/wp\/v2\/datum?post=19447"},{"taxonomy":"spielort","embeddable":true,"href":"https:\/\/lucas-filmfestival.de\/en\/wp-json\/wp\/v2\/spielort?post=19447"}],"curies":[{"name":"wp","href":"https:\/\/api.w.org\/{rel}","templated":true}]}}