{"id":29252,"date":"2026-08-31T13:40:39","date_gmt":"2026-08-31T13:40:39","guid":{"rendered":"https:\/\/lucas-filmfestival.de\/film-2026\/schulkinotage-film-package-a\/"},"modified":"2026-08-31T14:24:27","modified_gmt":"2026-08-31T14:24:27","slug":"schulkinotage","status":"publish","type":"film-2026","link":"https:\/\/lucas-filmfestival.de\/en\/film-2026\/schulkinotage\/","title":{"rendered":"SchulKinoTage: Film Package A"},"content":{"rendered":"<div class=\"wpb-content-wrapper\"><p>[vc_row full_width=\u201cstretch_row\u201d parallax=\u201ccontent-moving\u201d parallax_image=\u201c29247\u201d parallax_speed_bg=\u201c1.4\u201d css=\u201d.vc_custom_1788183593038{padding-top: 450px !important;padding-bottom: 20px !important;background-color: #ffd700 !important;}\u201d][vc_column][vc_row_inner][vc_column_inner width=\u201c2\/3\u201d][vc_column_text css=\u201d.vc_custom_1788183059495{margin-right: 0px !important;padding-top: 10px !important;padding-right: 0px !important;padding-bottom: 10px !important;padding-left: 20px !important;background-color: rgba(255,255,255,0.76) !important;*background-color: rgb(255,255,255) !important;}\u201d]<\/p>\n<h1>SchulKinoTage: Film Package A<\/h1>\n<p>[\/vc_column_text][\/vc_column_inner][vc_column_inner width=\u201c1\/3\u201d][\/vc_column_inner][\/vc_row_inner][\/vc_column][\/vc_row][vc_row full_width=\u201cstretch_row\u201d gap=\u201c35\u201d css=\u201d.vc_custom_1720012272885{background-color: #ffd700 !important;}\u201d][vc_column width=\u201c2\/3\u201d css=\u201d.vc_custom_1754475287770{padding-right: 70px !important;}\u201d][vc_column_text css=\u201d.vc_custom_1788183132152{padding-top: 20px !important;padding-right: 20px !important;padding-bottom: 20px !important;padding-left: 20px !important;background-color: #ffffff !important;}\u201d]<\/p>\n<h2>SchulKinoTage: Film Package A<\/h2>\n<p style=\"text-align: justify;\">The 13-minu\u00adte excerpt from the docu\u00admen\u00adta\u00adry WAHLKAMPF 1932 (LETZTE WAHL) offers a his\u00adto\u00adri\u00adcal per\u00adspec\u00adti\u00adve on a tur\u00adning point in the histo\u00adry of German demo\u00adcra\u00adcy. In con\u00adtrast, the re-edu\u00adca\u00adti\u00adon film DIE TODESM\u00dcHLEN expli\u00adcit\u00adly expo\u00adsed the post\u00adwar German popu\u00adla\u00adti\u00adon to the hor\u00adrors of the con\u00adcen\u00adtra\u00adti\u00adon camps. The fea\u00adture film DIE WELLE pro\u00advi\u00addes an ans\u00adwer to the ques\u00adti\u00adons of how things could have come to this and what aspects of it remain rele\u00advant today. Using a school pro\u00adject as an exam\u00adp\u00adle, this illus\u00adtra\u00adtes how easi\u00adly aut\u00adho\u00adri\u00adta\u00adri\u00adan ide\u00adas can regain a foot\u00adhold. The film pro\u00adgram pro\u00advi\u00addes an oppor\u00adtu\u00adni\u00adty to reflect on demo\u00adcra\u00adcy, the cul\u00adtu\u00adre of remem\u00adbrance, and our own respon\u00adsi\u00adbi\u00adli\u00adty within socie\u00adty. (SchulKinoTage)<\/p>\n<p>[\/vc_column_text][vc_column_text css=\u201d.vc_custom_1788183306665{padding-top: 20px !important;padding-right: 20px !important;padding-bottom: 20px !important;padding-left: 20px !important;background-color: #ffffff !important;}\u201d]<strong>WAHLKAMPF 1932 (LETZTE WAHL)&nbsp;<\/strong><br>\nDE 1932. D: Ella Bergmann-Michel. 13 min. Documentary short. German ori\u00adgi\u00adnal version.<\/p>\n<p><strong>THE DEATH&nbsp;MILLS<\/strong><br>\nDie Todesm\u00fchlen. BRD\/US 1945. D: Hanu\u0161 Burger. 23 min. Documentary short. German ori\u00adgi\u00adnal version.<\/p>\n<p><strong>THE WAVE<\/strong><br>\nDie Welle. DE 2008. D: Dennis Gansel. 107 min. Feature film. German ori\u00adgi\u00adnal version.[\/vc_column_text][\/vc_column][vc_column width=\u201c1\/3\u201d css=\u201d.vc_custom_1614328178219{margin-top: 30px !important;padding-top: 15px !important;background-color: #48d1cc !important;}\u201d][vc_column_text css=\u201d.vc_custom_1788186262878{margin-bottom: 15px !important;padding-top: 10px !important;padding-bottom: 5px !important;padding-left: 20px !important;background-color: #48d1cc !important;}\u201d]<strong>Cinema Tickets for Individuals<br>\n<\/strong>THU, Oct. 1 | 8.45 a.m. | DFF Cinema<\/p>\n<p>This film pro\u00adgram is pre\u00adsen\u00adted by <a href=\"https:\/\/lucas-filmfestival.de\/en\/schulkinotage-2026\/\" target=\"_blank\" rel=\"noopener\">SchulKinoTage<\/a>.[\/vc_column_text][vc_btn title=\u201cRegistration for Classes &amp; Groups\u201d style=\u201cflat\u201d shape=\u201csquare\u201d color=\u201cwhite\u201d size=\u201clg\u201d align=\u201cleft\u201d i_icon_fontawesome=\u201cfas fa-users\u201d button_block=\u201ctrue\u201d add_icon=\u201ctrue\u201d link=\u201curl:https%3A%2F%2Fwww.schulkinowochen-hessen.de%2Fallgemein%2Fschulkinotage%2F%231786369716879\u201357e170d6-9313|title:Kinovorstellung%20buchen|target:_blank|\u201d css=\u201d.vc_custom_1788183424407{margin-top: 4px !important;margin-bottom: 4px !important;}\u201d][vc_btn title=\u201cFAQ\u201d style=\u201cflat\u201d shape=\u201csquare\u201d color=\u201cwhite\u201d size=\u201clg\u201d align=\u201cleft\u201d i_icon_fontawesome=\u201cfas fa-ques\u00adti\u00adon\u201d button_block=\u201ctrue\u201d add_icon=\u201ctrue\u201d link=\u201curl:https%3A%2F%2Flucas-filmfestival.de%2Fen%2Fservice%2F%23faq|title:Zum%20F.A.Q.|target:_blank|\u201d css=\u201d.vc_custom_1723652448711{margin-top: 4px !important;margin-bottom: 15px !important;}\u201d][vc_video link=\u201chttps:\/\/www.youtube.com\/watch?v=qkztDM5ukbw\u201d][\/vc_column][\/vc_row][vc_row full_width=\u201cstretch_row\u201d css=\u201d.vc_custom_1786712603530{padding-top: 0px !important;padding-bottom: 50px !important;background-color: #ffd700 !important;}\u201d][vc_column][vc_row_inner][vc_column_inner][vc_separator color=\u201cblack\u201d align=\u201calign_left\u201d border_width=\u201c3\u201d el_width=\u201c30\u201d][vc_column_text]<\/p>\n<h2>Extras and Get Involved!<\/h2>\n<p>[\/vc_column_text][\/vc_column_inner][\/vc_row_inner][vc_row_inner gap=\u201c15\u201d][vc_column_inner width=\u201c1\/2\u201d css=\u201d.vc_custom_1721907757184{background-color: #ffffff !important;border-radius: 15px !important;}\u201d][vc_single_image image=\u201c27455\u201d img_size=\u201c960x540\u201d][vc_column_text]<\/p>\n<h2>Film Guests<\/h2>\n<p>[\/vc_column_text][vc_btn title=\u201cRead More\u201d color=\u201cblack\u201d link=\u201curl:https%3A%2F%2Flucas-filmfestival.de%2Ffestival%2F%23filmgaestefilmgespraeche|title:Filmg%C3%A4ste%20%26%20Filmgespr%C3%A4che|target:_blank|\u201d][\/vc_column_inner][\/vc_row_inner][vc_row_inner][vc_column_inner][vc_empty_space][\/vc_column_inner][\/vc_row_inner][\/vc_column][\/vc_row]<\/p>\n<\/div>","protected":false},"excerpt":{"rendered":"<p>DE\/BRD 1932\u20132008. D:&nbsp;div.&nbsp;<\/p>\n","protected":false},"featured_media":29248,"parent":0,"template":"","meta":{"_lmt_disableupdate":"no","_lmt_disable":"","wp_typography_post_enhancements_disabled":false,"site-sidebar-layout":"no-sidebar","site-content-layout":"plain-container","ast-site-content-layout":"normal-width-container","site-content-style":"unboxed","site-sidebar-style":"unboxed","ast-global-header-display":"","ast-banner-title-visibility":"","ast-main-header-display":"","ast-hfb-above-header-display":"","ast-hfb-below-header-display":"","ast-hfb-mobile-header-display":"","site-post-title":"disabled","ast-breadcrumbs-content":"","ast-featured-img":"disabled","footer-sml-layout":"","ast-disable-related-posts":"","theme-transparent-header-meta":"default","adv-header-id-meta":"","stick-header-meta":"default","header-above-stick-meta":"","header-main-stick-meta":"","header-below-stick-meta":"","astra-migrate-meta-layouts":"set","ast-page-background-enabled":"default","ast-page-background-meta":{"desktop":{"background-color":"var(--ast-global-color-4)","background-image":"","background-repeat":"repeat","background-position":"center center","background-size":"auto","background-attachment":"scroll","background-type":"","background-media":"","overlay-type":"","overlay-color":"","overlay-opacity":"","overlay-gradient":""},"tablet":{"background-color":"","background-image":"","background-repeat":"repeat","background-position":"center center","background-size":"auto","background-attachment":"scroll","background-type":"","background-media":"","overlay-type":"","overlay-color":"","overlay-opacity":"","overlay-gradient":""},"mobile":{"background-color":"","background-image":"","background-repeat":"repeat","background-position":"center center","background-size":"auto","background-attachment":"scroll","background-type":"","background-media":"","overlay-type":"","overlay-color":"","overlay-opacity":"","overlay-gradient":""}},"ast-content-background-meta":{"desktop":{"background-color":"var(--ast-global-color-5)","background-image":"","background-repeat":"repeat","background-position":"center center","background-size":"auto","background-attachment":"scroll","background-type":"","background-media":"","overlay-type":"","overlay-color":"","overlay-opacity":"","overlay-gradient":""},"tablet":{"background-color":"var(--ast-global-color-5)","background-image":"","background-repeat":"repeat","background-position":"center center","background-size":"auto","background-attachment":"scroll","background-type":"","background-media":"","overlay-type":"","overlay-color":"","overlay-opacity":"","overlay-gradient":""},"mobile":{"background-color":"var(--ast-global-color-5)","background-image":"","background-repeat":"repeat","background-position":"center center","background-size":"auto","background-attachment":"scroll","background-type":"","background-media":"","overlay-type":"","overlay-color":"","overlay-opacity":"","overlay-gradient":""}},"footnotes":""},"alter":[163],"sektion":[588],"wettbewerb":[252],"thema":[],"datum":[552],"spielort":[309],"class_list":["post-29252","film-2026","type-film-2026","status-publish","has-post-thumbnail","hentry","alter-from-age-14","sektion-schulkinotage","wettbewerb-other-sections","datum-01-10-2026-en","spielort-kinodesdff-frankfurt"],"yoast_head":"<!-- This site is optimized with the Yoast SEO plugin v28.1 - https:\/\/yoast.com\/product\/yoast-seo-wordpress\/ -->\n<title>SchulKinoTage: Film Package A - LUCAS \u2013 Internationales Festival f\u00fcr junge Filmfans<\/title>\n<meta name=\"description\" content=\"The SchulKinoTage at the 49th LUCAS Film Festival: September 24 to October 1, 2026, in cinemas in Frankfurt, Offenbach, Wiesbaden and Bad Homburg.\" \/>\n<meta name=\"robots\" content=\"index, follow, max-snippet:-1, max-image-preview:large, max-video-preview:-1\" \/>\n<link rel=\"canonical\" href=\"https:\/\/lucas-filmfestival.de\/en\/film-2026\/schulkinotage\/\" \/>\n<meta property=\"og:locale\" content=\"en_US\" \/>\n<meta property=\"og:type\" content=\"article\" \/>\n<meta property=\"og:title\" content=\"SchulKinoTage: Film Package A - LUCAS \u2013 Internationales Festival f\u00fcr junge Filmfans\" \/>\n<meta property=\"og:description\" content=\"The SchulKinoTage at the 49th LUCAS Film Festival: September 24 to October 1, 2026, in cinemas in Frankfurt, Offenbach, Wiesbaden and Bad Homburg.\" \/>\n<meta property=\"og:url\" content=\"https:\/\/lucas-filmfestival.de\/en\/film-2026\/schulkinotage\/\" \/>\n<meta property=\"og:site_name\" content=\"LUCAS \u2013 Internationales Festival f\u00fcr junge Filmfans\" \/>\n<meta property=\"article:modified_time\" content=\"2026-08-31T14:24:27+00:00\" \/>\n<meta property=\"og:image\" content=\"https:\/\/lucas-filmfestival.de\/medien\/2026\/08\/DIE-WELLE.jpg\" \/>\n\t<meta property=\"og:image:width\" content=\"1920\" \/>\n\t<meta property=\"og:image:height\" content=\"1080\" \/>\n\t<meta property=\"og:image:type\" content=\"image\/jpeg\" \/>\n<meta name=\"twitter:card\" content=\"summary_large_image\" \/>\n<meta name=\"twitter:label1\" content=\"Est. reading time\" \/>\n\t<meta name=\"twitter:data1\" content=\"3 minutes\" \/>\n<script type=\"application\/ld+json\" class=\"yoast-schema-graph\">{\"@context\":\"https:\\\/\\\/schema.org\",\"@graph\":[{\"@type\":\"WebPage\",\"@id\":\"https:\\\/\\\/lucas-filmfestival.de\\\/en\\\/film-2026\\\/schulkinotage\\\/\",\"url\":\"https:\\\/\\\/lucas-filmfestival.de\\\/en\\\/film-2026\\\/schulkinotage\\\/\",\"name\":\"SchulKinoTage: Film Package A - LUCAS \u2013 Internationales Festival f\u00fcr junge Filmfans\",\"isPartOf\":{\"@id\":\"https:\\\/\\\/lucas-filmfestival.de\\\/en\\\/#website\"},\"primaryImageOfPage\":{\"@id\":\"https:\\\/\\\/lucas-filmfestival.de\\\/en\\\/film-2026\\\/schulkinotage\\\/#primaryimage\"},\"image\":{\"@id\":\"https:\\\/\\\/lucas-filmfestival.de\\\/en\\\/film-2026\\\/schulkinotage\\\/#primaryimage\"},\"thumbnailUrl\":\"https:\\\/\\\/lucas-filmfestival.de\\\/medien\\\/2026\\\/08\\\/DIE-WELLE.jpg\",\"datePublished\":\"2026-08-31T13:40:39+00:00\",\"dateModified\":\"2026-08-31T14:24:27+00:00\",\"description\":\"The SchulKinoTage at the 49th LUCAS Film Festival: September 24 to October 1, 2026, in cinemas in Frankfurt, Offenbach, Wiesbaden and Bad Homburg.\",\"breadcrumb\":{\"@id\":\"https:\\\/\\\/lucas-filmfestival.de\\\/en\\\/film-2026\\\/schulkinotage\\\/#breadcrumb\"},\"inLanguage\":\"en-US\",\"potentialAction\":[{\"@type\":\"ReadAction\",\"target\":[\"https:\\\/\\\/lucas-filmfestival.de\\\/en\\\/film-2026\\\/schulkinotage\\\/\"]}]},{\"@type\":\"ImageObject\",\"inLanguage\":\"en-US\",\"@id\":\"https:\\\/\\\/lucas-filmfestival.de\\\/en\\\/film-2026\\\/schulkinotage\\\/#primaryimage\",\"url\":\"https:\\\/\\\/lucas-filmfestival.de\\\/medien\\\/2026\\\/08\\\/DIE-WELLE.jpg\",\"contentUrl\":\"https:\\\/\\\/lucas-filmfestival.de\\\/medien\\\/2026\\\/08\\\/DIE-WELLE.jpg\",\"width\":1920,\"height\":1080,\"caption\":\"THE WAVE | Source: DFF\"},{\"@type\":\"BreadcrumbList\",\"@id\":\"https:\\\/\\\/lucas-filmfestival.de\\\/en\\\/film-2026\\\/schulkinotage\\\/#breadcrumb\",\"itemListElement\":[{\"@type\":\"ListItem\",\"position\":1,\"name\":\"Home\",\"item\":\"https:\\\/\\\/lucas-filmfestival.de\\\/en\\\/\"},{\"@type\":\"ListItem\",\"position\":2,\"name\":\"Filme 2026\",\"item\":\"https:\\\/\\\/lucas-filmfestival.de\\\/en\\\/film-2026\\\/\"},{\"@type\":\"ListItem\",\"position\":3,\"name\":\"SchulKinoTage: Film Package A\"}]},{\"@type\":\"WebSite\",\"@id\":\"https:\\\/\\\/lucas-filmfestival.de\\\/en\\\/#website\",\"url\":\"https:\\\/\\\/lucas-filmfestival.de\\\/en\\\/\",\"name\":\"LUCAS \u2013 Internationales Festival f\u00fcr junge Filmfans\",\"description\":\"Deutschlands \u00e4ltestes Filmfestival f\u00fcr junges Publikum. Das Programm richtet sich an alle von vier Jahren bis 18plus und pr\u00e4sentiert aktuelles internationales Filmschaffen \u2013 Spiel\u2011, Dokumentar\u2011, Animations- und Experimentalfilme. Herzst\u00fcck von LUCAS sind die Wettbewerbe in den Sektionen 8+, 13+ und 16+ | Youngsters.\",\"publisher\":{\"@id\":\"https:\\\/\\\/lucas-filmfestival.de\\\/en\\\/#organization\"},\"potentialAction\":[{\"@type\":\"SearchAction\",\"target\":{\"@type\":\"EntryPoint\",\"urlTemplate\":\"https:\\\/\\\/lucas-filmfestival.de\\\/en\\\/?s={search_term_string}\"},\"query-input\":{\"@type\":\"PropertyValueSpecification\",\"valueRequired\":true,\"valueName\":\"search_term_string\"}}],\"inLanguage\":\"en-US\"},{\"@type\":\"Organization\",\"@id\":\"https:\\\/\\\/lucas-filmfestival.de\\\/en\\\/#organization\",\"name\":\"LUCAS \u2013 Internationales Festival f\u00fcr junge Filmfans\",\"url\":\"https:\\\/\\\/lucas-filmfestival.de\\\/en\\\/\",\"logo\":{\"@type\":\"ImageObject\",\"inLanguage\":\"en-US\",\"@id\":\"https:\\\/\\\/lucas-filmfestival.de\\\/en\\\/#\\\/schema\\\/logo\\\/image\\\/\",\"url\":\"https:\\\/\\\/lucas-filmfestival.de\\\/medien\\\/2025\\\/05\\\/cropped-LucasLogo.jpg\",\"contentUrl\":\"https:\\\/\\\/lucas-filmfestival.de\\\/medien\\\/2025\\\/05\\\/cropped-LucasLogo.jpg\",\"width\":1090,\"height\":800,\"caption\":\"LUCAS \u2013 Internationales Festival f\u00fcr junge Filmfans\"},\"image\":{\"@id\":\"https:\\\/\\\/lucas-filmfestival.de\\\/en\\\/#\\\/schema\\\/logo\\\/image\\\/\"}}]}<\/script>\n<!-- \/ Yoast SEO plugin. -->","yoast_head_json":{"title":"SchulKinoTage: Film Package A - LUCAS \u2013 Internationales Festival f\u00fcr junge Filmfans","description":"The SchulKinoTage at the 49th LUCAS Film Festival: September 24 to October 1, 2026, in cinemas in Frankfurt, Offenbach, Wiesbaden and Bad Homburg.","robots":{"index":"index","follow":"follow","max-snippet":"max-snippet:-1","max-image-preview":"max-image-preview:large","max-video-preview":"max-video-preview:-1"},"canonical":"https:\/\/lucas-filmfestival.de\/en\/film-2026\/schulkinotage\/","og_locale":"en_US","og_type":"article","og_title":"SchulKinoTage: Film Package A - LUCAS \u2013 Internationales Festival f\u00fcr junge Filmfans","og_description":"The SchulKinoTage at the 49th LUCAS Film Festival: September 24 to October 1, 2026, in cinemas in Frankfurt, Offenbach, Wiesbaden and Bad Homburg.","og_url":"https:\/\/lucas-filmfestival.de\/en\/film-2026\/schulkinotage\/","og_site_name":"LUCAS \u2013 Internationales Festival f\u00fcr junge Filmfans","article_modified_time":"2026-08-31T14:24:27+00:00","og_image":[{"width":1920,"height":1080,"url":"https:\/\/lucas-filmfestival.de\/medien\/2026\/08\/DIE-WELLE.jpg","type":"image\/jpeg"}],"twitter_card":"summary_large_image","twitter_misc":{"Est. reading time":"3 minutes"},"schema":{"@context":"https:\/\/schema.org","@graph":[{"@type":"WebPage","@id":"https:\/\/lucas-filmfestival.de\/en\/film-2026\/schulkinotage\/","url":"https:\/\/lucas-filmfestival.de\/en\/film-2026\/schulkinotage\/","name":"SchulKinoTage: Film Package A - LUCAS \u2013 Internationales Festival f\u00fcr junge Filmfans","isPartOf":{"@id":"https:\/\/lucas-filmfestival.de\/en\/#website"},"primaryImageOfPage":{"@id":"https:\/\/lucas-filmfestival.de\/en\/film-2026\/schulkinotage\/#primaryimage"},"image":{"@id":"https:\/\/lucas-filmfestival.de\/en\/film-2026\/schulkinotage\/#primaryimage"},"thumbnailUrl":"https:\/\/lucas-filmfestival.de\/medien\/2026\/08\/DIE-WELLE.jpg","datePublished":"2026-08-31T13:40:39+00:00","dateModified":"2026-08-31T14:24:27+00:00","description":"The SchulKinoTage at the 49th LUCAS Film Festival: September 24 to October 1, 2026, in cinemas in Frankfurt, Offenbach, Wiesbaden and Bad Homburg.","breadcrumb":{"@id":"https:\/\/lucas-filmfestival.de\/en\/film-2026\/schulkinotage\/#breadcrumb"},"inLanguage":"en-US","potentialAction":[{"@type":"ReadAction","target":["https:\/\/lucas-filmfestival.de\/en\/film-2026\/schulkinotage\/"]}]},{"@type":"ImageObject","inLanguage":"en-US","@id":"https:\/\/lucas-filmfestival.de\/en\/film-2026\/schulkinotage\/#primaryimage","url":"https:\/\/lucas-filmfestival.de\/medien\/2026\/08\/DIE-WELLE.jpg","contentUrl":"https:\/\/lucas-filmfestival.de\/medien\/2026\/08\/DIE-WELLE.jpg","width":1920,"height":1080,"caption":"THE WAVE | Source: DFF"},{"@type":"BreadcrumbList","@id":"https:\/\/lucas-filmfestival.de\/en\/film-2026\/schulkinotage\/#breadcrumb","itemListElement":[{"@type":"ListItem","position":1,"name":"Home","item":"https:\/\/lucas-filmfestival.de\/en\/"},{"@type":"ListItem","position":2,"name":"Filme 2026","item":"https:\/\/lucas-filmfestival.de\/en\/film-2026\/"},{"@type":"ListItem","position":3,"name":"SchulKinoTage: Film Package A"}]},{"@type":"WebSite","@id":"https:\/\/lucas-filmfestival.de\/en\/#website","url":"https:\/\/lucas-filmfestival.de\/en\/","name":"LUCAS \u2013 Internationales Festival f\u00fcr junge Filmfans","description":"Deutschlands \u00e4ltestes Filmfestival f\u00fcr junges Publikum. Das Programm richtet sich an alle von vier Jahren bis 18plus und pr\u00e4sentiert aktuelles internationales Filmschaffen \u2013 Spiel\u2011, Dokumentar\u2011, Animations- und Experimentalfilme. Herzst\u00fcck von LUCAS sind die Wettbewerbe in den Sektionen 8+, 13+ und 16+ | Youngsters.","publisher":{"@id":"https:\/\/lucas-filmfestival.de\/en\/#organization"},"potentialAction":[{"@type":"SearchAction","target":{"@type":"EntryPoint","urlTemplate":"https:\/\/lucas-filmfestival.de\/en\/?s={search_term_string}"},"query-input":{"@type":"PropertyValueSpecification","valueRequired":true,"valueName":"search_term_string"}}],"inLanguage":"en-US"},{"@type":"Organization","@id":"https:\/\/lucas-filmfestival.de\/en\/#organization","name":"LUCAS \u2013 Internationales Festival f\u00fcr junge Filmfans","url":"https:\/\/lucas-filmfestival.de\/en\/","logo":{"@type":"ImageObject","inLanguage":"en-US","@id":"https:\/\/lucas-filmfestival.de\/en\/#\/schema\/logo\/image\/","url":"https:\/\/lucas-filmfestival.de\/medien\/2025\/05\/cropped-LucasLogo.jpg","contentUrl":"https:\/\/lucas-filmfestival.de\/medien\/2025\/05\/cropped-LucasLogo.jpg","width":1090,"height":800,"caption":"LUCAS \u2013 Internationales Festival f\u00fcr junge Filmfans"},"image":{"@id":"https:\/\/lucas-filmfestival.de\/en\/#\/schema\/logo\/image\/"}}]}},"_links":{"self":[{"href":"https:\/\/lucas-filmfestival.de\/en\/wp-json\/wp\/v2\/film-2026\/29252","targetHints":{"allow":["GET"]}}],"collection":[{"href":"https:\/\/lucas-filmfestival.de\/en\/wp-json\/wp\/v2\/film-2026"}],"about":[{"href":"https:\/\/lucas-filmfestival.de\/en\/wp-json\/wp\/v2\/types\/film-2026"}],"version-history":[{"count":5,"href":"https:\/\/lucas-filmfestival.de\/en\/wp-json\/wp\/v2\/film-2026\/29252\/revisions"}],"predecessor-version":[{"id":29285,"href":"https:\/\/lucas-filmfestival.de\/en\/wp-json\/wp\/v2\/film-2026\/29252\/revisions\/29285"}],"wp:featuredmedia":[{"embeddable":true,"href":"https:\/\/lucas-filmfestival.de\/en\/wp-json\/wp\/v2\/media\/29248"}],"wp:attachment":[{"href":"https:\/\/lucas-filmfestival.de\/en\/wp-json\/wp\/v2\/media?parent=29252"}],"wp:term":[{"taxonomy":"alter","embeddable":true,"href":"https:\/\/lucas-filmfestival.de\/en\/wp-json\/wp\/v2\/alter?post=29252"},{"taxonomy":"sektion","embeddable":true,"href":"https:\/\/lucas-filmfestival.de\/en\/wp-json\/wp\/v2\/sektion?post=29252"},{"taxonomy":"wettbewerb","embeddable":true,"href":"https:\/\/lucas-filmfestival.de\/en\/wp-json\/wp\/v2\/wettbewerb?post=29252"},{"taxonomy":"thema","embeddable":true,"href":"https:\/\/lucas-filmfestival.de\/en\/wp-json\/wp\/v2\/thema?post=29252"},{"taxonomy":"datum","embeddable":true,"href":"https:\/\/lucas-filmfestival.de\/en\/wp-json\/wp\/v2\/datum?post=29252"},{"taxonomy":"spielort","embeddable":true,"href":"https:\/\/lucas-filmfestival.de\/en\/wp-json\/wp\/v2\/spielort?post=29252"}],"curies":[{"name":"wp","href":"https:\/\/api.w.org\/{rel}","templated":true}]}}