{"id":1096,"date":"2025-08-11T06:00:16","date_gmt":"2025-08-11T06:00:16","guid":{"rendered":"https:\/\/sandbox.lucas-filmfestival.de\/festival\/"},"modified":"2026-09-02T14:21:31","modified_gmt":"2026-09-02T14:21:31","slug":"festival","status":"publish","type":"page","link":"https:\/\/lucas-filmfestival.de\/en\/festival\/","title":{"rendered":"Festival"},"content":{"rendered":"<div class=\"wpb-content-wrapper\"><p>[vc_row full_width=\u201cstretch_row\u201d content_placement=\u201cbottom\u201d css=\u201d.vc_custom_1617092666501{padding-top: 50px !important;background-image: url(https:\/\/lucas-filmfestival.de\/medien\/2021\/03\/fassade-uwe-dettmar-dff-v2-1920px.jpg?id=884) !important;background-position: cen\u00adter !important;background-repeat: no-repeat !important;background-size: cover !important;}\u201d el_class=\u201chintergrund\u201d][vc_column][vc_row_inner css=\u201d.vc_custom_1709202160591{padding-top: 20px !important;padding-bottom: 20px !important;}\u201d][vc_column_inner css=\u201d.vc_custom_1709202770131{padding-top: 20px !important;padding-right: 20px !important;padding-bottom: 20px !important;padding-left: 20px !important;background-color: rgba(255,255,255,0.8) !important;*background-color: rgb(255,255,255) !important;}\u201d][vc_column_text css=\u201d.vc_custom_1769765276092{padding-left: 10px !important;}\u201d]<\/p>\n<h1><span class=\"TextRun SCXW247281173 BCX4\" lang=\"EN-US\" xml:lang=\"EN-US\" data-contrast=\"auto\"><span class=\"NormalTextRun SCXW247281173 BCX4\">LUCAS \u2013 International Festival for Young Film Lovers&nbsp;<\/span><\/span><br>\n#49 from September 24 to October 1,&nbsp;2026<\/h1>\n<p>[\/vc_column_text][vc_column_text]<\/p>\n<div class=\"wpb_column vc_column_container vc_col-sm-6\">\n<div class=\"vc_column-inner\">\n<div class=\"wpb_wrapper\">\n<div class=\"wpb_text_column wpb_content_element \">\n<div class=\"wpb_wrapper\">\n<p style=\"font-weight: 400; text-align: justify;\">Lights, came\u00adra, and action at <strong>LUCAS #49: <\/strong>from <strong>September 24 to October 1, 2026<\/strong>, Germany\u2019s oldest film fes\u00adti\u00adval for young audi\u00aden\u00adces will pre\u00adsent award-win\u00adning cine\u00adma\u00adtic art for ever\u00adyo\u00adne from ages three to 18plus. Families and film enthu\u00adsi\u00adasts of all ages can look for\u00adward to excep\u00adtio\u00adnal cine\u00adma\u00adtic expe\u00adri\u00aden\u00adces in Frankfurt, Wiesbaden, Offenbach and Bad Homburg.<\/p>\n<p style=\"font-weight: 400; text-align: justify;\">At the heart of LUCAS are the com\u00adpe\u00adti\u00adti\u00adons in the \u00bbKids\u00ab, \u00bbTeens\u00ab, and \u00bbYoungsters\u00ab sec\u00adtions. In addi\u00adti\u00adon, the fes\u00adti\u00adval shows short films for the very youn\u00adgest and seve\u00adral other pro\u00adgrams, some of which are cura\u00adted by child\u00adren and young peo\u00adp\u00adle. During the fes\u00adti\u00adval week, the\u00adre is a spe\u00adcial focus on film dis\u00adcus\u00adsions, in which film\u00adma\u00adkers from all over the world enter into dia\u00adlo\u00adgue with the audience.<\/p>\n<\/div>\n<\/div>\n<\/div>\n<\/div>\n<\/div>\n<div class=\"wpb_column vc_column_container vc_col-sm-6\">\n<div class=\"vc_column-inner\">\n<div class=\"wpb_wrapper\">\n<div class=\"wpb_text_column wpb_content_element \">\n<div class=\"wpb_wrapper\">\n<p style=\"font-weight: 400; text-align: justify;\">At LUCAS, par\u00adti\u00adci\u00adpa\u00adti\u00adon means to <span class=\"TextRun SCXW125657744 BCX0\" lang=\"DE-DE\" xml:lang=\"DE-DE\" data-contrast=\"auto\"><span class=\"NormalTextRun SCXW125657744 BCX0\">\u00bbGet Involved<\/span><span class=\"NormalTextRun SCXW125657744 BCX0\">!\u00ab: As mode\u00adra\u00adtors, jury mem\u00adbers or film cri\u00adtics, as fes\u00adti\u00adval repor\u00adters or cura\u00adtors, young peo\u00adp\u00adle are invi\u00adted to help shape the fes\u00adti\u00adval in a varie\u00adty of&nbsp;ways.<\/span><\/span><\/p>\n<p style=\"font-weight: 400; text-align: justify;\">For repre\u00adsen\u00adta\u00adti\u00adves of the film indus\u00adtry, panel dis\u00adcus\u00adsions are held that deal with topics of film edu\u00adca\u00adti\u00adon and cur\u00adrent trends in child\u00adren\u2019s and youth film production.<\/p>\n<p style=\"font-weight: 400; text-align: justify;\">LUCAS \u2013 International Festival for Young Film Lovers is orga\u00adni\u00adzed by the DFF \u2013 Deutsches Filminstitut &amp; Filmmuseum e.V..<\/p>\n<\/div>\n<\/div>\n<\/div>\n<\/div>\n<\/div>\n<p>[\/vc_column_text][vc_empty_space][\/vc_column_inner][\/vc_row_inner][vc_row_inner][vc_column_inner][vc_single_image image=\u201c27189\u201d img_size=\u201cfull\u201d alignment=\u201ccenter\u201d onclick=\u201ccustom_link\u201d img_link_target=\u201c_blank\u201d link=\u201chttps:\/\/www.familie.journal-frankfurt.de\/\u201d][vc_empty_space][\/vc_column_inner][\/vc_row_inner][\/vc_column][\/vc_row][vc_row full_width=\u201cstretch_row\u201d css=\u201d.vc_custom_1738148611672{padding-top: 50px !important;padding-bottom: 50px !important;background-color: #48d1cc !important;}\u201d el_id=\u201cCompetitions\u201d][vc_column][vc_row_inner][vc_column_inner width=\u201c1\/2\u201d][vc_single_image image=\u201c876\u201d img_size=\u201c215x50\u201d][vc_column_text css=\u201d.vc_custom_1756888100149{padding-left: \u201110px !important;}\u201d]<\/p>\n<h2>Competitions and Awards<\/h2>\n<p>[\/vc_column_text][\/vc_column_inner][vc_column_inner width=\u201c1\/2\u201d][\/vc_column_inner][\/vc_row_inner][vc_row_inner gap=\u201c10\u201d][vc_column_inner width=\u201c1\/2\u201d][vc_column_text]<\/p>\n<h2>Competitions<\/h2>\n<p>[\/vc_column_text][vc_column_text css=\u201d.vc_custom_1787825524801{padding-right: 60px !important;}\u201d]<\/p>\n<p style=\"text-align: justify;\">In the \u00bbKids\u00ab, \u00bbTeens\u00ab, and \u00bbYoungsters\u00ab com\u00adpe\u00adti\u00adti\u00adons, LUCAS pres\u00adents out\u00adstan\u00adding inter\u00adna\u00adtio\u00adnal sel\u00adec\u00adtions of fea\u00adture films, docu\u00admen\u00adta\u00adries, ani\u00adma\u00adted films, and expe\u00adri\u00admen\u00adtal films. In 2026, 19 fea\u00adture films and 21 short films will com\u00adpe\u00adte for the cove\u00adted LUCAS awards.<\/p>\n<p style=\"text-align: justify;\">Feature films must have a run\u00adning time of more than 59 minu\u00adtes and must not have been released in German cine\u00admas. A sel\u00adec\u00adtion com\u00admit\u00adtee attends fes\u00adti\u00advals and indus\u00adtry gathe\u00adrings to choo\u00adse com\u00adpe\u00adti\u00adti\u00adon ent\u00adries for the \u00bbKids\u00ab, \u00bbTeens\u00ab, and \u00bbYoungsters\u00ab sec\u00adtions from among the stron\u00adgest pro\u00adduc\u00adtions world\u00adwi\u00adde. Premiere sta\u00adtus is not a fac\u00adtor, only qua\u00adli\u00adty matters!<\/p>\n<p style=\"text-align: justify;\">In recent years, LUCAS has ear\u00adned a spe\u00adcial repu\u00adta\u00adti\u00adon with its short film com\u00adpe\u00adti\u00adti\u00adon. A sel\u00adec\u00adtion com\u00admit\u00adtee puts tog\u00ade\u00adther seve\u00adral com\u00adpe\u00adti\u00adti\u00adon pro\u00adgrams for the \u00bbKids\u00ab and \u00bbTeens\u00ab sec\u00adtions from the best inter\u00adna\u00adtio\u00adnal sub\u00admis\u00adsi\u00adons with a run\u00adning time of up to 30 minu\u00adtes. Many of the\u00adse are German premieres.<\/p>\n<p>[\/vc_column_text][vc_column_text][\/vc_column_text][\/vc_column_inner][vc_column_inner width=\u201c1\/2\u201d][vc_column_text css=\u201d.vc_custom_1787825557117{padding-top: 30px !important;padding-right: 30px !important;padding-bottom: 30px !important;padding-left: 30px !important;background-color: rgba(255,255,255,0.8) !important;*background-color: rgb(255,255,255) !important;}\u201d]<\/p>\n<h2>Awards<\/h2>\n<h3><span class=\"NormalTextRun SCXW5026732 BCX4\">C<\/span><span class=\"NormalTextRun SCXW5026732 BCX4\">ompetition <\/span><span class=\"NormalTextRun SCXW5026732 BCX4\">\u00bb<\/span><span class=\"NormalTextRun SCXW5026732 BCX4\">Kids<\/span><span class=\"NormalTextRun SCXW5026732 BCX4\">\u00ab<\/span><\/h3>\n<ul>\n<li><span class=\"NormalTextRun SCXW120120780 BCX4\"><strong>Award for the Best Feature Film<\/strong> (5,<\/span><span class=\"NormalTextRun SCXW120120780 BCX4\">000 \u20ac)<\/span> <span class=\"NormalTextRun SpellingErrorV2Themed SCXW120120780 BCX4\">dona\u00adted<\/span> <span class=\"NormalTextRun SpellingErrorV2Themed SCXW120120780 BCX4\">by<\/span> <span class=\"NormalTextRun SpellingErrorV2Themed SCXW120120780 BCX4\">the<\/span><span class=\"NormalTextRun SCXW120120780 BCX4\"> Sparkassen-Kulturstiftung Hessen-Th\u00fcringen<\/span><\/li>\n<li aria-setsize=\"-1\" data-leveltext=\"\uf0b7\" data-font=\"Symbol\" data-listid=\"17\" data-list-defn-props=\"{&quot;335552541&quot;:1,&quot;335559685&quot;:360,&quot;335559991&quot;:360,&quot;469769226&quot;:&quot;Symbol&quot;,&quot;469769242&quot;:[8226],&quot;469777803&quot;:&quot;left&quot;,&quot;469777804&quot;:&quot;\uf0b7&quot;,&quot;469777815&quot;:&quot;hybridMultilevel&quot;}\" data-aria-posinset=\"1\" data-aria-level=\"1\"><span data-contrast=\"auto\"><strong>Award for the Best Short Film<\/strong> (2,000 \u20ac)<\/span><span data-ccp-props=\"{&quot;201341983&quot;:0,&quot;335559740&quot;:360}\">&nbsp;<\/span><span class=\"NormalTextRun SpellingErrorV2Themed SCXW120120780 BCX4\">dona\u00adted<\/span> <span class=\"NormalTextRun SpellingErrorV2Themed SCXW120120780 BCX4\">by<\/span> <span class=\"NormalTextRun SpellingErrorV2Themed SCXW120120780 BCX4\">the<\/span><span class=\"NormalTextRun SCXW120120780 BCX4\"> Sparkassen-Kulturstiftung Hessen-Th\u00fcringen<\/span><\/li>\n<\/ul>\n<h3><span class=\"NormalTextRun SCXW117482706 BCX4\">C<\/span><span class=\"NormalTextRun SCXW117482706 BCX4\">ompetition <\/span><span class=\"NormalTextRun SCXW117482706 BCX4\">\u00bbTeens\u00ab<\/span><\/h3>\n<ul>\n<li><span class=\"NormalTextRun SCXW138134280 BCX4\"><strong>Award for the Best Feature Film<\/strong> (5<\/span><span class=\"NormalTextRun SCXW138134280 BCX4\">,<\/span><span class=\"NormalTextRun SCXW138134280 BCX4\">000 \u20ac)<\/span><\/li>\n<li aria-setsize=\"-1\" data-leveltext=\"\uf0b7\" data-font=\"Symbol\" data-listid=\"17\" data-list-defn-props=\"{&quot;335552541&quot;:1,&quot;335559685&quot;:360,&quot;335559991&quot;:360,&quot;469769226&quot;:&quot;Symbol&quot;,&quot;469769242&quot;:[8226],&quot;469777803&quot;:&quot;left&quot;,&quot;469777804&quot;:&quot;\uf0b7&quot;,&quot;469777815&quot;:&quot;hybridMultilevel&quot;}\" data-aria-posinset=\"2\" data-aria-level=\"1\"><span data-contrast=\"auto\"><strong>Award for the Best Short Film<\/strong> (2,000 \u20ac)<\/span><span data-ccp-props=\"{&quot;201341983&quot;:0,&quot;335559740&quot;:360}\">&nbsp;<\/span><\/li>\n<li aria-setsize=\"-1\" data-leveltext=\"\uf0b7\" data-font=\"Symbol\" data-listid=\"16\" data-list-defn-props=\"{&quot;335552541&quot;:1,&quot;335559685&quot;:360,&quot;335559991&quot;:360,&quot;469769226&quot;:&quot;Symbol&quot;,&quot;469769242&quot;:[8226],&quot;469777803&quot;:&quot;left&quot;,&quot;469777804&quot;:&quot;\uf0b7&quot;,&quot;469777815&quot;:&quot;hybridMultilevel&quot;}\" data-aria-posinset=\"6\" data-aria-level=\"1\"><span data-contrast=\"auto\"><strong>Award for an Outstanding Cinematic Achievement<\/strong> (2,000 \u20ac)<\/span><span data-ccp-props=\"{&quot;201341983&quot;:0,&quot;335559740&quot;:360}\"> dona\u00adted by the DFF\u2019s Patrons Circle<\/span><\/li>\n<\/ul>\n<h3><span class=\"NormalTextRun SCXW220118540 BCX4\">C<\/span><span class=\"NormalTextRun SCXW220118540 BCX4\">ompetition <\/span><span class=\"NormalTextRun SCXW220118540 BCX4\">\u00bbYoungsters\u00ab<\/span><\/h3>\n<ul>\n<li><strong><span class=\"TextRun SCXW12797422 BCX4\" lang=\"EN-US\" xml:lang=\"EN-US\" data-contrast=\"auto\"><span class=\"NormalTextRun SCXW12797422 BCX4\">LUCAS \u00bbYoungsters\u00ab Award<\/span><\/span><\/strong><span class=\"TextRun SCXW12797422 BCX4\" lang=\"EN-US\" xml:lang=\"EN-US\" data-contrast=\"auto\"><span class=\"NormalTextRun SCXW12797422 BCX4\"> (5,000 \u20ac)<\/span><\/span><span class=\"EOP SCXW12797422 BCX4\" data-ccp-props=\"{&quot;201341983&quot;:0,&quot;335559738&quot;:120,&quot;335559739&quot;:120,&quot;335559740&quot;:240}\">&nbsp;<\/span><\/li>\n<\/ul>\n<h3>All competition sections<\/h3>\n<ul>\n<li><b><span data-contrast=\"auto\">ECFA-Award<\/span><\/b><span data-contrast=\"auto\">&nbsp;<\/span><\/li>\n<li><b><span data-contrast=\"auto\">Bridging the Borders Award<\/span><\/b><span data-contrast=\"auto\">&nbsp;<\/span><\/li>\n<li><b><span data-contrast=\"auto\">Audience Award<\/span><\/b><\/li>\n<\/ul>\n<p>[\/vc_column_text][vc_column_text]<\/p>\n<h2><a href=\"https:\/\/lucas-filmfestival.de\/en\/awarded-films-lucas-48\/\" target=\"_blank\" rel=\"noopener\"><u>Awarded Films | LUCAS #48<\/u><\/a><\/h2>\n<p>[\/vc_column_text][\/vc_column_inner][\/vc_row_inner][\/vc_column][\/vc_row][vc_row full_width=\u201cstretch_row\u201d css=\u201d.vc_custom_1771440746021{padding-top: 50px !important;padding-bottom: 50px !important;background-color: #48d1cc !important;}\u201d el_id=\u201cfilm-entry\u201d][vc_column css=\u201d.vc_custom_1771440337078{padding-right: 20px !important;padding-left: 20px !important;}\u201d][vc_row_inner][vc_column_inner width=\u201c1\/2\u201d][vc_single_image image=\u201c876\u201d img_size=\u201c215x50\u201d][vc_column_text css=\u201d.vc_custom_1771439365579{padding-left: \u201110px !important;}\u201d]<\/p>\n<h2>Film Entry<\/h2>\n<p>[\/vc_column_text][\/vc_column_inner][vc_column_inner width=\u201c1\/2\u201d][\/vc_column_inner][\/vc_row_inner][vc_row_inner][vc_column_inner]<\/p><div class=\"aio-icon-component  vc_custom_1771440491051   style_3\"><div id=\"Info-box-wrap-9216\" class=\"aio-icon-box square_box-icon\" style=\"border-color:#0a0002;border-style:solid;border-width:1px;\"><div class=\"aio-icon-square_box\"><div class=\"ult-just-icon-wrapper  \"><div class=\"align-icon\" style=\"text-align:center;\">\n<div class=\"aio-icon circle \" data-animation=\"swing\" data-animation-delay=\"03\" style=\"color:#333;background:#47d1cc;font-size:40px;display:inline-block;\">\n\t<i class=\"Defaults-info\"><\/i>\n<\/div><\/div><\/div><\/div><div class=\"aio-icon-description ult-responsive\" data-ultimate-target=\"#Info-box-wrap-9216 .aio-icon-description\" data-responsive-json-new=\"{&quot;font-size&quot;:&quot;&quot;,&quot;line-height&quot;:&quot;&quot;}\" style>\n<h4 style=\"text-align: center;\">Current Status<\/h4>\n<p style=\"text-align: center;\"><strong><span class=\"TextRun SCXW173735307 BCX8\" lang=\"EN-US\" xml:lang=\"EN-US\" data-contrast=\"auto\"><span class=\"NormalTextRun SCXW173735307 BCX8\">Short films<\/span><\/span><\/strong><span class=\"TextRun SCXW173735307 BCX8\" lang=\"EN-US\" xml:lang=\"EN-US\" data-contrast=\"auto\"><span class=\"NormalTextRun SCXW173735307 BCX8\">&nbsp;may be&nbsp;<\/span><span class=\"NormalTextRun SCXW173735307 BCX8\">sub\u00admit\u00adted<\/span><span class=\"NormalTextRun SCXW173735307 BCX8\">&nbsp;for the com\u00adpe\u00adti\u00adti\u00adons of the 49th edi\u00adti\u00adon of LUCAS in autumn 2026&nbsp;<\/span><\/span><strong><span class=\"TextRun SCXW173735307 BCX8\" lang=\"EN-US\" xml:lang=\"EN-US\" data-contrast=\"auto\"><span class=\"NormalTextRun SCXW173735307 BCX8\">until April 27, 2026<\/span><\/span><\/strong><span class=\"TextRun SCXW173735307 BCX8\" lang=\"EN-US\" xml:lang=\"EN-US\" data-contrast=\"auto\"><span class=\"NormalTextRun SCXW173735307 BCX8\">.<br>\n<\/span><\/span><span class=\"TextRun SCXW173735307 BCX8\" lang=\"EN-US\" xml:lang=\"EN-US\" data-contrast=\"auto\"><span class=\"NormalTextRun SCXW173735307 BCX8\">Please note the infor\u00adma\u00adti\u00adon below regar\u00adding submission.<\/span><\/span><\/p><\/div> <!-- description --><\/div> <!-- aio-icon-box --><\/div> <!-- aio-icon-component -->[\/vc_column_inner][\/vc_row_inner][vc_row_inner css=\u201d.vc_custom_1771440768828{padding-top: 40px !important;padding-bottom: 40px !important;}\u201d][vc_column_inner][vc_column_text]\n<h3>Short Films&nbsp;for&nbsp;Competitions&nbsp;\u00bbKids\u00ab and \u00bbTeens\u00ab<\/h3>\n<p style=\"text-align: justify;\">LUCAS accepts sub\u00admis\u00adsi\u00adons of short films with a maxi\u00admum length of 30 minu\u00adtes. The sub\u00admit\u00adted film should pre\u00adfer\u00ada\u00adb\u00adly cele\u00adbra\u00adte its German pre\u00admie\u00adre at&nbsp;LUCAS.<\/p>\n<p style=\"text-align: justify;\">Submissions are made via FilmFreeway. Please read the par\u00adti\u00adci\u00adpa\u00adti\u00adon gui\u00adde\u00adlines for short films pro\u00advi\u00added the\u00adre, as well as the sub\u00admis\u00adsi\u00adon forms, carefully.<\/p>\n<p>[\/vc_column_text][vc_btn title=\u201cTo FilmFreeway\u201d color=\u201corange\u201d size=\u201clg\u201d i_icon_fontawesome=\u201cfas fa-arrow-right\u201d add_icon=\u201ctrue\u201d link=\u201curl:https%3A%2F%2Ffilmfreeway.com%2FLUCAS-InternationalFestivalforYoungFilmLovers|title:To%20FilmFreeway|target:_blank\u201d][\/vc_column_inner][\/vc_row_inner][vc_row_inner][vc_column_inner][vc_column_text]<\/p>\n<h3>Feature Films&nbsp;for&nbsp;Competitions&nbsp;\u00bbKids\u00ab, \u00bbTeens\u00ab and \u00bbYoungsters\u00ab<\/h3>\n<p>In its inter\u00adna\u00adtio\u00adnal fea\u00adture film com\u00adpe\u00adti\u00adti\u00adons \u00bbKids\u00ab, \u00bbTeens\u00ab and \u00bbYoungsters\u00ab LUCAS show\u00adca\u00adses out\u00adstan\u00adding, pro\u00adfes\u00adsio\u00adnal film\u00adma\u00adking scou\u00adted and cura\u00adted by a <a href=\"https:\/\/lucas-filmfestival.de\/en\/festival\/#commission\" target=\"_blank\" rel=\"noopener\">sel\u00adec\u00adtion com\u00admit\u00adtee<\/a>.<\/p>\n<p style=\"text-align: justify;\">Feature films with a mini\u00admum length of 60 minu\u00adtes may be sub\u00admit\u00adted <a href=\"mailto:lucas-program@dff.film\" target=\"_blank\" rel=\"noopener\"><strong>only upon request<\/strong><\/a>. Unsolicited sub\u00admis\u00adsi\u00adons are accept\u00aded only in excep\u00adtio\u00adnal&nbsp;cases.<\/p>\n<p style=\"text-align: justify;\">The&nbsp;films&nbsp;must&nbsp;not&nbsp;have&nbsp;had&nbsp;a German&nbsp;thea\u00adtri\u00adcal&nbsp;release, but&nbsp;may&nbsp;alre\u00ada\u00addy&nbsp;have&nbsp;been&nbsp;scree\u00adned&nbsp;at indi\u00advi\u00addu\u00adal&nbsp;fes\u00adti\u00advals&nbsp;in Germany.<\/p>\n<p>[\/vc_column_text][\/vc_column_inner][\/vc_row_inner][\/vc_column][\/vc_row][vc_row full_width=\u201cstretch_row\u201d css=\u201d.vc_custom_1738148634868{padding-top: 50px !important;padding-bottom: 50px !important;background-image: url(https:\/\/lucas-filmfestival.de\/medien\/2021\/03\/DFF-2020_1_Foto-Uwe-Dettmar-1_1920x1080.jpg?id=919) !important;background-position: cen\u00adter !important;background-repeat: no-repeat !important;background-size: cover !important;}\u201d el_id=\u201ccommission\u201d el_class=\u201chintergrund\u201d][vc_column][vc_row_inner][vc_column_inner][vc_single_image image=\u201c876\u201d img_size=\u201c215x50\u201d css=\u201d.vc_custom_1616165932121{margin-bottom: 0px !important;padding-top: 18px !important;padding-right: 18px !important;padding-bottom: 24px !important;padding-left: 18px !important;background-color: rgba(255,255,255,0.8) !important;*background-color: rgb(255,255,255) !important;}\u201d][vc_column_text css=\u201d.vc_custom_1787825607777{padding-top: 10px !important;padding-right: 18px !important;padding-bottom: 10px !important;padding-left: 18px !important;background-color: rgba(255,255,255,0.8) !important;*background-color: rgb(255,255,255) !important;}\u201d]<\/p>\n<h2>Selection Committee<\/h2>\n<p>[\/vc_column_text][vc_column_text css=\u201d.vc_custom_1756891525164{padding-top: 10px !important;padding-right: 18px !important;padding-bottom: 10px !important;padding-left: 18px !important;background-color: rgba(255,255,255,0.8) !important;*background-color: rgb(255,255,255) !important;}\u201d]<\/p>\n<p style=\"font-weight: 400;\">In order to impro\u00adve LUCAS\u2019s net\u00adwor\u00adking and enhan\u00adce lively dis\u00adcus\u00adsion about the pro\u00adgram, the fes\u00adti\u00adval has appoin\u00adted a sel\u00adec\u00adtion com\u00admit\u00adtee for fea\u00adture films and ano\u00adther for short films, which will view the films and sel\u00adect ent\u00adries for the \u00bbKids\u00ab, \u00bbTeens\u00ab, and \u00bbYoungsters\u00ab com\u00adpe\u00adti\u00adti\u00adons. In addi\u00adti\u00adon to Julia Flei\u00dfig, the fes\u00adti\u00adval direc\u00adtor of LUCAS, the com\u00admit\u00adtees are made up of five other renow\u00adned film experts.<\/p>\n<p>[\/vc_column_text][\/vc_column_inner][\/vc_row_inner]<\/p><div class=\"ult_exp_section_layer ult-adjust-bottom-margin  \">\n\t<div id=\"uvc-exp-wrap-6875\" data-ultimate-target=\"#uvc-exp-wrap-6875\" data-responsive-json-new=\"{&quot;font-size&quot;:&quot;desktop:20px;&quot;,&quot;line-height&quot;:&quot;desktop:20px;&quot;}\" class=\"ult_exp_section  ult-responsive \" style=\"color:#333333;background-color:rgba(255,255,255,0.8); font-weight:normal;margin-right:15px;margin-left:15px; text-align:left;\" data-textcolor=\"#333333\" data-texthover=\"#333333\" data-icncolor=\"#333333\" data-ihover=\"#333333\" data-height=\"0\" data-cntbg=\"rgba(255,255,255,0.8)\" data-cnthvrbg=\"rgba(255,255,255,0.8)\" data-headerbg=\"rgba(255,255,255,0.8)\" data-headerhover=\"rgba(255,255,255,0.8)\" data-title=\"Selection Committee Feature Film\" data-newtitle=\"Selection Committee Feature Film\" data-icon=\"Defaults-plus\" data-newicon=\"Defaults-minus\" data-activeicon=\"#333333\" data-effect=\"slideToggle\" data-override=\"0\" data-activetitle=\"#333333\" data-activebg=\"rgba(255,255,255,0.8)\" data-img data-newimg><div class=\"ult_exp_section-main ult_expleft_icon\">\t<div class=\"ult-just-icon-wrapper ult_exp_icon\">\n\t\t\t\t\t<div class=\"align-icon \">\n\t\t\t\t\t\t\n<span class=\"aio-icon  none  ult_expsection_icon \" style=\"color:#333333;font-size:32px;\">\n\t<i class=\"Defaults-plus ult_ex_icon\"><\/i>\n<\/span>\n\t\t\t\t\t<\/div>\n\t\t\t\t<\/div>\n\t\t\t\t<div class=\"ult_expheader\">Selection Committee Feature Film&nbsp;<\/div>\n\t\t\t<\/div>\n\t\t<\/div><div class=\"ult_exp_content \" style=\"background-color:rgba(255,255,255,0.8); margin-right:15px;margin-left:15px;\"><div class=\"ult_ecpsub_cont\" style=\" \">[vc_row_inner][vc_column_inner width=\u201c1\/3\u201d][vc_single_image image=\u201c1268\u201d img_size=\u201c300x400\u201d alignment=\u201ccenter\u201d style=\u201cvc_box_rounded\u201d onclick=\u201clink_image\u201d css_animation=\u201cappear\u201d][vc_column_text]\n<p style=\"text-align: left;\"><strong>Kirsten Taylor<br>\n<\/strong>Editor, film edu\u00adca\u00adtor, and author<\/p>\n<p style=\"font-weight: 400; text-align: left;\">Kirsten Taylor is an edi\u00adtor at the film edu\u00adca\u00adti\u00adon por\u00adtal kinofenster.de and a free\u00adlan\u00adce film edu\u00adca\u00adtor, working for pro\u00adjects such as \u201cFilmklassiker sehen \u2013 Filme ver\u00adste\u00adhen,\u201d which was initia\u00adted by the German Film Academy. Additionally, she is working for SchulKinoWochen. She also wri\u00adtes film reviews and pre\u00adpa\u00adres film reports. One focus of her work is child\u00adren\u2019s and youth&nbsp;films.<\/p>\n<p>[\/vc_column_text][\/vc_column_inner][vc_column_inner width=\u201c1\/3\u201d][vc_single_image image=\u201c1270\u201d img_size=\u201c300x400\u201d alignment=\u201ccenter\u201d style=\u201cvc_box_rounded\u201d onclick=\u201clink_image\u201d css_animation=\u201cappear\u201d][vc_column_text]<\/p>\n<p style=\"text-align: left;\"><strong>Stefan Stiletto<br>\n<\/strong>Film edu\u00adca\u00adtor and film journalist<\/p>\n<p style=\"font-weight: 400; text-align: left;\">Stefan Stiletto is a free\u00adlan\u00adce film edu\u00adca\u00adtor, film jour\u00adna\u00adlist, and edi\u00adtor. He designs and crea\u00adtes accom\u00adpany\u00ading mate\u00adri\u00adals for film edu\u00adca\u00adti\u00adon and is a wri\u00adter for Filmdienst, Kinderfilmwelt, Kinder- und Jugend-Filmportal, Kinofenster.de, and other publi\u00adca\u00adti\u00adons. He also leads trai\u00adning cour\u00adses for edu\u00adca\u00adtors and work\u00adshops for child\u00adren and young adults on various film edu\u00adca\u00adti\u00adon topics.<\/p>\n<p>[\/vc_column_text][\/vc_column_inner][vc_column_inner width=\u201c1\/3\u201d][vc_single_image image=\u201c9275\u201d img_size=\u201c300x400\u201d alignment=\u201ccenter\u201d style=\u201cvc_box_rounded\u201d onclick=\u201clink_image\u201d css_animation=\u201cappear\u201d][vc_column_text]<\/p>\n<p style=\"text-align: left;\"><strong>Rochus Wolff<\/strong><br>\nFilm cri\u00adtic, aut\u00adhor, and lecturer<\/p>\n<p style=\"font-weight: 400; text-align: left;\">Rochus Wolff is a free\u00adlan\u00adce film cri\u00adtic and aut\u00adhor who publishes in Kino-Zeit, Filmdienst, Kinderfilmwelt, and on the child\u00adren\u2019s and youth film por\u00adtal, among others. Wolff has published two books on child\u00adren\u2019s films: \u201c33 Beste Kinderfilme\u201d (\u201c33 Best Children\u2019s Films\u201d) and \u201c100 Kinderfilme f\u00fcr alle Tage\u201d (\u201c100 Children\u2019s Films for Every Day\u201d). He also gives work\u00adshops on child\u00adren\u2019s films and film criticism.<\/p>\n<p>[\/vc_column_text][\/vc_column_inner][\/vc_row_inner]<\/p><\/div><\/div>\n\n\t\t\t<\/div><div class=\"ult_exp_section_layer ult-adjust-bottom-margin  \">\n\t<div id=\"uvc-exp-wrap-1628\" data-ultimate-target=\"#uvc-exp-wrap-1628\" data-responsive-json-new=\"{&quot;font-size&quot;:&quot;desktop:20px;&quot;,&quot;line-height&quot;:&quot;desktop:20px;&quot;}\" class=\"ult_exp_section  ult-responsive \" style=\"color:#333333;background-color:rgba(255,255,255,0.8); font-weight:normal;margin-right:15px;margin-left:15px; text-align:left;\" data-textcolor=\"#333333\" data-texthover=\"#333333\" data-icncolor=\"#333333\" data-ihover=\"#333333\" data-height=\"0\" data-cntbg=\"rgba(255,255,255,0.8)\" data-cnthvrbg=\"rgba(255,255,255,0.8)\" data-headerbg=\"rgba(255,255,255,0.8)\" data-headerhover=\"rgba(255,255,255,0.8)\" data-title=\"Short Film Selection Committee\" data-newtitle=\"Short Film Selection Committee\" data-icon=\"Defaults-plus\" data-newicon=\"Defaults-minus\" data-activeicon=\"#333333\" data-effect=\"slideToggle\" data-override=\"0\" data-activetitle=\"#333333\" data-activebg=\"rgba(255,255,255,0.8)\" data-img data-newimg><div class=\"ult_exp_section-main ult_expleft_icon\">\t<div class=\"ult-just-icon-wrapper ult_exp_icon\">\n\t\t\t\t\t<div class=\"align-icon \">\n\t\t\t\t\t\t\n<span class=\"aio-icon  none  ult_expsection_icon \" style=\"color:#333333;font-size:32px;\">\n\t<i class=\"Defaults-plus ult_ex_icon\"><\/i>\n<\/span>\n\t\t\t\t\t<\/div>\n\t\t\t\t<\/div>\n\t\t\t\t<div class=\"ult_expheader\">Short Film Selection Committee&nbsp;<\/div>\n\t\t\t<\/div>\n\t\t<\/div><div class=\"ult_exp_content \" style=\"background-color:rgba(255,255,255,0.8); margin-right:15px;margin-left:15px;\"><div class=\"ult_ecpsub_cont\" style=\" \">[vc_row_inner][vc_column_inner width=\u201c1\/3\u201d][vc_single_image image=\u201c1266\u201d img_size=\u201c300x400\u201d alignment=\u201ccenter\u201d style=\u201cvc_box_rounded\u201d onclick=\u201clink_image\u201d css_animation=\u201cappear\u201d][vc_column_text]\n<p style=\"text-align: left;\"><strong>Holger Twele<br>\n<\/strong>Journalist and film educator<\/p>\n<p style=\"font-weight: 400; text-align: left;\">Holger Twele is a free\u00adlan\u00adce film jour\u00adna\u00adlist and film edu\u00adca\u00adtor and has been working for many years with orga\u00adniza\u00adti\u00adons such as the Federal Association for Youth and Film, the German Children\u2019s and Youth Film Center, and the Federal Agency for Civic Education.<\/p>\n<p>[\/vc_column_text][\/vc_column_inner][vc_column_inner width=\u201c1\/3\u201d][vc_single_image image=\u201c1262\u201d img_size=\u201c300x400\u201d alignment=\u201ccenter\u201d style=\u201cvc_box_rounded\u201d onclick=\u201clink_image\u201d css_animation=\u201cappear\u201d][vc_column_text]<\/p>\n<p style=\"text-align: left;\"><strong>Dr. Ursula Vossen<br>\n<\/strong><strong>Producer and aut\u00adhor \/ HessenInvestFilm<\/strong><\/p>\n<p style=\"font-weight: 400; text-align: left;\">Dr. Ursula Vossen is an expe\u00adri\u00aden\u00adced tele\u00advi\u00adsi\u00adon and film pro\u00addu\u00adcer and film fun\u00adder. She is the aut\u00adhor of num\u00ade\u00adrous books and artic\u00adles on film studies.<\/p>\n<p>[\/vc_column_text][\/vc_column_inner][vc_column_inner width=\u201c1\/3\u201d][\/vc_column_inner][\/vc_row_inner]<\/p><\/div><\/div>\n\n\t\t\t<\/div>[\/vc_column][\/vc_row][vc_row full_width=\u201cstretch_row\u201d css=\u201d.vc_custom_1756889659060{padding-top: 50px !important;padding-bottom: 50px !important;background-color: #ffd700 !important;}\u201d el_id=\u201cjury\u201d][vc_column][vc_row_inner][vc_column_inner][vc_single_image image=\u201c876\u201d img_size=\u201c215x50\u201d][vc_column_text]\n<h2>Jurys<\/h2>\n<p>[\/vc_column_text][vc_column_text]<\/p>\n<p style=\"font-weight: 400; text-align: justify;\">The juries for the \u00bbKids\u00ab and \u00bbTeens\u00ab com\u00adpe\u00adti\u00adti\u00adons con\u00adsist of equal num\u00adbers of young film fans and indus\u00adtry pro\u00adfes\u00adsio\u00adnals. They deci\u00adde on the win\u00adners of five LUCAS awards in the \u00bbKids\u00ab and \u00bbTeens\u00ab com\u00adpe\u00adti\u00adti\u00adons. A jury of young European film enthu\u00adsi\u00adasts will honor the LUCAS \u00bbYoungsters\u00ab Award to a film in the \u00bbYoungsters\u00ab section.<\/p>\n<p style=\"font-weight: 400; text-align: justify;\">A jury from the ECFA pres\u00adents the ECFA Award to its favo\u00adri\u00adte European child\u00adren\u2019s film. Since 2018, Cinema Without Borders has award\u00aded a pri\u00adze to a com\u00adpe\u00adti\u00adti\u00adon film, with the audi\u00adence award deci\u00added by fes\u00adti\u00adval visitors.<\/p>\n<p>[\/vc_column_text][\/vc_column_inner][\/vc_row_inner][vc_row_inner][vc_column_inner][vc_column_text]<\/p>\n<h2><span class=\"NormalTextRun SCXW226184306 BCX4\">Jury<\/span><span class=\"NormalTextRun SCXW226184306 BCX4\"> Competition<\/span> <span class=\"NormalTextRun SCXW226184306 BCX4\">\u00bbKids\u00ab<\/span><\/h2>\n<p>[\/vc_column_text][\/vc_column_inner][\/vc_row_inner][vc_row_inner][vc_column_inner width=\u201c1\/3\u201d css=\u201d.vc_custom_1653403042561{background-color: rgba(255,255,255,0.8) !important;*background-color: rgb(255,255,255) !important;}\u201d][vc_single_image image=\u201c27369\u201d img_size=\u201c300x400\u201d alignment=\u201ccenter\u201d style=\u201cvc_box_rounded\u201d onclick=\u201clink_image\u201d css_animation=\u201cappear\u201d][vc_column_text css=\u201d.vc_custom_1787826057764{padding-left: 50px !important;}\u201d]<strong>Burak Yilmaz (10)<\/strong><br>\nOtto-Hahn-Schule, Hanau[\/vc_column_text][vc_toggle title=\u201cLearn more\u201d size=\u201csm\u201d custom_font_container=\u201ctag:p|text_align:left\u201d custom_use_theme_fonts=\u201cyes\u201d use_custom_heading=\u201ctrue\u201d css=\u201d.vc_custom_1787826230908{margin-top: 0px !important;padding-top: 0px !important;padding-left: 50px !important;}\u201d]Burak loves going to the movies with his fami\u00adly, and he does that twice a month. The last movie that real\u00adly blew him away was MICHAEL, Antoine Fuqua\u2019s bio\u00adpic about the King of Pop. He belie\u00adves a good movie should allow you to empa\u00adthi\u00adze with the main cha\u00adrac\u00adter and have ple\u00adnty of unpre\u00addic\u00adta\u00adble twists and turns. To that end, he\u2019s wil\u00adling to accept that the\u00adre isn\u2019t always a hap\u00adpy ending. He\u2019s loo\u00adking for\u00adward to gai\u00adning his first jury expe\u00adri\u00adence at LUCAS.[\/vc_toggle][\/vc_column_inner][vc_column_inner width=\u201c1\/3\u201d css=\u201d.vc_custom_1653403051679{background-color: rgba(255,255,255,0.8) !important;*background-color: rgb(255,255,255) !important;}\u201d][vc_single_image image=\u201c27373\u201d img_size=\u201c300x400\u201d alignment=\u201ccenter\u201d style=\u201cvc_box_rounded\u201d onclick=\u201clink_image\u201d css_animation=\u201cappear\u201d][vc_column_text css=\u201d.vc_custom_1787826147581{padding-left: 50px !important;}\u201d]<strong>Laura Vasiljkic-Filler (12)<\/strong><br>\nHeinrich-von-Gagern-Gymnasium, Frankfurt[\/vc_column_text][vc_toggle title=\u201cLearn more\u201d size=\u201csm\u201d custom_font_container=\u201ctag:p|text_align:left\u201d custom_use_theme_fonts=\u201cyes\u201d use_custom_heading=\u201ctrue\u201d css=\u201d.vc_custom_1787826301635{margin-top: 0px !important;padding-top: 0px !important;padding-left: 50px !important;}\u201d]Laura dances, plays padel, is an avid rea\u00adder, and loves to sur\u00adpri\u00adse her fami\u00adly and fri\u00adends with home\u00adma\u00adde tre\u00adats. As a huge fan of THE HUNGER GAMES, she was par\u00adti\u00adcu\u00adlar\u00adly thril\u00adled by the film adapt\u00ada\u00adti\u00adon of THE BALLAD OF SONGBIRDS AND SNAKES, which com\u00adple\u00adte\u00adly lived up to her expec\u00adta\u00adti\u00adons after rea\u00adding the book. She keeps dis\u00adcus\u00adsing movies long after the cre\u00addits roll. A self-pro\u00adclai\u00admed opti\u00admist, she\u2019d love to see more movies about fri\u00adend\u00adships that remain exci\u00adting even wit\u00adhout argu\u00adments and rivalries.[\/vc_toggle][\/vc_column_inner][vc_column_inner width=\u201c1\/3\u201d css=\u201d.vc_custom_1653403062821{background-color: rgba(255,255,255,0.8) !important;*background-color: rgb(255,255,255) !important;}\u201d][vc_single_image image=\u201c27365\u201d img_size=\u201c300x400\u201d alignment=\u201ccenter\u201d style=\u201cvc_box_rounded\u201d onclick=\u201clink_image\u201d css_animation=\u201cappear\u201d][vc_column_text css=\u201d.vc_custom_1787826186636{padding-left: 50px !important;}\u201d]<\/p>\n<p xml:lang=\"DE-DE\"><strong>Mica Clara R\u00fchle (11)<\/strong><br>\nMusterschule, Frankfurt<\/p>\n<p>[\/vc_column_text][vc_toggle title=\u201cLearn more\u201d size=\u201csm\u201d custom_font_container=\u201ctag:p|text_align:left\u201d custom_use_theme_fonts=\u201cyes\u201d use_custom_heading=\u201ctrue\u201d css=\u201d.vc_custom_1787826357055{margin-top: 0px !important;padding-top: 0px !important;padding-left: 50px !important;}\u201d]Mica loves movies and TV shows with dark humor \u2013 the weir\u00adder, the bet\u00adter! As a Japan and ani\u00adme enthu\u00adsi\u00adast, she also tri\u00ades her hand at dra\u00adwing, even if she doesn\u2019t always think it turns out well. In addi\u00adti\u00adon to a grip\u00adping sto\u00adry, Mica pays spe\u00adcial atten\u00adti\u00adon to good pic\u00adtu\u00adre and sound qua\u00adli\u00adty when wat\u00adching a movie. At home, she shoots and edits her own vide\u00ados of her dog. Would she like to stand in front of the came\u00adra as an actress some\u00adday? That would be her dream![\/vc_toggle][\/vc_column_inner][\/vc_row_inner][vc_row_inner css=\u201d.vc_custom_1787826365448{margin-bottom: 15px !important;}\u201d][vc_column_inner width=\u201c1\/3\u201d css=\u201d.vc_custom_1653403042561{background-color: rgba(255,255,255,0.8) !important;*background-color: rgb(255,255,255) !important;}\u201d][vc_single_image image=\u201c28930\u201d img_size=\u201c300x400\u201d alignment=\u201ccenter\u201d style=\u201cvc_box_rounded\u201d onclick=\u201clink_image\u201d css_animation=\u201cappear\u201d][vc_column_text css=\u201d.vc_custom_1787826434289{padding-left: 50px !important;}\u201d]<strong>Sigrid Klausmann (Germany)<\/strong><br>\nFilmmaker[\/vc_column_text][vc_toggle title=\u201cLearn more\u201d size=\u201csm\u201d custom_font_container=\u201ctag:p|text_align:left\u201d custom_use_theme_fonts=\u201cyes\u201d use_custom_heading=\u201ctrue\u201d css=\u201d.vc_custom_1787826722652{margin-top: 0px !important;padding-top: 0px !important;padding-left: 50px !important;}\u201d]Before foun\u00adding the pro\u00adduc\u00adtion com\u00adpa\u00adny Schneegans Productions with her hus\u00adband, Walter Sittler, Sigrid Klausmann work\u00aded as a sports and dance ins\u00adtruc\u00adtor. She has been working as a docu\u00admen\u00adta\u00adry film\u00adma\u00adker sin\u00adce 2003, focu\u00adsing pri\u00adma\u00adri\u00adly on topics rela\u00adted to ado\u00adle\u00ads\u00adcents. She attri\u00adbu\u00adtes this inte\u00adrest to her own child\u00adhood in a lar\u00adge fami\u00adly. With her latest film, GIRLS DON\u2019T CRY, which won the Bridging the Borders Award at LUCAS in 2025, Sigrid con\u00adcludes her care\u00ader as a director.[\/vc_toggle][\/vc_column_inner][vc_column_inner width=\u201c1\/3\u201d css=\u201d.vc_custom_1653403051679{background-color: rgba(255,255,255,0.8) !important;*background-color: rgb(255,255,255) !important;}\u201d][vc_single_image image=\u201c28938\u201d img_size=\u201c300x400\u201d alignment=\u201ccenter\u201d style=\u201cvc_box_rounded\u201d onclick=\u201clink_image\u201d css_animation=\u201cappear\u201d][vc_column_text css=\u201d.vc_custom_1787844275550{padding-left: 50px !important;}\u201d]<strong>Matthias Wallraven (Germany)<\/strong><br>\nFilm Educator and Programmer[\/vc_column_text][vc_toggle title=\u201cLearn more\u201d size=\u201csm\u201d custom_font_container=\u201ctag:p|text_align:left\u201d custom_use_theme_fonts=\u201cyes\u201d use_custom_heading=\u201ctrue\u201d css=\u201d.vc_custom_1787826833202{margin-top: 0px !important;padding-top: 0px !important;padding-left: 50px !important;}\u201d]After stu\u00addy\u00ading eth\u00adno\u00adlo\u00adgy, poli\u00adti\u00adcal sci\u00adence, and com\u00admu\u00adni\u00adca\u00adti\u00adon stu\u00addies in Berlin, Matthias Wallraven first moved to Marseille, whe\u00adre he taught German and pro\u00addu\u00adced short film pro\u00adjects with child\u00adren and teen\u00adagers. After retur\u00adning, he work\u00aded on seve\u00adral docu\u00admen\u00adta\u00adry and short film pro\u00adjects befo\u00adre devo\u00adting hims\u00adelf enti\u00adre\u00adly to his work at CITY 46 \/ Kommunalkino Bremen e.V. There, among other things, he directs the SchulKinoWoche Bremen and the Bremen Children\u2019s and Youth Film Festival KIJUKO.[\/vc_toggle][\/vc_column_inner][vc_column_inner width=\u201c1\/3\u201d css=\u201d.vc_custom_1653403062821{background-color: rgba(255,255,255,0.8) !important;*background-color: rgb(255,255,255) !important;}\u201d][vc_single_image image=\u201c28934\u201d img_size=\u201c300x400\u201d alignment=\u201ccenter\u201d style=\u201cvc_box_rounded\u201d onclick=\u201clink_image\u201d css_animation=\u201cappear\u201d][vc_column_text css=\u201d.vc_custom_1787826669967{padding-left: 50px !important;}\u201d]<\/p>\n<p style=\"text-align: left;\"><strong>Elisabeth Wenk (Germany)<\/strong><br>\nFestival Director and Cultural Scientist<\/p>\n<p>[\/vc_column_text][vc_toggle title=\u201cLearn more\u201d size=\u201csm\u201d custom_font_container=\u201ctag:p|text_align:left\u201d custom_use_theme_fonts=\u201cyes\u201d use_custom_heading=\u201ctrue\u201d css=\u201d.vc_custom_1787826915139{margin-top: 0px !important;padding-top: 0px !important;padding-left: 50px !important;}\u201d]Elisabeth Wenk is the exe\u00adcu\u00adti\u00adve direc\u00adtor of the Deutsche Kindermedienstiftung Goldener Spatz, whe\u00adre she has work\u00aded sin\u00adce 2019, and the direc\u00adtor of the fes\u00adti\u00adval of the same name. She stu\u00addi\u00aded in Jena and Leipzig. As a pas\u00adsio\u00adna\u00adte film lover, she advo\u00adca\u00adtes for high-qua\u00adli\u00adty audio\u00advi\u00adsu\u00adal media for young audi\u00aden\u00adces. Her focus is on pro\u00advi\u00adding child\u00adren and young peo\u00adp\u00adle with diver\u00adse and rele\u00advant access to media.[\/vc_toggle][\/vc_column_inner][\/vc_row_inner][vc_row_inner][vc_column_inner][vc_empty_space][\/vc_column_inner][\/vc_row_inner][vc_row_inner][vc_column_inner][vc_column_text]<\/p>\n<h2><span class=\"NormalTextRun SCXW137946333 BCX4\">Jury<\/span><span class=\"NormalTextRun SCXW137946333 BCX4\"> Competition<\/span> <span class=\"NormalTextRun SCXW137946333 BCX4\">\u00bbTeens\u00ab<\/span><\/h2>\n<p>[\/vc_column_text][\/vc_column_inner][\/vc_row_inner][vc_row_inner][vc_column_inner width=\u201c1\/3\u201d css=\u201d.vc_custom_1653403042561{background-color: rgba(255,255,255,0.8) !important;*background-color: rgb(255,255,255) !important;}\u201d][vc_single_image image=\u201c27389\u201d img_size=\u201c300x400\u201d alignment=\u201ccenter\u201d style=\u201cvc_box_rounded\u201d onclick=\u201clink_image\u201d css_animation=\u201cappear\u201d][vc_column_text css=\u201d.vc_custom_1787834343492{padding-left: 50px !important;}\u201d]<strong>Anna Diefenbach (16)<\/strong><br>\nTaunusschule, Bad Camberg[\/vc_column_text][vc_toggle title=\u201cLearn more\u201d size=\u201csm\u201d custom_font_container=\u201ctag:p|text_align:left\u201d custom_use_theme_fonts=\u201cyes\u201d use_custom_heading=\u201ctrue\u201d css=\u201d.vc_custom_1787834468078{margin-top: 0px !important;padding-top: 0px !important;padding-left: 50px !important;}\u201d]Anna dances bal\u00adlet, con\u00adtem\u00adpo\u00adra\u00adry, and modern dance. She\u2019s also very acti\u00adve in other ways, such as when she takes pho\u00adtos or hangs out with her fri\u00adends. At the movies, she can ful\u00adly immer\u00adse hers\u00adelf in a film\u2014especially one that tack\u00adles soci\u00adal\u00adly cri\u00adti\u00adcal issues and crea\u00adtes space for com\u00adplex fema\u00adle cha\u00adrac\u00adters, like AM\u00c9LIE. A good movie can make her laugh, pon\u00adder, and cry all at once.[\/vc_toggle][\/vc_column_inner][vc_column_inner width=\u201c1\/3\u201d css=\u201d.vc_custom_1653403051679{background-color: rgba(255,255,255,0.8) !important;*background-color: rgb(255,255,255) !important;}\u201d][vc_single_image image=\u201c27393\u201d img_size=\u201c300x400\u201d alignment=\u201ccenter\u201d style=\u201cvc_box_rounded\u201d onclick=\u201clink_image\u201d css_animation=\u201cappear\u201d][vc_column_text css=\u201d.vc_custom_1787834379902{padding-left: 50px !important;}\u201d]<strong>Eneas Arnegger (14)<\/strong><br>\nGutenbergschule, Wiesbaden[\/vc_column_text][vc_toggle title=\u201cLearn more\u201d size=\u201csm\u201d custom_font_container=\u201ctag:p|text_align:left\u201d custom_use_theme_fonts=\u201cyes\u201d use_custom_heading=\u201ctrue\u201d css=\u201d.vc_custom_1787834519540{margin-top: 0px !important;padding-top: 0px !important;padding-left: 50px !important;}\u201d]Eneas has many hob\u00adbies: kara\u00adte, ten\u00adnis, pia\u00adno, yoga, rea\u00adding, dancing, and sin\u00adging. His movie pre\u00adfe\u00adren\u00adces are just as varied. Whether it\u2019s ani\u00admal docu\u00admen\u00adta\u00adries, fan\u00adta\u00adsy, or come\u00addies, he\u2019s open to ever\u00ady\u00adthing. Since his par\u00adents work in the film indus\u00adtry, wat\u00adching good movies is part of his fami\u00adly rou\u00adti\u00adne. His all-time favo\u00adri\u00adte, though, remains John Landis\u2019s THE BLUES BROTHERS, which he can watch over and over again. Someday, he\u2019d like to direct or act himself.[\/vc_toggle][\/vc_column_inner][vc_column_inner width=\u201c1\/3\u201d css=\u201d.vc_custom_1653403062821{background-color: rgba(255,255,255,0.8) !important;*background-color: rgb(255,255,255) !important;}\u201d][vc_single_image image=\u201c27397\u201d img_size=\u201c300x400\u201d alignment=\u201ccenter\u201d style=\u201cvc_box_rounded\u201d onclick=\u201clink_image\u201d css_animation=\u201cappear\u201d][vc_column_text css=\u201d.vc_custom_1787834539871{padding-left: 50px !important;}\u201d]<strong>Kiana Jafari (15)<\/strong><br>\nW\u00f6hlerschule, Frankfurt[\/vc_column_text][vc_toggle title=\u201cLearn more\u201d size=\u201csm\u201d custom_font_container=\u201ctag:p|text_align:left\u201d custom_use_theme_fonts=\u201cyes\u201d use_custom_heading=\u201ctrue\u201d css=\u201d.vc_custom_1787834573422{margin-top: 0px !important;padding-top: 0px !important;padding-left: 50px !important;}\u201d]Kiana plays the vio\u00adlin and pia\u00adno and enjoys pain\u00adting. For her, wat\u00adching a movie means diving into ano\u00adther world and then resur\u00adfa\u00adcing with a new per\u00adspec\u00adti\u00adve. The ani\u00adma\u00adted film SOUL, for exam\u00adp\u00adle, reminds her of what real\u00adly mat\u00adters in life, and she was thril\u00adled by the femi\u00adnist mes\u00adsa\u00adge in BARBIE. Her favo\u00adri\u00adte movies, howe\u00adver, are still rom-coms from the 2000s. She dreams of one day appearing in front of the came\u00adra herself.[\/vc_toggle][\/vc_column_inner][\/vc_row_inner][vc_row_inner css=\u201d.vc_custom_1787834581729{margin-bottom: 15px !important;}\u201d][vc_column_inner width=\u201c1\/3\u201d css=\u201d.vc_custom_1653403042561{background-color: rgba(255,255,255,0.8) !important;*background-color: rgb(255,255,255) !important;}\u201d][vc_single_image image=\u201c28946\u201d img_size=\u201c300x400\u201d alignment=\u201ccenter\u201d style=\u201cvc_box_rounded\u201d onclick=\u201clink_image\u201d css_animation=\u201cappear\u201d][vc_column_text css=\u201d.vc_custom_1787834752373{padding-left: 50px !important;}\u201d]<strong>Jaroslava Hyn\u0161tov\u00e1 (Czech Republic)<\/strong><br>\nProgramme Curator and Festival Organizer[\/vc_column_text][vc_toggle title=\u201cLearn more\u201d size=\u201csm\u201d custom_font_container=\u201ctag:p|text_align:left\u201d custom_use_theme_fonts=\u201cyes\u201d use_custom_heading=\u201ctrue\u201d css=\u201d.vc_custom_1787835259893{margin-top: 0px !important;padding-top: 0px !important;padding-left: 50px !important;}\u201d]Jaroslava Hyn\u0161tov\u00e1 has been working as a film pro\u00adgramm\u00ader at the Zl\u00edn Film Festival sin\u00adce 2005. She stu\u00addi\u00aded film stu\u00addies and English at Palack\u00fd University in Olomouc. In her home\u00adtown of Luha\u010dovice, she is a screen\u00adwri\u00adter and the direc\u00adtor of an ama\u00adteur thea\u00adter group. Jaroslava has also ser\u00adved as a regio\u00adnal cor\u00adre\u00adspon\u00addent for the lar\u00adgest Czech news\u00adpa\u00adper and as a jury mem\u00adber at film fes\u00adti\u00advals around the world.[\/vc_toggle][\/vc_column_inner][vc_column_inner width=\u201c1\/3\u201d css=\u201d.vc_custom_1653403051679{background-color: rgba(255,255,255,0.8) !important;*background-color: rgb(255,255,255) !important;}\u201d][vc_single_image image=\u201c28940\u201d img_size=\u201c300x400\u201d alignment=\u201ccenter\u201d style=\u201cvc_box_rounded\u201d onclick=\u201clink_image\u201d css_animation=\u201cappear\u201d][vc_column_text css=\u201d.vc_custom_1787834772010{padding-left: 50px !important;}\u201d]<strong>Simone Fratini (Italy)<\/strong><br>\nFilm Educator[\/vc_column_text][vc_toggle title=\u201cLearn more\u201d size=\u201csm\u201d custom_font_container=\u201ctag:p|text_align:left\u201d custom_use_theme_fonts=\u201cyes\u201d use_custom_heading=\u201ctrue\u201d css=\u201d.vc_custom_1787835340167{margin-top: 0px !important;padding-top: 0px !important;padding-left: 50px !important;}\u201d]After stu\u00addy\u00ading edu\u00adca\u00adti\u00adon and film stu\u00addies in Bologna, Simone Fratini initi\u00adal\u00adly ser\u00adved as a mem\u00adber of the artis\u00adtic team at the Biografilm Festival. Since 2011, he has work\u00aded in the field of film edu\u00adca\u00adti\u00adon at the Cineteca di Bologna, whe\u00adre he deve\u00adlo\u00adps new pro\u00adjects, con\u00adducts pro\u00adfes\u00adsio\u00adnal deve\u00adlo\u00adp\u00adment work\u00adshops for tea\u00adchers, and over\u00adsees European pro\u00adjects. Since 2021, he has been a film ins\u00adtruc\u00adtor for schools reco\u00adgni\u00adzed by the Italian Ministry of Culture.[\/vc_toggle][\/vc_column_inner][vc_column_inner width=\u201c1\/3\u201d css=\u201d.vc_custom_1653403062821{background-color: rgba(255,255,255,0.8) !important;*background-color: rgb(255,255,255) !important;}\u201d][vc_single_image image=\u201c28944\u201d img_size=\u201c300x400\u201d alignment=\u201ccenter\u201d style=\u201cvc_box_rounded\u201d onclick=\u201clink_image\u201d css_animation=\u201cappear\u201d][vc_column_text css=\u201d.vc_custom_1787834938655{padding-left: 50px !important;}\u201d]<strong>Daniel Lundquist (Sweden)<\/strong><br>\nProgramme Curator and Festival Organizer[\/vc_column_text][vc_toggle title=\u201cLearn more\u201d size=\u201csm\u201d custom_font_container=\u201ctag:p|text_align:left\u201d custom_use_theme_fonts=\u201cyes\u201d use_custom_heading=\u201ctrue\u201d css=\u201d.vc_custom_1787835380259{margin-top: 0px !important;padding-top: 0px !important;padding-left: 50px !important;}\u201d]Daniel Lundquist has alre\u00ada\u00addy brought a wide varie\u00adty of pro\u00adjects to life, inclu\u00adding in the fields of music, thea\u00adter, and art. For seve\u00adral years, he work\u00aded for the Swedish Film Institute and the City of Malm\u00f6\u2019s Cultural Affairs Office befo\u00adre joi\u00adning the BUFF Film Festival in 2009, whe\u00adre he is now the pro\u00adgram direc\u00adtor. Daniel also cura\u00adtes the pro\u00adgram for the Nordisk Panorama Film Festival and ser\u00adves as an acqui\u00adsi\u00adti\u00adons mana\u00adger for the film dis\u00adtri\u00adbu\u00adti\u00adon com\u00adpa\u00adny TUFF.[\/vc_toggle][\/vc_column_inner][\/vc_row_inner][vc_row_inner][vc_column_inner][vc_empty_space][\/vc_column_inner][\/vc_row_inner][vc_row_inner][vc_column_inner][vc_column_text]<\/p>\n<h2>Jury Competition \u00bbYoungsters\u00ab<\/h2>\n<p>[\/vc_column_text][\/vc_column_inner][\/vc_row_inner][vc_row_inner][vc_column_inner width=\u201c1\/3\u201d css=\u201d.vc_custom_1653403042561{background-color: rgba(255,255,255,0.8) !important;*background-color: rgb(255,255,255) !important;}\u201d][vc_single_image image=\u201c28948\u201d img_size=\u201c300x400\u201d alignment=\u201ccenter\u201d style=\u201cvc_box_rounded\u201d onclick=\u201clink_image\u201d css_animation=\u201cappear\u201d][vc_column_text css=\u201d.vc_custom_1787835488100{padding-left: 50px !important;}\u201d]<strong>Amelia Hjertholm (19, Norway)<\/strong>[\/vc_column_text][vc_toggle title=\u201cLearn more\u201d size=\u201csm\u201d custom_font_container=\u201ctag:p|text_align:left\u201d custom_use_theme_fonts=\u201cyes\u201d use_custom_heading=\u201ctrue\u201d css=\u201d.vc_custom_1787835862955{margin-top: 0px !important;padding-top: 0px !important;padding-left: 50px !important;}\u201d]Amelia is a stu\u00addent in Kristiansand. She reads a lot, enjoys hiking\u2014and, of cour\u00adse, going to the movies. For her, movies are about com\u00admu\u00adni\u00adty: they pro\u00advi\u00adde topics for con\u00adver\u00adsa\u00adti\u00adon, are a shared expe\u00adri\u00adence, and offer the chan\u00adce to see the world from a dif\u00adfe\u00adrent per\u00adspec\u00adti\u00adve. Amelia par\u00adti\u00adcu\u00adlar\u00adly app\u00adre\u00adcia\u00adtes films that explo\u00adre com\u00adplex the\u00admes with sen\u00adsi\u00adti\u00advi\u00adty. She was deep\u00adly influen\u00adced by the annu\u00adal LORD OF THE RINGS mara\u00adthon she wat\u00adched with her father.[\/vc_toggle][\/vc_column_inner][vc_column_inner width=\u201c1\/3\u201d css=\u201d.vc_custom_1653403051679{background-color: rgba(255,255,255,0.8) !important;*background-color: rgb(255,255,255) !important;}\u201d][vc_single_image image=\u201c28950\u201d img_size=\u201c300x400\u201d alignment=\u201ccenter\u201d style=\u201cvc_box_rounded\u201d onclick=\u201clink_image\u201d css_animation=\u201cappear\u201d][vc_column_text css=\u201d.vc_custom_1787835726896{padding-left: 50px !important;}\u201d]<strong>Iulia Radu (18, Romania)<\/strong>[\/vc_column_text][vc_toggle title=\u201cLearn more\u201d size=\u201csm\u201d custom_font_container=\u201ctag:p|text_align:left\u201d custom_use_theme_fonts=\u201cyes\u201d use_custom_heading=\u201ctrue\u201d css=\u201d.vc_custom_1787835902659{margin-top: 0px !important;padding-top: 0px !important;padding-left: 50px !important;}\u201d]For Iulia, a film is a con\u00adver\u00adsa\u00adti\u00adon bet\u00adween the peo\u00adp\u00adle in front of and behind the came\u00adra. She, too, is a LORD OF THE RINGS fan; her favo\u00adri\u00adte quo\u00adte is from THE TWO TOWERS: \u201cAnd when the sun shi\u00adnes, it will shi\u00adne all the more cle\u00adar\u00adly.\u201d Iulia is also a mem\u00adber of a film club and makes her own short films. One of them has alre\u00ada\u00addy been scree\u00adned as part of the European film edu\u00adca\u00adti\u00adon pro\u00adject CCAJ in Paris. Next, she plans to attend a film school.[\/vc_toggle][\/vc_column_inner][vc_column_inner width=\u201c1\/3\u201d css=\u201d.vc_custom_1653403062821{background-color: rgba(255,255,255,0.8) !important;*background-color: rgb(255,255,255) !important;}\u201d][vc_single_image image=\u201c28952\u201d img_size=\u201c300x400\u201d alignment=\u201ccenter\u201d style=\u201cvc_box_rounded\u201d onclick=\u201clink_image\u201d css_animation=\u201cappear\u201d][vc_column_text css=\u201d.vc_custom_1787835805380{padding-left: 50px !important;}\u201d]<strong>Matei Tartan (19, Romania)<\/strong>[\/vc_column_text][vc_toggle title=\u201cLearn more\u201d size=\u201csm\u201d custom_font_container=\u201ctag:p|text_align:left\u201d custom_use_theme_fonts=\u201cyes\u201d use_custom_heading=\u201ctrue\u201d css=\u201d.vc_custom_1787835948260{margin-top: 0px !important;padding-top: 0px !important;padding-left: 50px !important;}\u201d]Through movies, Matei can dis\u00adco\u00adver new things and immer\u00adse hims\u00adelf in other worlds. One of his favo\u00adri\u00adte movies is the\u00adr\u00ade\u00adfo\u00adre Stanley Kubrick\u2019s 2001: A SPACE ODYSSEY. He enjoys sci\u00adence fic\u00adtion movies and psy\u00adcho\u00adlo\u00adgi\u00adcal thril\u00adlers, espe\u00adci\u00adal\u00adly tho\u00adse with a distinc\u00adti\u00adve aes\u00adthe\u00adtic. He also reads and wri\u00adtes short sto\u00adries and poet\u00adry hims\u00adelf. He would love to meet Pier Paolo Pasolini.[\/vc_toggle][\/vc_column_inner][\/vc_row_inner][vc_row_inner css=\u201d.vc_custom_1787835956073{margin-bottom: 15px !important;}\u201d][vc_column_inner width=\u201c1\/3\u201d css=\u201d.vc_custom_1653403042561{background-color: rgba(255,255,255,0.8) !important;*background-color: rgb(255,255,255) !important;}\u201d][vc_single_image image=\u201c28954\u201d img_size=\u201c300x400\u201d alignment=\u201ccenter\u201d style=\u201cvc_box_rounded\u201d onclick=\u201clink_image\u201d css_animation=\u201cappear\u201d][vc_column_text css=\u201d.vc_custom_1787836016525{padding-left: 50px !important;}\u201d]<strong>Pernille Magnus (18, Norway)<\/strong>[\/vc_column_text][vc_toggle title=\u201cLearn more\u201d size=\u201csm\u201d custom_font_container=\u201ctag:p|text_align:left\u201d custom_use_theme_fonts=\u201cyes\u201d use_custom_heading=\u201ctrue\u201d css=\u201d.vc_custom_1787836149051{margin-top: 0px !important;padding-top: 0px !important;padding-left: 50px !important;}\u201d]Pernille loves movies that make you for\u00adget ever\u00ady\u00adthing around you and stir up empa\u00adthy. That\u2019s why the HARRY POTTER series and Steven Spielberg\u2019s THE FABELMANS are among her favo\u00adri\u00adtes. After see\u00ading a movie, she can talk about what she\u2019s seen for a long time. Pernille often comes up with her own ide\u00adas, which she turns into short films. She\u2019s curious about how film\u00adma\u00adkers mana\u00adge to real\u00adly draw their audi\u00adence in.[\/vc_toggle][\/vc_column_inner][vc_column_inner width=\u201c1\/3\u201d css=\u201d.vc_custom_1653403051679{background-color: rgba(255,255,255,0.8) !important;*background-color: rgb(255,255,255) !important;}\u201d][vc_single_image image=\u201c28958\u201d img_size=\u201c300x400\u201d alignment=\u201ccenter\u201d style=\u201cvc_box_rounded\u201d onclick=\u201clink_image\u201d css_animation=\u201cappear\u201d][vc_column_text css=\u201d.vc_custom_1787836072695{padding-left: 50px !important;}\u201d]<strong>Sonja Seitz (18, Germany)<\/strong>[\/vc_column_text][vc_toggle title=\u201cLearn more\u201d size=\u201csm\u201d custom_font_container=\u201ctag:p|text_align:left\u201d custom_use_theme_fonts=\u201cyes\u201d use_custom_heading=\u201ctrue\u201d css=\u201d.vc_custom_1787836188186{margin-top: 0px !important;padding-top: 0px !important;padding-left: 50px !important;}\u201d]Sonja\u2019s cur\u00adrent favo\u00adri\u00adte movie is Alfred Hitchcock\u2019s VERTIGO. She has loved movies sin\u00adce she was a child becau\u00adse they com\u00adbi\u00adne dif\u00adfe\u00adrent art forms and can intro\u00addu\u00adce you to dif\u00adfe\u00adrent places, peo\u00adp\u00adle, and sto\u00adries. She espe\u00adci\u00adal\u00adly app\u00adre\u00adcia\u00adtes movies that chall\u00adenge her yet are still fun to watch. One film\u00adma\u00adker she admi\u00adres in par\u00adti\u00adcu\u00adlar is David Lynch; she is espe\u00adci\u00adal\u00adly fasci\u00adna\u00adted by his depic\u00adtions of the stran\u00adge and the bizarre.[\/vc_toggle][\/vc_column_inner][vc_column_inner width=\u201c1\/3\u201d css=\u201d.vc_custom_1653403062821{background-color: rgba(255,255,255,0.8) !important;*background-color: rgb(255,255,255) !important;}\u201d][vc_single_image image=\u201c28956\u201d img_size=\u201c300x400\u201d alignment=\u201ccenter\u201d style=\u201cvc_box_rounded\u201d onclick=\u201clink_image\u201d css_animation=\u201cappear\u201d][vc_column_text css=\u201d.vc_custom_1787836113938{padding-left: 50px !important;}\u201d]<strong>Victor Bott (18, Germany)<\/strong>[\/vc_column_text][vc_toggle title=\u201cLearn more\u201d size=\u201csm\u201d custom_font_container=\u201ctag:p|text_align:left\u201d custom_use_theme_fonts=\u201cyes\u201d use_custom_heading=\u201ctrue\u201d css=\u201d.vc_custom_1787836234331{margin-top: 0px !important;padding-top: 0px !important;padding-left: 50px !important;}\u201d]In his free time, Victor draws and plays Dungeons &amp; Dragons. Movies help him take his mind off his thoughts and worries; they also show him dif\u00adfe\u00adrent per\u00adspec\u00adti\u00adves and role models. He keeps up with the latest movies by wat\u00adching YouTube reviews and cri\u00adti\u00adques. What he loves most about going to the movies is the shared expe\u00adri\u00adence \u2013 which is why he\u2019s all the more exci\u00adted to meet fel\u00adlow movie enthu\u00adsi\u00adasts his own age during the fes\u00adti\u00adval week.[\/vc_toggle][\/vc_column_inner][\/vc_row_inner][vc_row_inner][vc_column_inner][vc_empty_space][\/vc_column_inner][\/vc_row_inner][vc_row_inner][vc_column_inner][vc_column_text]<\/p>\n<h2>ECFA-Jury<\/h2>\n<p>[\/vc_column_text][vc_column_text]The jury of the European Children\u2019s Film Association (ECFA) con\u00adsists of European experts from the child\u00adren\u2019s and youth film indus\u00adtry. This year, Elisabeth Wenk (Jury Competition \u00bbKids\u00ab), tog\u00ade\u00adther with Simone Fratini and Jaroslava Hyn\u0161tov\u00e1 (both Jury Competition \u00bbTeens\u00ab), will honor their favo\u00adri\u00adte European child\u00adren\u2019s film with the ECFA Award. The award qua\u00adli\u00adfies the films for the annu\u00adal com\u00adpe\u00adti\u00adti\u00adon for the \u201cBest European Children\u2019s Film of the Year\u201d pri\u00adze, which is pre\u00adsen\u00adted during the Berlin International Film Festival.[\/vc_column_text][\/vc_column_inner][\/vc_row_inner][vc_row_inner css=\u201d.vc_custom_1787836322932{margin-bottom: 15px !important;}\u201d][vc_column_inner width=\u201c1\/3\u201d css=\u201d.vc_custom_1653403062821{background-color: rgba(255,255,255,0.8) !important;*background-color: rgb(255,255,255) !important;}\u201d][vc_single_image image=\u201c28934\u201d img_size=\u201c300x400\u201d alignment=\u201ccenter\u201d style=\u201cvc_box_rounded\u201d onclick=\u201clink_image\u201d css_animation=\u201cappear\u201d][vc_column_text css=\u201d.vc_custom_1787826669967{padding-left: 50px !important;}\u201d]<\/p>\n<p style=\"text-align: left;\"><strong>Elisabeth Wenk (Germany)<\/strong><br>\nFestival Director and Cultural Scientist<\/p>\n<p>[\/vc_column_text][vc_toggle title=\u201cLearn more\u201d size=\u201csm\u201d custom_font_container=\u201ctag:p|text_align:left\u201d custom_use_theme_fonts=\u201cyes\u201d use_custom_heading=\u201ctrue\u201d css=\u201d.vc_custom_1787826915139{margin-top: 0px !important;padding-top: 0px !important;padding-left: 50px !important;}\u201d]Elisabeth Wenk is the exe\u00adcu\u00adti\u00adve direc\u00adtor of the Deutsche Kindermedienstiftung Goldener Spatz, whe\u00adre she has work\u00aded sin\u00adce 2019, and the direc\u00adtor of the fes\u00adti\u00adval of the same name. She stu\u00addi\u00aded in Jena and Leipzig. As a pas\u00adsio\u00adna\u00adte film lover, she advo\u00adca\u00adtes for high-qua\u00adli\u00adty audio\u00advi\u00adsu\u00adal media for young audi\u00aden\u00adces. Her focus is on pro\u00advi\u00adding child\u00adren and young peo\u00adp\u00adle with diver\u00adse and rele\u00advant access to media.[\/vc_toggle][\/vc_column_inner][vc_column_inner width=\u201c1\/3\u201d css=\u201d.vc_custom_1653403042561{background-color: rgba(255,255,255,0.8) !important;*background-color: rgb(255,255,255) !important;}\u201d][vc_single_image image=\u201c28940\u201d img_size=\u201c300x400\u201d alignment=\u201ccenter\u201d style=\u201cvc_box_rounded\u201d onclick=\u201clink_image\u201d css_animation=\u201cappear\u201d][vc_column_text css=\u201d.vc_custom_1787834772010{padding-left: 50px !important;}\u201d]<strong>Simone Fratini (Italy)<\/strong><br>\nFilm Educator[\/vc_column_text][vc_toggle title=\u201cLearn more\u201d size=\u201csm\u201d custom_font_container=\u201ctag:p|text_align:left\u201d custom_use_theme_fonts=\u201cyes\u201d use_custom_heading=\u201ctrue\u201d css=\u201d.vc_custom_1787835340167{margin-top: 0px !important;padding-top: 0px !important;padding-left: 50px !important;}\u201d]After stu\u00addy\u00ading edu\u00adca\u00adti\u00adon and film stu\u00addies in Bologna, Simone Fratini initi\u00adal\u00adly ser\u00adved as a mem\u00adber of the artis\u00adtic team at the Biografilm Festival. Since 2011, he has work\u00aded in the field of film edu\u00adca\u00adti\u00adon at the Cineteca di Bologna, whe\u00adre he deve\u00adlo\u00adps new pro\u00adjects, con\u00adducts pro\u00adfes\u00adsio\u00adnal deve\u00adlo\u00adp\u00adment work\u00adshops for tea\u00adchers, and over\u00adsees European pro\u00adjects. Since 2021, he has been a film ins\u00adtruc\u00adtor for schools reco\u00adgni\u00adzed by the Italian Ministry of Culture.[\/vc_toggle][\/vc_column_inner][vc_column_inner width=\u201c1\/3\u201d css=\u201d.vc_custom_1653403051679{background-color: rgba(255,255,255,0.8) !important;*background-color: rgb(255,255,255) !important;}\u201d][vc_single_image image=\u201c28946\u201d img_size=\u201c300x400\u201d alignment=\u201ccenter\u201d style=\u201cvc_box_rounded\u201d onclick=\u201clink_image\u201d css_animation=\u201cappear\u201d][vc_column_text css=\u201d.vc_custom_1787834752373{padding-left: 50px !important;}\u201d]<strong>Jaroslava Hyn\u0161tov\u00e1 (Czech Republic)<\/strong><br>\nProgramme Curator and Festival Organizer[\/vc_column_text][vc_toggle title=\u201cLearn more\u201d size=\u201csm\u201d custom_font_container=\u201ctag:p|text_align:left\u201d custom_use_theme_fonts=\u201cyes\u201d use_custom_heading=\u201ctrue\u201d css=\u201d.vc_custom_1787835259893{margin-top: 0px !important;padding-top: 0px !important;padding-left: 50px !important;}\u201d]Jaroslava Hyn\u0161tov\u00e1 has been working as a film pro\u00adgramm\u00ader at the Zl\u00edn Film Festival sin\u00adce 2005. She stu\u00addi\u00aded film stu\u00addies and English at Palack\u00fd University in Olomouc. In her home\u00adtown of Luha\u010dovice, she is a screen\u00adwri\u00adter and the direc\u00adtor of an ama\u00adteur thea\u00adter group. Jaroslava has also ser\u00adved as a regio\u00adnal cor\u00adre\u00adspon\u00addent for the lar\u00adgest Czech news\u00adpa\u00adper and as a jury mem\u00adber at film fes\u00adti\u00advals around the world.[\/vc_toggle][\/vc_column_inner][\/vc_row_inner][vc_row_inner][vc_column_inner][vc_empty_space][\/vc_column_inner][\/vc_row_inner][vc_row_inner][vc_column_inner][vc_column_text]<\/p>\n<h2>Cinema Without Borders<\/h2>\n<p>[\/vc_column_text][vc_column_text]<\/p>\n<p style=\"font-weight: 400;\">Cinema Without Borders is an inter\u00adna\u00adtio\u00adnal net\u00adwork of film indus\u00adtry pro\u00adfes\u00adsio\u00adnals com\u00admit\u00adted to pro\u00admo\u00adting diver\u00adsi\u00adty, inclu\u00adsi\u00adon, and social jus\u00adti\u00adce in film. Every year, Cinema Without Borders pres\u00adents the Bridging the Borders Award at sel\u00adec\u00adted film fes\u00adti\u00advals. The award reco\u00adgni\u00adzes films that bring peo\u00adp\u00adle tog\u00ade\u00adther across geo\u00adgra\u00adphi\u00adcal, reli\u00adgious, eth\u00adnic, cul\u00adtu\u00adral, and eco\u00adno\u00admic boun\u00adda\u00adries and address issues of social justice.<\/p>\n<p>[\/vc_column_text][\/vc_column_inner][\/vc_row_inner][vc_row_inner][vc_column_inner width=\u201c1\/3\u201d css=\u201d.vc_custom_1653403062821{background-color: rgba(255,255,255,0.8) !important;*background-color: rgb(255,255,255) !important;}\u201d][vc_single_image image=\u201c20985\u201d img_size=\u201c300x400\u201d alignment=\u201ccenter\u201d style=\u201cvc_box_rounded\u201d onclick=\u201clink_image\u201d css_animation=\u201cappear\u201d][vc_column_text css=\u201d.vc_custom_1787836537931{padding-left: 50px !important;}\u201d]<strong>Susan Morgan Cooper<\/strong>[\/vc_column_text][vc_toggle title=\u201cLearn more\u201d size=\u201csm\u201d custom_font_container=\u201ctag:p|text_align:left\u201d custom_use_theme_fonts=\u201cyes\u201d use_custom_heading=\u201ctrue\u201d css=\u201d.vc_custom_1787836759275{margin-top: 0px !important;padding-top: 0px !important;padding-left: 50px !important;}\u201d]Susan Morgan Cooper is a direc\u00adtor, pro\u00addu\u00adcer, and wri\u00adter who has been working in the film indus\u00adtry for more than three deca\u00addes. Her focus is on docu\u00admen\u00adta\u00adry films, in which she com\u00adbi\u00adnes per\u00adso\u00adnal sto\u00adries with soci\u00adal\u00adly rele\u00advant the\u00admes. Among her best-known works is TO THE MOON AND BACK (2016). In addi\u00adti\u00adon, she has direc\u00adted nar\u00adra\u00adti\u00adve short and fea\u00adture-length films, and her work com\u00adbi\u00adnes docu\u00admen\u00adta\u00adry sto\u00adrytel\u00adling with a keen intui\u00adti\u00adon for her protagonists.[\/vc_toggle][\/vc_column_inner][vc_column_inner width=\u201c1\/3\u201d css=\u201d.vc_custom_1653403051679{background-color: rgba(255,255,255,0.8) !important;*background-color: rgb(255,255,255) !important;}\u201d][vc_single_image image=\u201c20989\u201d img_size=\u201c300x400\u201d alignment=\u201ccenter\u201d style=\u201cvc_box_rounded\u201d onclick=\u201clink_image\u201d css_animation=\u201cappear\u201d][vc_column_text css=\u201d.vc_custom_1725535629570{padding-left: 50px !important;}\u201d]<strong>Chale Nafus<\/strong>[\/vc_column_text][vc_toggle title=\u201cLearn more\u201d size=\u201csm\u201d custom_font_container=\u201ctag:p|text_align:left\u201d custom_use_theme_fonts=\u201cyes\u201d use_custom_heading=\u201ctrue\u201d css=\u201d.vc_custom_1787836782202{margin-top: 0px !important;padding-top: 0px !important;padding-left: 50px !important;}\u201d]Chale Nafus was born in Dallas and atten\u00added public schools. He spent sum\u00admers in the 1950s at his sis\u00adter\u2019s ranch in Comanche County and lear\u00adned Spanish from his class\u00adma\u00adtes and drea\u00admed of lea\u00adving Dallas. After stu\u00addy\u00ading at the University of Texas at Arlington, the Universidad Aut\u00f3noma de M\u00e9xico, and UT Austin, he began a long tea\u00adching care\u00ader at various col\u00adleges. After reti\u00adring in 1998, he spent four years tra\u00adve\u00adling and wri\u00adting befo\u00adre joi\u00adning the Austin Film Society as pro\u00adgram direc\u00adtor. Now ful\u00adly reti\u00adred, he ser\u00adves on the boards of the Austin Film Society and OUTsider Fest, as well as on the advi\u00adso\u00adry com\u00admit\u00adtees of IndieMeme and Cine Las Americas.[\/vc_toggle][\/vc_column_inner][vc_column_inner width=\u201c1\/3\u201d css=\u201d.vc_custom_1653403042561{background-color: rgba(255,255,255,0.8) !important;*background-color: rgb(255,255,255) !important;}\u201d][vc_single_image image=\u201c29070\u201d img_size=\u201c300x400\u201d alignment=\u201ccenter\u201d style=\u201cvc_box_rounded\u201d onclick=\u201clink_image\u201d css_animation=\u201cappear\u201d][vc_column_text css=\u201d.vc_custom_1787836711092{padding-left: 50px !important;}\u201d]<strong>Vladek Juszkiewicz<\/strong>[\/vc_column_text][vc_toggle title=\u201cLearn more\u201d size=\u201csm\u201d custom_font_container=\u201ctag:p|text_align:left\u201d custom_use_theme_fonts=\u201cyes\u201d use_custom_heading=\u201ctrue\u201d css=\u201d.vc_custom_1787836843762{margin-top: 0px !important;padding-top: 0px !important;padding-left: 50px !important;}\u201d]Vladek Juszkiewicz was born in Glog\u00f3w, Poland, and stu\u00addi\u00aded engi\u00adnee\u00adring at the Szczecin University of Technology. After working as a mana\u00adger for the Polish sin\u00adger Maryla Rodowicz, he moved to the United States, whe\u00adre he col\u00adla\u00adbo\u00adra\u00adted on ele\u00adven films with Paul Leder. In 1999, he foun\u00added the Polish Film Festival Los Angeles, ser\u00adving as its direc\u00adtor until 2019. Today, he ser\u00adves as the festival\u2019s pro\u00adgram direc\u00adtor. For his dedi\u00adca\u00adti\u00adon to pro\u00admo\u00adting Polish cul\u00adtu\u00adre, he was award\u00aded, among other honors, the Knight\u2019s Cross and the Officer\u2019s Cross, as well as the Gloria Artis.[\/vc_toggle][\/vc_column_inner][\/vc_row_inner][vc_row_inner][vc_column_inner width=\u201c1\/3\u201d css=\u201d.vc_custom_1653403062821{background-color: rgba(255,255,255,0.8) !important;*background-color: rgb(255,255,255) !important;}\u201d][vc_single_image image=\u201c29072\u201d img_size=\u201c300x400\u201d alignment=\u201ccenter\u201d style=\u201cvc_box_rounded\u201d onclick=\u201clink_image\u201d css_animation=\u201cappear\u201d][vc_column_text css=\u201d.vc_custom_1787836906572{padding-left: 50px !important;}\u201d]<strong>Nellie Tehrani-Ryce<\/strong>[\/vc_column_text][vc_toggle title=\u201cLearn more\u201d size=\u201csm\u201d custom_font_container=\u201ctag:p|text_align:left\u201d custom_use_theme_fonts=\u201cyes\u201d use_custom_heading=\u201ctrue\u201d css=\u201d.vc_custom_1787837692067{margin-top: 0px !important;padding-top: 0px !important;padding-left: 50px !important;}\u201d]Nellie Tehrani-Ryce is an edi\u00adtor, fes\u00adti\u00adval repor\u00adter, and expert in the ani\u00adma\u00adti\u00adon indus\u00adtry, with more than two deca\u00addes of expe\u00adri\u00adence in film and ani\u00adma\u00adti\u00adon. As an asso\u00adcia\u00adte edi\u00adtor at Cinema Without Borders, she covers inter\u00adna\u00adtio\u00adnal film fes\u00adti\u00advals, con\u00adducts inter\u00adviews with film\u00adma\u00adkers, and helps deve\u00adlop the publication\u2019s edi\u00adto\u00adri\u00adal con\u00adtent. She also ser\u00adves as pro\u00adgram direc\u00adtor for International Animation Day in Los Angeles, whe\u00adre she cura\u00adtes pro\u00adgrams and sup\u00adports emer\u00adging talent. Previously, she held lea\u00adder\u00adship posi\u00adti\u00adons at Paramount Animation, Psyop, Technicolor, and Animation Magazine.[\/vc_toggle][\/vc_column_inner][vc_column_inner width=\u201c1\/3\u201d css=\u201d.vc_custom_1755095062416{background-color: rgba(255,255,255,0.8) !important;*background-color: rgb(255,255,255) !important;}\u201d][vc_single_image image=\u201c23587\u201d img_size=\u201c300x400\u201d alignment=\u201ccenter\u201d style=\u201cvc_box_rounded\u201d onclick=\u201clink_image\u201d css_animation=\u201cappear\u201d][vc_column_text css=\u201d.vc_custom_1787836926605{padding-left: 50px !important;}\u201d]<strong>Abbas Yari<\/strong>[\/vc_column_text][vc_toggle title=\u201cLearn more\u201d size=\u201csm\u201d custom_font_container=\u201ctag:p|text_align:left\u201d custom_use_theme_fonts=\u201cyes\u201d use_custom_heading=\u201ctrue\u201d css=\u201d.vc_custom_1787837629946{margin-top: 0px !important;padding-top: 0px !important;padding-left: 50px !important;}\u201d]Abbas Yari is an Iranian jour\u00adna\u00adlist and film cri\u00adtic born in Arak. He gra\u00addua\u00adted from the School of Television and Cinema in 1975. Yari began his jour\u00adna\u00adli\u00adstic care\u00ader at Sobh e Emrouz, Tehran Mosavvar, and Kayhan befo\u00adre co-foun\u00adding the film maga\u00adzi\u00adne, which he edi\u00adted until 2021. Yari is curr\u00adent\u00adly edi\u00adtor-in-chief of Cinemaye Bedoon Marz, a new Iranian online film plat\u00adform. He was also invol\u00adved in foun\u00adding the Iranian Film Museum in Tehran and the Foundation for Film Critics and Writers on Iranian Cinema, and he orga\u00adni\u00adzes cul\u00adtu\u00adral events in Arak.[\/vc_toggle][\/vc_column_inner][vc_column_inner width=\u201c1\/3\u201d css=\u201d.vc_custom_1755095100549{background-color: rgba(255,255,255,0.8) !important;*background-color: rgb(255,255,255) !important;}\u201d][vc_single_image image=\u201c28926\u201d img_size=\u201c300x400\u201d alignment=\u201ccenter\u201d style=\u201cvc_box_rounded\u201d onclick=\u201clink_image\u201d css_animation=\u201cappear\u201d][vc_column_text css=\u201d.vc_custom_1787836970515{padding-left: 50px !important;}\u201d]<strong>Hamed Soleimanzadeh<\/strong>[\/vc_column_text][vc_toggle title=\u201cLearn more\u201d size=\u201csm\u201d custom_font_container=\u201ctag:p|text_align:left\u201d custom_use_theme_fonts=\u201cyes\u201d use_custom_heading=\u201ctrue\u201d css=\u201d.vc_custom_1787837779266{margin-top: 0px !important;padding-top: 0px !important;padding-left: 50px !important;}\u201d]Hamed Soleimanzadeh is a film cri\u00adtic, film\u00adma\u00adker, and uni\u00adver\u00adsi\u00adty lec\u00adtu\u00adrer spe\u00adcia\u00adli\u00adzing in film stu\u00addies in Germany and Italy. He ear\u00adned his doc\u00adto\u00adra\u00adte in film and phi\u00adlo\u00adso\u00adphy from the Berlin University of the Arts. He has ser\u00adved as a jury mem\u00adber at more than 50 inter\u00adna\u00adtio\u00adnal film fes\u00adti\u00advals and film award cere\u00admo\u00adnies, inclu\u00adding tho\u00adse in Cannes, Berlin, and Karlovy Vary. He has also direc\u00adted seve\u00adral short films and published books and num\u00ade\u00adrous artic\u00adles on film, phi\u00adlo\u00adso\u00adphy, thea\u00adter, cul\u00adtu\u00adre, and media. He is the direc\u00adtor of the Koker International Short Film Festival in Berlin and a mem\u00adber of FIPRESCI.[\/vc_toggle][\/vc_column_inner][\/vc_row_inner][vc_row_inner][vc_column_inner][vc_empty_space][\/vc_column_inner][\/vc_row_inner][\/vc_column][\/vc_row][vc_row full_width=\u201cstretch_row\u201d css=\u201d.vc_custom_1756996863029{padding-top: 50px !important;padding-bottom: 50px !important;background-image: url(https:\/\/lucas-filmfestival.de\/medien\/2021\/03\/Youngsters-Jury-mit-Darsteller-Nathan-Le-Graciet_c_Oliver-Leicht1920x1080.jpg?id=921) !important;background-position: cen\u00adter !important;background-repeat: no-repeat !important;background-size: cover !important;}\u201d el_id=\u201cfilmguests\u201d el_class=\u201chintergrund\u201d][vc_column][vc_row_inner][vc_column_inner][vc_single_image image=\u201c876\u201d img_size=\u201c215x50\u201d css=\u201d.vc_custom_1627635827456{margin-bottom: 0px !important;padding-top: 18px !important;padding-right: 18px !important;padding-bottom: 24px !important;padding-left: 18px !important;background-color: rgba(255,255,255,0.8) !important;*background-color: rgb(255,255,255) !important;}\u201d][vc_column_text css=\u201d.vc_custom_1787837816147{padding-top: 10px !important;padding-right: 18px !important;padding-bottom: 10px !important;padding-left: 18px !important;background-color: rgba(255,255,255,0.8) !important;*background-color: rgb(255,255,255) !important;}\u201d]<\/p>\n<h2>Film Guests<\/h2>\n<p>[\/vc_column_text][vc_column_text css=\u201d.vc_custom_1787837838275{padding-top: 20px !important;padding-right: 30px !important;padding-bottom: 20px !important;padding-left: 30px !important;background-color: rgba(255,255,255,0.8) !important;*background-color: rgb(255,255,255) !important;}\u201d]<\/p>\n<p style=\"text-align: justify;\">For its 49th edi\u00adti\u00adon, LUCAS wel\u00adco\u00admes num\u00ade\u00adrous film guests on site at the fes\u00adti\u00adval cine\u00admas or in online dis\u00adcus\u00adsions. All film scree\u00adnings are hos\u00adted by film educators.<\/p>\n<p><strong>The film guests of LUCAS #49 will be announ\u00adced as they are con\u00adfirm\u00aded.<\/strong>[\/vc_column_text][\/vc_column_inner][\/vc_row_inner]<\/p><div class=\"ult_exp_section_layer ult-adjust-bottom-margin  \">\n\t<div id=\"uvc-exp-wrap-9772\" data-ultimate-target=\"#uvc-exp-wrap-9772\" data-responsive-json-new=\"{&quot;font-size&quot;:&quot;desktop:20px;&quot;,&quot;line-height&quot;:&quot;desktop:20px;&quot;}\" class=\"ult_exp_section  ult-responsive \" style=\"color:#333333;background-color:rgba(255,255,255,0.8); font-weight:normal;margin-right:15px;margin-left:15px; text-align:left;\" data-textcolor=\"#333333\" data-texthover=\"#333333\" data-icncolor=\"#333333\" data-ihover=\"#333333\" data-height=\"0\" data-cntbg=\"rgba(255,255,255,0.8)\" data-cnthvrbg=\"rgba(255,255,255,0.8)\" data-headerbg=\"rgba(255,255,255,0.8)\" data-headerhover=\"rgba(255,255,255,0.8)\" data-title=\"FR, Sept. 25\" data-newtitle=\"FR, Sept. 25\" data-icon=\"Defaults-plus\" data-newicon=\"Defaults-minus\" data-activeicon=\"#333333\" data-effect=\"slideToggle\" data-override=\"0\" data-activetitle=\"#333333\" data-activebg=\"rgba(255,255,255,0.8)\" data-img data-newimg><div class=\"ult_exp_section-main ult_expleft_icon\">\t<div class=\"ult-just-icon-wrapper ult_exp_icon\">\n\t\t\t\t\t<div class=\"align-icon \">\n\t\t\t\t\t\t\n<span class=\"aio-icon  none  ult_expsection_icon \" style=\"color:#333333;font-size:32px;\">\n\t<i class=\"Defaults-plus ult_ex_icon\"><\/i>\n<\/span>\n\t\t\t\t\t<\/div>\n\t\t\t\t<\/div>\n\t\t\t\t<div class=\"ult_expheader\">FR, Sept.&nbsp;25&nbsp;<\/div>\n\t\t\t<\/div>\n\t\t<\/div><div class=\"ult_exp_content \" style=\"background-color:rgba(255,255,255,0.8); margin-right:15px;margin-left:15px;\"><div class=\"ult_ecpsub_cont\" style=\" \">[vc_row_inner][vc_column_inner width=\u201c1\/3\u201d][vc_single_image image=\u201c29024\u201d img_size=\u201c300x400\u201d][vc_column_text]\n<p style=\"text-align: left;\"><b>Prof. Dr. Felix Manuel Nuss<br>\n<\/b>Professor of Social Work | Expert on the film <a href=\"https:\/\/lucas-filmfestival.de\/en\/film-2026\/system-crasher\/\" target=\"_blank\" rel=\"noopener\">SYSTEM CRASHER<\/a> (\u00bbYoung European Cinephiles\u00ab)<strong><br>\n<\/strong><\/p>\n<p style=\"text-align: left;\"><strong>On site&nbsp;Guest:<\/strong><br>\n5:15 p.m. | DFF Cinema<\/p>\n<p>[\/vc_column_text][\/vc_column_inner][vc_column_inner width=\u201c1\/3\u201d][\/vc_column_inner][vc_column_inner width=\u201c1\/3\u201d][\/vc_column_inner][\/vc_row_inner]<\/p><\/div><\/div>\n\n\t\t\t<\/div><div class=\"ult_exp_section_layer ult-adjust-bottom-margin  \">\n\t<div id=\"uvc-exp-wrap-7989\" data-ultimate-target=\"#uvc-exp-wrap-7989\" data-responsive-json-new=\"{&quot;font-size&quot;:&quot;desktop:20px;&quot;,&quot;line-height&quot;:&quot;desktop:20px;&quot;}\" class=\"ult_exp_section  ult-responsive \" style=\"color:#333333;background-color:rgba(255,255,255,0.8); font-weight:normal;margin-right:15px;margin-left:15px; text-align:left;\" data-textcolor=\"#333333\" data-texthover=\"#333333\" data-icncolor=\"#333333\" data-ihover=\"#333333\" data-height=\"0\" data-cntbg=\"rgba(255,255,255,0.8)\" data-cnthvrbg=\"rgba(255,255,255,0.8)\" data-headerbg=\"rgba(255,255,255,0.8)\" data-headerhover=\"rgba(255,255,255,0.8)\" data-title=\"SA, Sept. 26\" data-newtitle=\"SA, Sept. 26\" data-icon=\"Defaults-plus\" data-newicon=\"Defaults-minus\" data-activeicon=\"#333333\" data-effect=\"slideToggle\" data-override=\"0\" data-activetitle=\"#333333\" data-activebg=\"rgba(255,255,255,0.8)\" data-img data-newimg><div class=\"ult_exp_section-main ult_expleft_icon\">\t<div class=\"ult-just-icon-wrapper ult_exp_icon\">\n\t\t\t\t\t<div class=\"align-icon \">\n\t\t\t\t\t\t\n<span class=\"aio-icon  none  ult_expsection_icon \" style=\"color:#333333;font-size:32px;\">\n\t<i class=\"Defaults-plus ult_ex_icon\"><\/i>\n<\/span>\n\t\t\t\t\t<\/div>\n\t\t\t\t<\/div>\n\t\t\t\t<div class=\"ult_expheader\">SA, Sept.&nbsp;26&nbsp;<\/div>\n\t\t\t<\/div>\n\t\t<\/div><div class=\"ult_exp_content \" style=\"background-color:rgba(255,255,255,0.8); margin-right:15px;margin-left:15px;\"><div class=\"ult_ecpsub_cont\" style=\" \">[vc_row_inner][vc_column_inner width=\u201c1\/3\u201d][vc_single_image image=\u201c27238\u201d img_size=\u201c300x400\u201d][vc_column_text]\n<p style=\"text-align: left;\"><b>B\u00e9rang\u00e8re McNeese<br>\n<\/b>Director of <a href=\"https:\/\/lucas-filmfestival.de\/en\/film-2026\/the-girls-from-above\/\" target=\"_blank\" rel=\"noopener\">THE GIRLS FROM ABOVE<\/a> (Competition \u00bbYoungsters\u00ab)<strong><br>\n<\/strong><\/p>\n<p style=\"text-align: left;\"><strong>On site&nbsp;Guest:<\/strong><br>\n8 p.m. | DFF Cinema<\/p>\n<p>[\/vc_column_text][\/vc_column_inner][vc_column_inner width=\u201c1\/3\u201d][vc_single_image image=\u201c29106\u201d img_size=\u201c300x400\u201d][vc_column_text]<\/p>\n<p style=\"text-align: left;\"><b>Semih Korhan G\u00fcner<br>\n<\/b>Director of <a href=\"https:\/\/lucas-filmfestival.de\/en\/film-2026\/my-sisters-sandal\/\" target=\"_blank\" rel=\"noopener\">MY SISTER\u2019S SANDAL<\/a> (Competition \u00bbShort film Youngsters\u00ab)<strong><br>\n<\/strong><\/p>\n<p style=\"text-align: left;\"><strong>On site&nbsp;Guest:<\/strong><br>\n10 a.m. | DFF Cinema<\/p>\n<p>[\/vc_column_text][\/vc_column_inner][vc_column_inner width=\u201c1\/3\u201d][\/vc_column_inner][\/vc_row_inner]<\/p><\/div><\/div>\n\n\t\t\t<\/div><div class=\"ult_exp_section_layer ult-adjust-bottom-margin  \">\n\t<div id=\"uvc-exp-wrap-1156\" data-ultimate-target=\"#uvc-exp-wrap-1156\" data-responsive-json-new=\"{&quot;font-size&quot;:&quot;desktop:20px;&quot;,&quot;line-height&quot;:&quot;desktop:20px;&quot;}\" class=\"ult_exp_section  ult-responsive \" style=\"color:#333333;background-color:rgba(255,255,255,0.8); font-weight:normal;margin-right:15px;margin-left:15px; text-align:left;\" data-textcolor=\"#333333\" data-texthover=\"#333333\" data-icncolor=\"#333333\" data-ihover=\"#333333\" data-height=\"0\" data-cntbg=\"rgba(255,255,255,0.8)\" data-cnthvrbg=\"rgba(255,255,255,0.8)\" data-headerbg=\"rgba(255,255,255,0.8)\" data-headerhover=\"rgba(255,255,255,0.8)\" data-title=\"SUN, Sept. 27\" data-newtitle=\"SUN, Sept. 27\" data-icon=\"Defaults-plus\" data-newicon=\"Defaults-minus\" data-activeicon=\"#333333\" data-effect=\"slideToggle\" data-override=\"0\" data-activetitle=\"#333333\" data-activebg=\"rgba(255,255,255,0.8)\" data-img data-newimg><div class=\"ult_exp_section-main ult_expleft_icon\">\t<div class=\"ult-just-icon-wrapper ult_exp_icon\">\n\t\t\t\t\t<div class=\"align-icon \">\n\t\t\t\t\t\t\n<span class=\"aio-icon  none  ult_expsection_icon \" style=\"color:#333333;font-size:32px;\">\n\t<i class=\"Defaults-plus ult_ex_icon\"><\/i>\n<\/span>\n\t\t\t\t\t<\/div>\n\t\t\t\t<\/div>\n\t\t\t\t<div class=\"ult_expheader\">SUN, Sept.&nbsp;27&nbsp;<\/div>\n\t\t\t<\/div>\n\t\t<\/div><div class=\"ult_exp_content \" style=\"background-color:rgba(255,255,255,0.8); margin-right:15px;margin-left:15px;\"><div class=\"ult_ecpsub_cont\" style=\" \">[vc_row_inner][vc_column_inner width=\u201c1\/3\u201d][vc_single_image image=\u201c28919\u201d img_size=\u201c300x400\u201d][vc_column_text]\n<p style=\"text-align: left;\"><b>Fabian Erlingh\u00e4user<br>\n<\/b>Head of Animation at Cartoon Saloon for <a href=\"https:\/\/lucas-filmfestival.de\/en\/film-2026\/julian\/\" target=\"_blank\" rel=\"noopener\">JULI\u00c1N<\/a> (Competition \u00bbKids\u00ab)<strong><br>\n<\/strong><\/p>\n<p style=\"text-align: left;\"><strong>On site&nbsp;Guest:<\/strong><br>\n1:30 p.m. | DFF Cinema<\/p>\n<p>[\/vc_column_text][\/vc_column_inner][vc_column_inner width=\u201c1\/3\u201d][\/vc_column_inner][vc_column_inner width=\u201c1\/3\u201d][\/vc_column_inner][\/vc_row_inner]<\/p><\/div><\/div>\n\n\t\t\t<\/div><div class=\"ult_exp_section_layer ult-adjust-bottom-margin  \">\n\t<div id=\"uvc-exp-wrap-5749\" data-ultimate-target=\"#uvc-exp-wrap-5749\" data-responsive-json-new=\"{&quot;font-size&quot;:&quot;desktop:20px;&quot;,&quot;line-height&quot;:&quot;desktop:20px;&quot;}\" class=\"ult_exp_section  ult-responsive \" style=\"color:#333333;background-color:rgba(255,255,255,0.8); font-weight:normal;margin-right:15px;margin-left:15px; text-align:left;\" data-textcolor=\"#333333\" data-texthover=\"#333333\" data-icncolor=\"#333333\" data-ihover=\"#333333\" data-height=\"0\" data-cntbg=\"rgba(255,255,255,0.8)\" data-cnthvrbg=\"rgba(255,255,255,0.8)\" data-headerbg=\"rgba(255,255,255,0.8)\" data-headerhover=\"rgba(255,255,255,0.8)\" data-title=\"MON, Sept. 28\" data-newtitle=\"MON, Sept. 28\" data-icon=\"Defaults-plus\" data-newicon=\"Defaults-minus\" data-activeicon=\"#333333\" data-effect=\"slideToggle\" data-override=\"0\" data-activetitle=\"#333333\" data-activebg=\"rgba(255,255,255,0.8)\" data-img data-newimg><div class=\"ult_exp_section-main ult_expleft_icon\">\t<div class=\"ult-just-icon-wrapper ult_exp_icon\">\n\t\t\t\t\t<div class=\"align-icon \">\n\t\t\t\t\t\t\n<span class=\"aio-icon  none  ult_expsection_icon \" style=\"color:#333333;font-size:32px;\">\n\t<i class=\"Defaults-plus ult_ex_icon\"><\/i>\n<\/span>\n\t\t\t\t\t<\/div>\n\t\t\t\t<\/div>\n\t\t\t\t<div class=\"ult_expheader\">MON, Sept.&nbsp;28&nbsp;<\/div>\n\t\t\t<\/div>\n\t\t<\/div><div class=\"ult_exp_content \" style=\"background-color:rgba(255,255,255,0.8); margin-right:15px;margin-left:15px;\"><div class=\"ult_ecpsub_cont\" style=\" \">[vc_row_inner][vc_column_inner width=\u201c1\/3\u201d][vc_single_image image=\u201c27250\u201d img_size=\u201c300x400\u201d][vc_column_text]\n<p style=\"text-align: left;\"><b>Nicol\u00e1s Rinc\u00f3n Gille<br>\n<\/b>Director of <a href=\"https:\/\/lucas-filmfestival.de\/en\/film-2026\/iluminada\/\" target=\"_blank\" rel=\"noopener\">ILUMINADA<\/a> (Competition \u00bbYoungsters\u00ab)<strong><br>\n<\/strong><\/p>\n<p style=\"text-align: left;\"><strong>Online Guest:<\/strong><br>\n8 p.m. | DFF Cinema<\/p>\n<p>[\/vc_column_text][\/vc_column_inner][vc_column_inner width=\u201c1\/3\u201d][\/vc_column_inner][vc_column_inner width=\u201c1\/3\u201d][\/vc_column_inner][\/vc_row_inner]<\/p><\/div><\/div>\n\n\t\t\t<\/div><div class=\"ult_exp_section_layer ult-adjust-bottom-margin  \">\n\t<div id=\"uvc-exp-wrap-1844\" data-ultimate-target=\"#uvc-exp-wrap-1844\" data-responsive-json-new=\"{&quot;font-size&quot;:&quot;desktop:20px;&quot;,&quot;line-height&quot;:&quot;desktop:20px;&quot;}\" class=\"ult_exp_section  ult-responsive \" style=\"color:#333333;background-color:rgba(255,255,255,0.8); font-weight:normal;margin-right:15px;margin-left:15px; text-align:left;\" data-textcolor=\"#333333\" data-texthover=\"#333333\" data-icncolor=\"#333333\" data-ihover=\"#333333\" data-height=\"0\" data-cntbg=\"rgba(255,255,255,0.8)\" data-cnthvrbg=\"rgba(255,255,255,0.8)\" data-headerbg=\"rgba(255,255,255,0.8)\" data-headerhover=\"rgba(255,255,255,0.8)\" data-title=\"WED, Sept. 29\" data-newtitle=\"WED, Sept. 29\" data-icon=\"Defaults-plus\" data-newicon=\"Defaults-minus\" data-activeicon=\"#333333\" data-effect=\"slideToggle\" data-override=\"0\" data-activetitle=\"#333333\" data-activebg=\"rgba(255,255,255,0.8)\" data-img data-newimg><div class=\"ult_exp_section-main ult_expleft_icon\">\t<div class=\"ult-just-icon-wrapper ult_exp_icon\">\n\t\t\t\t\t<div class=\"align-icon \">\n\t\t\t\t\t\t\n<span class=\"aio-icon  none  ult_expsection_icon \" style=\"color:#333333;font-size:32px;\">\n\t<i class=\"Defaults-plus ult_ex_icon\"><\/i>\n<\/span>\n\t\t\t\t\t<\/div>\n\t\t\t\t<\/div>\n\t\t\t\t<div class=\"ult_expheader\">WED, Sept.&nbsp;29&nbsp;<\/div>\n\t\t\t<\/div>\n\t\t<\/div><div class=\"ult_exp_content \" style=\"background-color:rgba(255,255,255,0.8); margin-right:15px;margin-left:15px;\"><div class=\"ult_ecpsub_cont\" style=\" \">[vc_row_inner][vc_column_inner width=\u201c1\/3\u201d][vc_single_image image=\u201c27260\u201d img_size=\u201c300x400\u201d][vc_column_text]\n<p style=\"text-align: left;\"><b>NB Mager<br>\n<\/b>Director of <a href=\"https:\/\/lucas-filmfestival.de\/en\/film-2026\/run-amok\/\" target=\"_blank\" rel=\"noopener\">RUN AMOK<\/a> (Competition \u00bbTeens\u00ab)<strong><br>\n<\/strong><\/p>\n<p style=\"text-align: left;\"><strong>Online Guest:<\/strong><br>\n8 p.m. | DFF Cinema<\/p>\n<p>[\/vc_column_text][\/vc_column_inner][vc_column_inner width=\u201c1\/3\u201d][vc_single_image image=\u201c29104\u201d img_size=\u201c300x400\u201d][vc_column_text]<\/p>\n<p style=\"text-align: left;\"><b>Benjamin Hujawa<br>\n<\/b>Director of <a href=\"https:\/\/lucas-filmfestival.de\/en\/film-2026\/trophaee\/\" target=\"_blank\" rel=\"noopener\">TROPHY<\/a> (Competition Shortfilm \u00bbTeens\u00ab)<strong><br>\n<\/strong><\/p>\n<p style=\"text-align: left;\"><strong>Online Guest:<\/strong><br>\n11:30 a.m. | Cin\u00e9ma<\/p>\n<p>[\/vc_column_text][\/vc_column_inner][vc_column_inner width=\u201c1\/3\u201d][vc_single_image image=\u201c29106\u201d img_size=\u201c300x400\u201d][vc_column_text]<\/p>\n<p style=\"text-align: left;\"><b>Semih Korhan G\u00fcner<br>\n<\/b>Director of <a href=\"https:\/\/lucas-filmfestival.de\/en\/film-2026\/my-sisters-sandal\/\" target=\"_blank\" rel=\"noopener\">MY SISTER\u2019S SANDAL<\/a> (Competition Shortfilm \u00bbKids\u00ab)<strong><br>\n<\/strong><\/p>\n<p style=\"text-align: left;\"><strong>On site&nbsp;Guest:<\/strong><br>\n11 a.m. | Cin\u00e9ma<\/p>\n<p>[\/vc_column_text][\/vc_column_inner][\/vc_row_inner]<\/p><\/div><\/div>\n\n\t\t\t<\/div>[\/vc_column][\/vc_row][vc_row full_width=\u201cstretch_row\u201d disable_element=\u201cyes\u201d css=\u201d.vc_custom_1781791879915{padding-top: 50px !important;padding-bottom: 50px !important;background-image: url(https:\/\/lucas-filmfestival.de\/medien\/2021\/03\/Youngsters-Jury-mit-Darsteller-Nathan-Le-Graciet_c_Oliver-Leicht1920x1080.jpg?id=921) !important;background-position: cen\u00adter !important;background-repeat: no-repeat !important;background-size: cover !important;}\u201d el_class=\u201chintergrund\u201d][vc_column][vc_row_inner][vc_column_inner width=\u201c1\/2\u201d][vc_single_image image=\u201c876\u201d img_size=\u201c215x50\u201d css=\u201d.vc_custom_1627635827456{margin-bottom: 0px !important;padding-top: 18px !important;padding-right: 18px !important;padding-bottom: 24px !important;padding-left: 18px !important;background-color: rgba(255,255,255,0.8) !important;*background-color: rgb(255,255,255) !important;}\u201d][vc_column_text css=\u201d.vc_custom_1781791986208{padding-top: 10px !important;padding-right: 18px !important;padding-bottom: 10px !important;padding-left: 18px !important;background-color: rgba(255,255,255,0.8) !important;*background-color: rgb(255,255,255) !important;}\u201d]\n<h2>Film Guests 2026<\/h2>\n<p>[\/vc_column_text][vc_column_text css=\u201d.vc_custom_1781791975588{padding-top: 20px !important;padding-right: 30px !important;padding-bottom: 20px !important;padding-left: 30px !important;background-color: rgba(255,255,255,0.8) !important;*background-color: rgb(255,255,255) !important;}\u201d]<\/p>\n<p style=\"text-align: justify;\">For its 49th edi\u00adti\u00adon, LUCAS wel\u00adco\u00admes num\u00ade\u00adrous film guests on site at the fes\u00adti\u00adval cine\u00admas or in online dis\u00adcus\u00adsions. All film scree\u00adnings are hos\u00adted by film edu\u00adca\u00adtors. In addi\u00adti\u00adon, some <strong>\u00bbFilm Talks in Advance\u00ab<\/strong> on com\u00adpe\u00adti\u00adti\u00adon films have once again been crea\u00adted as part of a \u00bbGet Involved!\u00ab project.<\/p>\n<p><strong>The film guests of LUCAS #49 will be announ\u00adced here one by one.<\/strong>[\/vc_column_text][\/vc_column_inner][vc_column_inner width=\u201c1\/2\u201d][vc_empty_space height=\u201c195px\u201d]<\/p><div class=\"ult_exp_section_layer ult-adjust-bottom-margin  \">\n\t<div id=\"uvc-exp-wrap-7228\" data-ultimate-target=\"#uvc-exp-wrap-7228\" data-responsive-json-new=\"{&quot;font-size&quot;:&quot;desktop:20px;&quot;,&quot;line-height&quot;:&quot;desktop:20px;&quot;}\" class=\"ult_exp_section  ult-responsive \" style=\"color:#333333;background-color:rgba(255,255,255,0.8); font-weight:normal;margin-right:15px;margin-bottom:15px;margin-left:15px; text-align:left;\" data-textcolor=\"#333333\" data-texthover=\"#333333\" data-icncolor=\"#333333\" data-ihover=\"#333333\" data-height=\"0\" data-cntbg=\"rgba(255,255,255,0.8)\" data-cnthvrbg=\"rgba(255,255,255,0.8)\" data-headerbg=\"rgba(255,255,255,0.8)\" data-headerhover=\"rgba(255,255,255,0.8)\" data-title=\"\u00bbFilm Talk in Advance\u00ab\" data-newtitle=\"\u00bbFilm Talk in Advance\u00ab\" data-icon=\"Defaults-plus\" data-newicon=\"Defaults-minus\" data-activeicon=\"#333333\" data-effect=\"slideToggle\" data-override=\"0\" data-activetitle=\"#333333\" data-activebg=\"rgba(255,255,255,0.8)\" data-img data-newimg><div class=\"ult_exp_section-main ult_expleft_icon\">\t<div class=\"ult-just-icon-wrapper ult_exp_icon\">\n\t\t\t\t\t<div class=\"align-icon \">\n\t\t\t\t\t\t\n<span class=\"aio-icon  none  ult_expsection_icon \" style=\"color:#333333;font-size:32px;\">\n\t<i class=\"Defaults-plus ult_ex_icon\"><\/i>\n<\/span>\n\t\t\t\t\t<\/div>\n\t\t\t\t<\/div>\n\t\t\t\t<div class=\"ult_expheader\">\u00bbFilm Talk in Advance\u00ab&nbsp;<\/div>\n\t\t\t<\/div>\n\t\t<\/div><div class=\"ult_exp_content \" style=\"background-color:rgba(255,255,255,0.8); margin-right:15px;margin-bottom:15px;margin-left:15px;\"><div class=\"ult_ecpsub_cont\" style=\" \">[vc_column_text css=\u201d.vc_custom_1781792062247{padding-top: 20px !important;padding-right: 30px !important;padding-bottom: 20px !important;padding-left: 30px !important;background-color: rgba(255,255,255,0.8) !important;*background-color: rgb(255,255,255) !important;}\u201d]<strong>The \u00bbFilm Talks in Advance\u00ab for LUCAS #49 will be published here one by one.<\/strong>[\/vc_column_text]<\/div><\/div>\n\n\t\t\t<\/div>[\/vc_column_inner][\/vc_row_inner][\/vc_column][\/vc_row][vc_row full_width=\u201cstretch_row\u201d css=\u201d.vc_custom_1787838287592{padding-top: 50px !important;padding-bottom: 50px !important;background-color: #ff6347 !important;}\u201d el_id=\u201cgreetings\u201d][vc_column][vc_row_inner][vc_column_inner][vc_single_image image=\u201c876\u201d img_size=\u201c215x50\u201d][vc_column_text]\n<h2>Greetings<\/h2>\n<p>[\/vc_column_text][\/vc_column_inner][\/vc_row_inner][vc_row_inner][vc_column_inner width=\u201c1\/4\u201d][vc_single_image image=\u201c23398\u201d img_size=\u201c300x400\u201d add_caption=\u201cyes\u201d][vc_column_text]<strong>Julia Flei\u00dfig,<br>\n<\/strong><strong>Festival Director<\/strong>[\/vc_column_text][\/vc_column_inner][vc_column_inner width=\u201c3\/4\u201d][vc_column_text]<strong>OFF TO THE CINEMA!<\/strong><\/p>\n<p>We did it! Getting LUCAS #49 off the ground was a par\u00adti\u00adcu\u00adlar chall\u00adenge. So far, we have suc\u00adcee\u00added \u2013 we have put tog\u00ade\u00adther a high-calib\u00adre, tru\u00adly inter\u00adna\u00adtio\u00adnal com\u00adpe\u00adti\u00adti\u00adon fea\u00adturing num\u00ade\u00adrous German pre\u00admie\u00adres. Now we want the fes\u00adti\u00adval pro\u00adgram\u00adme to reach as many young peo\u00adp\u00adle as pos\u00adsi\u00adble, which is why LUCAS will be visi\u00adting six cine\u00admas in four cities for the first time this year \u2013 and we are thril\u00adled to also be brin\u00adging the fes\u00adti\u00adval to KINOPOLIS Bad Homburg.<\/p>\n<p>In the\u00adse times of dwind\u00adling finan\u00adcial resour\u00adces, we have set a deli\u00adca\u00adte motif against the effort of brin\u00adging this edi\u00adti\u00adon to life: soap bubbles. With their shim\u00adme\u00adring colours, they stand for the beau\u00adty of the moment, for light-hear\u00adted\u00adness, joy, play and the magic of child\u00adhood. But they are also an image of the flee\u00adting natu\u00adre of things, of shat\u00adte\u00adred dreams and tran\u00adsi\u00adence. The \u00bbYoung European Cinephiles\u00ab, or YECs for short, have taken on a simi\u00adlar\u00adly fra\u00adgi\u00adle and deli\u00adca\u00adte con\u00adcept: jus\u00adti\u00adce. It is a vir\u00adtue that is always ori\u00aden\u00adted towards social coexis\u00adtence. It means the equal dis\u00adtri\u00adbu\u00adti\u00adon of shares and must con\u00adstant\u00adly be ren\u00adego\u00adtia\u00adted, reaf\u00adfirm\u00aded and put into prac\u00adti\u00adce. The YECs exch\u00adan\u00adged ide\u00adas and per\u00adspec\u00adti\u00adves on the topic and cura\u00adted their own film series. Among other films, they are pre\u00adsen\u00adting the ope\u00adning film THE SWALLOWS OF&nbsp;KABUL.<\/p>\n<p>I would like to extend my heart\u00adfelt thanks to all our fun\u00adders \u2013 both long-stan\u00adding and new \u2013 and to ever\u00adyo\u00adne who is con\u00adnec\u00adted to us in fri\u00adend\u00adship or part\u00adner\u00adship and helps keep film cul\u00adtu\u00adre for young audi\u00aden\u00adces ali\u00adve, not least the fan\u00adta\u00adstic LUCAS&nbsp;team.<\/p>\n<p>The fes\u00adti\u00adval week is packed with high\u00adlights both in and out\u00adside the com\u00adpe\u00adti\u00adti\u00adons. I wish you all won\u00adderful cine\u00adma\u00adtic experiences!<\/p>\n<p>\u00bbAnd \u2026 Action!\u00ab[\/vc_column_text][\/vc_column_inner][\/vc_row_inner][vc_separator color=\u201cblack\u201d align=\u201calign_right\u201d border_width=\u201c2\u201d][vc_row_inner][vc_column_inner width=\u201c1\/4\u201d][vc_single_image image=\u201c18566\u201d img_size=\u201c300x400\u201d add_caption=\u201cyes\u201d][vc_column_text]<strong>3 Questions for \u2026<br data-start=\"19\" data-end=\"22\">Timon Gremmels,<br data-start=\"37\" data-end=\"40\">Hessian Minister for Science and Research, Art and Culture<\/strong>[\/vc_column_text][\/vc_column_inner][vc_column_inner width=\u201c3\/4\u201d][vc_column_text]<strong>You recent\u00adly empha\u00adsis\u00aded that whe\u00adre\u00adver peo\u00adp\u00adle expe\u00adri\u00adence cul\u00adtu\u00adre, com\u00admu\u00adni\u00adty is crea\u00adted. What gives cul\u00adtu\u00adre this power to bring peo\u00adp\u00adle together?<\/strong><br>\nCulture brings peo\u00adp\u00adle tog\u00ade\u00adther becau\u00adse it crea\u00adtes shared expe\u00adri\u00aden\u00adces, sparks curio\u00adsi\u00adty and invi\u00adtes dia\u00adlo\u00adgue. When peo\u00adp\u00adle watch a film, attend a con\u00adcert or visit an exhi\u00adbi\u00adti\u00adon tog\u00ade\u00adther, they start tal\u00adking \u2013 inclu\u00adding about dif\u00adfe\u00adrent per\u00adspec\u00adti\u00adves and rea\u00adli\u00adties of life. These encoun\u00adters streng\u00adthen social cohe\u00adsi\u00adon and are an important foun\u00adda\u00adti\u00adon for a vibrant democracy.<\/p>\n<p><strong>How does LUCAS suc\u00adceed in brin\u00adging young peo\u00adp\u00adle tog\u00ade\u00adther and encou\u00adra\u00adging dialogue?<\/strong><br>\nShared film expe\u00adri\u00aden\u00adces pro\u00advi\u00adde an oppor\u00adtu\u00adni\u00adty for young peo\u00adp\u00adle to exch\u00adan\u00adge ide\u00adas, for exam\u00adp\u00adle about sto\u00adries, cha\u00adrac\u00adters and topics that mat\u00adter to them. That is exact\u00adly what LUCAS offers: the fes\u00adti\u00adval brings young film fans tog\u00ade\u00adther, opens up per\u00adspec\u00adti\u00adves on dif\u00adfe\u00adrent rea\u00adli\u00adties of life and invi\u00adtes them to broa\u00adden their view of film and the world. This year, LUCAS is also stop\u00adping in Bad Homburg, giving even more child\u00adren, teen\u00adagers and young adults the oppor\u00adtu\u00adni\u00adty to expe\u00adri\u00adence the festival.<\/p>\n<p><strong>LUCAS will cele\u00adbra\u00adte its 50th edi\u00adti\u00adon next year. What do you wish for the festival\u2019s future?<\/strong><br>\nI hope LUCAS will con\u00adti\u00adnue to be a place that enables dis\u00adco\u00advery, opens up spaces for reflec\u00adtion and inspi\u00adres young peo\u00adp\u00adle to enga\u00adge with film. The fact that LUCAS will cele\u00adbra\u00adte its 50th edi\u00adti\u00adon next year shows the las\u00adting impact that cul\u00adtu\u00adral enga\u00adge\u00adment can have. For the deca\u00addes ahead, I wish the fes\u00adti\u00adval the cou\u00adra\u00adge to con\u00adti\u00adnue explo\u00adring new paths and to offer its audi\u00aden\u00adces extra\u00ador\u00addi\u00adna\u00adry cine\u00adma\u00adtic experiences.[\/vc_column_text][\/vc_column_inner][\/vc_row_inner][vc_separator color=\u201cblack\u201d align=\u201calign_right\u201d border_width=\u201c2\u201d][vc_row_inner][vc_column_inner width=\u201c1\/4\u201d][vc_single_image image=\u201c18568\u201d img_size=\u201c300x400\u201d add_caption=\u201cyes\u201d][vc_column_text]<strong>3 Questions for \u2026<\/strong><br data-start=\"19\" data-end=\"22\"><strong>Mike Josef,<\/strong><br>\n<strong>Lord Mayor of the City of Frankfurt am Main and Patron of&nbsp;LUCAS<\/strong><\/p>\n<p><strong>&nbsp;<\/strong>[\/vc_column_text][\/vc_column_inner][vc_column_inner width=\u201c3\/4\u201d][vc_column_text]<strong>Why is an inter\u00adna\u00adtio\u00adnal fes\u00adti\u00adval like LUCAS such a good fit for Frankfurt?<\/strong><br>\nFrankfurt is an inter\u00adna\u00adtio\u00adnal, open-min\u00added city in the heart of Europe. People from around 180 nati\u00adons live here tog\u00ade\u00adther \u2013 we see this diver\u00adsi\u00adty as a strength. The LUCAS Film Festival show\u00adca\u00adses inter\u00adna\u00adtio\u00adnal cine\u00adma in all its diver\u00adsi\u00adty. It meets young peo\u00adp\u00adle whe\u00adre they are in their ever\u00ady\u00adday lives, while also ope\u00adning their eyes to the rea\u00adli\u00adties of their peers from all over the world. These shifts in per\u00adspec\u00adti\u00adve are a remin\u00adder to all of us to pre\u00adser\u00adve the open\u00adness and curio\u00adsi\u00adty with which child\u00adren and young peo\u00adp\u00adle so often approach the world in our ever\u00ady\u00adday&nbsp;lives.<\/p>\n<p><strong>What do you hope young peo\u00adp\u00adle who attend LUCAS will take away from the festival?<\/strong><br>\nAbove all, wat\u00adching films should be fun. Sometimes, it also encou\u00adra\u00adges us to reflect on our\u00adsel\u00adves and the world around us. I also hope that young fes\u00adti\u00adval audi\u00aden\u00adces feel seen, heard and taken serious\u00adly. Active par\u00adti\u00adci\u00adpa\u00adti\u00adon is one of the fun\u00adda\u00admen\u00adtal prin\u00adci\u00adples of our demo\u00adcra\u00adcy. It is never too ear\u00adly to learn this. At LUCAS, young peo\u00adp\u00adle can get invol\u00adved and dis\u00adco\u00adver the joy of actively sha\u00adping our socie\u00adty. Opportunities like the\u00adse are essen\u00adti\u00adal to an open and vibrant city whe\u00adre ever\u00adyo\u00adne feels welcome.<\/p>\n<p><strong>Which pro\u00adgram\u00adme high\u00adlight would you par\u00adti\u00adcu\u00adlar\u00adly recom\u00admend to families?<\/strong><br>\nFor me, the annu\u00adal fes\u00adti\u00adval Sunday is a par\u00adti\u00adcu\u00adlar high\u00adlight, when fami\u00adlies can enjoy free admis\u00adsi\u00adon to the DFF Cinema and its exhi\u00adbi\u00adti\u00adons. It is a won\u00adderful oppor\u00adtu\u00adni\u00adty for a trip to the film muse\u00adum. Discovering fes\u00adti\u00adval films tog\u00ade\u00adther on the big screen, lear\u00adning about dif\u00adfe\u00adrent film pro\u00adfes\u00adsi\u00adons through hands-on acti\u00advi\u00adties and then explo\u00adring the exhi\u00adbi\u00adti\u00adons at the DFF \u2013 this com\u00adbi\u00adna\u00adti\u00adon is what makes fes\u00adti\u00adval Sunday a spe\u00adcial expe\u00adri\u00adence for everyone.[\/vc_column_text][\/vc_column_inner][\/vc_row_inner][vc_separator color=\u201cblack\u201d align=\u201calign_right\u201d border_width=\u201c2\u201d][vc_row_inner][vc_column_inner width=\u201c1\/4\u201d][vc_single_image image=\u201c28484\u201d img_size=\u201c300x400\u201d add_caption=\u201cyes\u201d][vc_column_text]<strong>3 Questions for \u2026<br data-start=\"19\" data-end=\"22\">Christine Kopf, Artistic Director of the DFF \u2013 Deutsches Filminstitut &amp; Filmmuseum <\/strong>[\/vc_column_text][\/vc_column_inner][vc_column_inner width=\u201c3\/4\u201d][vc_column_text]<strong>What makes LUCAS an important part of the&nbsp;DFF?<\/strong><br>\nOne of the DFF\u2019s cen\u00adtral aims is to inspi\u00adre peo\u00adp\u00adle of all ages to enga\u00adge with the art of cine\u00adma. LUCAS makes an important con\u00adtri\u00adbu\u00adti\u00adon to this by mee\u00adting its young audi\u00aden\u00adces on an equal foo\u00adting and crea\u00adting oppor\u00adtu\u00adni\u00adties for them to dis\u00adco\u00adver the medi\u00adum for them\u00adsel\u00adves. There is a pro\u00adduc\u00adti\u00adve exch\u00adan\u00adge bet\u00adween the fes\u00adti\u00adval and the DFF\u2019s film edu\u00adca\u00adti\u00adon and exhi\u00adbi\u00adti\u00adon depart\u00adments, which enri\u00adches both sides. Examples of how the pro\u00adgram\u00adme bene\u00adfits from this col\u00adla\u00adbo\u00adra\u00adti\u00adon include the \u00bbMinis\u00ab pro\u00adgram\u00adme, \u00bbFocus.Film.Class\u00ab and \u00bbLUCAS for Families\u00ab.<\/p>\n<p><strong>Which film for young audi\u00aden\u00adces has par\u00adti\u00adcu\u00adlar\u00adly impres\u00adsed you in recent years \u2013 and&nbsp;why?<\/strong><br>\nI am repea\u00adted\u00adly impres\u00adsed by the films that young audi\u00aden\u00adces them\u00adsel\u00adves find inte\u00adres\u00adt\u00ading, bey\u00adond the con\u00adfi\u00adnes of a mar\u00adke\u00adting tar\u00adget group. Suddenly, they may choo\u00adse older films, films in black and white or even films wit\u00adhout dia\u00adlo\u00adgue. Involving young audi\u00aden\u00adces in cura\u00adti\u00adon, as LUCAS does, helps older gene\u00adra\u00adti\u00adons ques\u00adti\u00adon their own assump\u00adti\u00adons. Examples from the fes\u00adti\u00adval pro\u00adgram\u00admes of recent years include Charles Lane\u2019s SIDEWALK STORIES (US 1989), Fran\u00e7ois Truffaut\u2019s LES QUATRE CENTS COUPS (FR 1959) and LA HAINE (FR 1985) by Mathieu Kassovitz.<\/p>\n<p><strong>With its 49th edi\u00adti\u00adon, LUCAS is con\u00adclu\u00adding its first half-cen\u00adtu\u00adry. What should the fes\u00adti\u00adval pre\u00adser\u00adve at all&nbsp;costs?<\/strong><br>\nI hope LUCAS reta\u00adins its open\u00adness to diver\u00adse aes\u00adthe\u00adtics and per\u00adspec\u00adti\u00adves. I hope the fes\u00adti\u00adval team will con\u00adti\u00adnue to ask its\u00adelf very careful\u00adly what films a young gene\u00adra\u00adti\u00adon needs right now. What can streng\u00adthen them in a socie\u00adty drif\u00adting fur\u00adther to the right, in a demo\u00adcra\u00adcy that is incre\u00adasing\u00adly under thre\u00adat? And plea\u00adse pre\u00adser\u00adve the ener\u00adgy, enthu\u00adsi\u00adasm and resi\u00adli\u00adence it takes to put on a SUPER fes\u00adti\u00adval every year under dif\u00adfi\u00adcult finan\u00adcial circumstances.[\/vc_column_text][\/vc_column_inner][\/vc_row_inner][vc_empty_space height=\u201c50px\u201d][\/vc_column][\/vc_row]<\/p>\n<\/div>","protected":false},"excerpt":{"rendered":"<p>[vc_row full_width=\u201cstretch_row\u201d content_placement=\u201cbottom\u201d css=\u201d.vc_custom_1617092666501{padding-top: 50px !important;background-image: url(https:\/\/lucas-filmfestival.de\/medien\/2021\/03\/fassade-uwe-dettmar-dff-v2-1920px.jpg?id=884) !important;background-position: cen\u00adter !important;background-repeat: no-repeat !important;background-size: cover !important;}\u201d el_class=\u201chintergrund\u201d][vc_column][vc_row_inner css=\u201d.vc_custom_1709202160591{padding-top: 20px !important;padding-bottom: 20px !important;}\u201d][vc_column_inner css=\u201d.vc_custom_1709202770131{padding-top: 20px !important;padding-right: 20px !important;padding-bottom: 20px !important;padding-left: 20px !important;background-color: rgba(255,255,255,0.8) !important;*background-color: rgb(255,255,255) !important;}\u201d][vc_column_text css=\u201d.vc_custom_1769765276092{padding-left: 10px !important;}\u201d] LUCAS \u2013 International Festival for Young Film Lovers&nbsp; #49 from September 24 to October 1,&nbsp;2026 [\/vc_column_text][vc_column_text] Lights, came\u00adra,&nbsp;and&nbsp;[\u2026]<\/p>\n","protected":false},"author":14,"featured_media":0,"parent":0,"menu_order":20,"comment_status":"closed","ping_status":"closed","template":"","meta":{"_lmt_disableupdate":"no","_lmt_disable":"","wp_typography_post_enhancements_disabled":false,"site-sidebar-layout":"no-sidebar","site-content-layout":"plain-container","ast-site-content-layout":"normal-width-container","site-content-style":"unboxed","site-sidebar-style":"unboxed","ast-global-header-display":"","ast-banner-title-visibility":"","ast-main-header-display":"","ast-hfb-above-header-display":"","ast-hfb-below-header-display":"","ast-hfb-mobile-header-display":"","site-post-title":"disabled","ast-breadcrumbs-content":"","ast-featured-img":"disabled","footer-sml-layout":"","ast-disable-related-posts":"","theme-transparent-header-meta":"default","adv-header-id-meta":"","stick-header-meta":"default","header-above-stick-meta":"","header-main-stick-meta":"","header-below-stick-meta":"","astra-migrate-meta-layouts":"set","ast-page-background-enabled":"default","ast-page-background-meta":{"desktop":{"background-color":"var(--ast-global-color-4)","background-image":"","background-repeat":"repeat","background-position":"center center","background-size":"auto","background-attachment":"scroll","background-type":"","background-media":"","overlay-type":"","overlay-color":"","overlay-opacity":"","overlay-gradient":""},"tablet":{"background-color":"","background-image":"","background-repeat":"repeat","background-position":"center center","background-size":"auto","background-attachment":"scroll","background-type":"","background-media":"","overlay-type":"","overlay-color":"","overlay-opacity":"","overlay-gradient":""},"mobile":{"background-color":"","background-image":"","background-repeat":"repeat","background-position":"center center","background-size":"auto","background-attachment":"scroll","background-type":"","background-media":"","overlay-type":"","overlay-color":"","overlay-opacity":"","overlay-gradient":""}},"ast-content-background-meta":{"desktop":{"background-color":"var(--ast-global-color-5)","background-image":"","background-repeat":"repeat","background-position":"center center","background-size":"auto","background-attachment":"scroll","background-type":"","background-media":"","overlay-type":"","overlay-color":"","overlay-opacity":"","overlay-gradient":""},"tablet":{"background-color":"var(--ast-global-color-5)","background-image":"","background-repeat":"repeat","background-position":"center center","background-size":"auto","background-attachment":"scroll","background-type":"","background-media":"","overlay-type":"","overlay-color":"","overlay-opacity":"","overlay-gradient":""},"mobile":{"background-color":"var(--ast-global-color-5)","background-image":"","background-repeat":"repeat","background-position":"center center","background-size":"auto","background-attachment":"scroll","background-type":"","background-media":"","overlay-type":"","overlay-color":"","overlay-opacity":"","overlay-gradient":""}},"footnotes":""},"class_list":["post-1096","page","type-page","status-publish","hentry"],"yoast_head":"<!-- This site is optimized with the Yoast SEO plugin v28.1 - https:\/\/yoast.com\/product\/yoast-seo-wordpress\/ -->\n<title>Festival - LUCAS \u2013 Internationales Festival f\u00fcr junge Filmfans<\/title>\n<meta name=\"description\" content=\"Lights, camera, action for the 49th edition of LUCAS: Germany&#039;s oldest film festival for young audiences from September 24 to October 1, 2026.\" \/>\n<meta name=\"robots\" content=\"index, follow, max-snippet:-1, max-image-preview:large, max-video-preview:-1\" \/>\n<link rel=\"canonical\" href=\"https:\/\/lucas-filmfestival.de\/en\/festival\/\" \/>\n<meta property=\"og:locale\" content=\"en_US\" \/>\n<meta property=\"og:type\" content=\"article\" \/>\n<meta property=\"og:title\" content=\"Festival - LUCAS \u2013 Internationales Festival f\u00fcr junge Filmfans\" \/>\n<meta property=\"og:description\" content=\"Lights, camera, action for the 49th edition of LUCAS: Germany&#039;s oldest film festival for young audiences from September 24 to October 1, 2026.\" \/>\n<meta property=\"og:url\" content=\"https:\/\/lucas-filmfestival.de\/en\/festival\/\" \/>\n<meta property=\"og:site_name\" content=\"LUCAS \u2013 Internationales Festival f\u00fcr junge Filmfans\" \/>\n<meta property=\"article:modified_time\" content=\"2026-09-02T14:21:31+00:00\" \/>\n<meta name=\"twitter:card\" content=\"summary_large_image\" \/>\n<meta name=\"twitter:label1\" content=\"Est. reading time\" \/>\n\t<meta name=\"twitter:data1\" content=\"45 minutes\" \/>\n<script type=\"application\/ld+json\" class=\"yoast-schema-graph\">{\"@context\":\"https:\\\/\\\/schema.org\",\"@graph\":[{\"@type\":\"WebPage\",\"@id\":\"https:\\\/\\\/lucas-filmfestival.de\\\/en\\\/festival\\\/\",\"url\":\"https:\\\/\\\/lucas-filmfestival.de\\\/en\\\/festival\\\/\",\"name\":\"Festival - LUCAS \u2013 Internationales Festival f\u00fcr junge Filmfans\",\"isPartOf\":{\"@id\":\"https:\\\/\\\/lucas-filmfestival.de\\\/en\\\/#website\"},\"datePublished\":\"2025-08-11T06:00:16+00:00\",\"dateModified\":\"2026-09-02T14:21:31+00:00\",\"description\":\"Lights, camera, action for the 49th edition of LUCAS: Germany's oldest film festival for young audiences from September 24 to October 1, 2026.\",\"breadcrumb\":{\"@id\":\"https:\\\/\\\/lucas-filmfestival.de\\\/en\\\/festival\\\/#breadcrumb\"},\"inLanguage\":\"en-US\",\"potentialAction\":[{\"@type\":\"ReadAction\",\"target\":[\"https:\\\/\\\/lucas-filmfestival.de\\\/en\\\/festival\\\/\"]}]},{\"@type\":\"BreadcrumbList\",\"@id\":\"https:\\\/\\\/lucas-filmfestival.de\\\/en\\\/festival\\\/#breadcrumb\",\"itemListElement\":[{\"@type\":\"ListItem\",\"position\":1,\"name\":\"Home\",\"item\":\"https:\\\/\\\/lucas-filmfestival.de\\\/en\\\/\"},{\"@type\":\"ListItem\",\"position\":2,\"name\":\"Festival\"}]},{\"@type\":\"WebSite\",\"@id\":\"https:\\\/\\\/lucas-filmfestival.de\\\/en\\\/#website\",\"url\":\"https:\\\/\\\/lucas-filmfestival.de\\\/en\\\/\",\"name\":\"LUCAS \u2013 Internationales Festival f\u00fcr junge Filmfans\",\"description\":\"Deutschlands \u00e4ltestes Filmfestival f\u00fcr junges Publikum. Das Programm richtet sich an alle von vier Jahren bis 18plus und pr\u00e4sentiert aktuelles internationales Filmschaffen \u2013 Spiel\u2011, Dokumentar\u2011, Animations- und Experimentalfilme. Herzst\u00fcck von LUCAS sind die Wettbewerbe in den Sektionen 8+, 13+ und 16+ | Youngsters.\",\"publisher\":{\"@id\":\"https:\\\/\\\/lucas-filmfestival.de\\\/en\\\/#organization\"},\"potentialAction\":[{\"@type\":\"SearchAction\",\"target\":{\"@type\":\"EntryPoint\",\"urlTemplate\":\"https:\\\/\\\/lucas-filmfestival.de\\\/en\\\/?s={search_term_string}\"},\"query-input\":{\"@type\":\"PropertyValueSpecification\",\"valueRequired\":true,\"valueName\":\"search_term_string\"}}],\"inLanguage\":\"en-US\"},{\"@type\":\"Organization\",\"@id\":\"https:\\\/\\\/lucas-filmfestival.de\\\/en\\\/#organization\",\"name\":\"LUCAS \u2013 Internationales Festival f\u00fcr junge Filmfans\",\"url\":\"https:\\\/\\\/lucas-filmfestival.de\\\/en\\\/\",\"logo\":{\"@type\":\"ImageObject\",\"inLanguage\":\"en-US\",\"@id\":\"https:\\\/\\\/lucas-filmfestival.de\\\/en\\\/#\\\/schema\\\/logo\\\/image\\\/\",\"url\":\"https:\\\/\\\/lucas-filmfestival.de\\\/medien\\\/2025\\\/05\\\/cropped-LucasLogo.jpg\",\"contentUrl\":\"https:\\\/\\\/lucas-filmfestival.de\\\/medien\\\/2025\\\/05\\\/cropped-LucasLogo.jpg\",\"width\":1090,\"height\":800,\"caption\":\"LUCAS \u2013 Internationales Festival f\u00fcr junge Filmfans\"},\"image\":{\"@id\":\"https:\\\/\\\/lucas-filmfestival.de\\\/en\\\/#\\\/schema\\\/logo\\\/image\\\/\"}}]}<\/script>\n<!-- \/ Yoast SEO plugin. -->","yoast_head_json":{"title":"Festival - LUCAS \u2013 Internationales Festival f\u00fcr junge Filmfans","description":"Lights, camera, action for the 49th edition of LUCAS: Germany's oldest film festival for young audiences from September 24 to October 1, 2026.","robots":{"index":"index","follow":"follow","max-snippet":"max-snippet:-1","max-image-preview":"max-image-preview:large","max-video-preview":"max-video-preview:-1"},"canonical":"https:\/\/lucas-filmfestival.de\/en\/festival\/","og_locale":"en_US","og_type":"article","og_title":"Festival - LUCAS \u2013 Internationales Festival f\u00fcr junge Filmfans","og_description":"Lights, camera, action for the 49th edition of LUCAS: Germany's oldest film festival for young audiences from September 24 to October 1, 2026.","og_url":"https:\/\/lucas-filmfestival.de\/en\/festival\/","og_site_name":"LUCAS \u2013 Internationales Festival f\u00fcr junge Filmfans","article_modified_time":"2026-09-02T14:21:31+00:00","twitter_card":"summary_large_image","twitter_misc":{"Est. reading time":"45 minutes"},"schema":{"@context":"https:\/\/schema.org","@graph":[{"@type":"WebPage","@id":"https:\/\/lucas-filmfestival.de\/en\/festival\/","url":"https:\/\/lucas-filmfestival.de\/en\/festival\/","name":"Festival - LUCAS \u2013 Internationales Festival f\u00fcr junge Filmfans","isPartOf":{"@id":"https:\/\/lucas-filmfestival.de\/en\/#website"},"datePublished":"2025-08-11T06:00:16+00:00","dateModified":"2026-09-02T14:21:31+00:00","description":"Lights, camera, action for the 49th edition of LUCAS: Germany's oldest film festival for young audiences from September 24 to October 1, 2026.","breadcrumb":{"@id":"https:\/\/lucas-filmfestival.de\/en\/festival\/#breadcrumb"},"inLanguage":"en-US","potentialAction":[{"@type":"ReadAction","target":["https:\/\/lucas-filmfestival.de\/en\/festival\/"]}]},{"@type":"BreadcrumbList","@id":"https:\/\/lucas-filmfestival.de\/en\/festival\/#breadcrumb","itemListElement":[{"@type":"ListItem","position":1,"name":"Home","item":"https:\/\/lucas-filmfestival.de\/en\/"},{"@type":"ListItem","position":2,"name":"Festival"}]},{"@type":"WebSite","@id":"https:\/\/lucas-filmfestival.de\/en\/#website","url":"https:\/\/lucas-filmfestival.de\/en\/","name":"LUCAS \u2013 Internationales Festival f\u00fcr junge Filmfans","description":"Deutschlands \u00e4ltestes Filmfestival f\u00fcr junges Publikum. Das Programm richtet sich an alle von vier Jahren bis 18plus und pr\u00e4sentiert aktuelles internationales Filmschaffen \u2013 Spiel\u2011, Dokumentar\u2011, Animations- und Experimentalfilme. Herzst\u00fcck von LUCAS sind die Wettbewerbe in den Sektionen 8+, 13+ und 16+ | Youngsters.","publisher":{"@id":"https:\/\/lucas-filmfestival.de\/en\/#organization"},"potentialAction":[{"@type":"SearchAction","target":{"@type":"EntryPoint","urlTemplate":"https:\/\/lucas-filmfestival.de\/en\/?s={search_term_string}"},"query-input":{"@type":"PropertyValueSpecification","valueRequired":true,"valueName":"search_term_string"}}],"inLanguage":"en-US"},{"@type":"Organization","@id":"https:\/\/lucas-filmfestival.de\/en\/#organization","name":"LUCAS \u2013 Internationales Festival f\u00fcr junge Filmfans","url":"https:\/\/lucas-filmfestival.de\/en\/","logo":{"@type":"ImageObject","inLanguage":"en-US","@id":"https:\/\/lucas-filmfestival.de\/en\/#\/schema\/logo\/image\/","url":"https:\/\/lucas-filmfestival.de\/medien\/2025\/05\/cropped-LucasLogo.jpg","contentUrl":"https:\/\/lucas-filmfestival.de\/medien\/2025\/05\/cropped-LucasLogo.jpg","width":1090,"height":800,"caption":"LUCAS \u2013 Internationales Festival f\u00fcr junge Filmfans"},"image":{"@id":"https:\/\/lucas-filmfestival.de\/en\/#\/schema\/logo\/image\/"}}]}},"_links":{"self":[{"href":"https:\/\/lucas-filmfestival.de\/en\/wp-json\/wp\/v2\/pages\/1096","targetHints":{"allow":["GET"]}}],"collection":[{"href":"https:\/\/lucas-filmfestival.de\/en\/wp-json\/wp\/v2\/pages"}],"about":[{"href":"https:\/\/lucas-filmfestival.de\/en\/wp-json\/wp\/v2\/types\/page"}],"author":[{"embeddable":true,"href":"https:\/\/lucas-filmfestival.de\/en\/wp-json\/wp\/v2\/users\/14"}],"replies":[{"embeddable":true,"href":"https:\/\/lucas-filmfestival.de\/en\/wp-json\/wp\/v2\/comments?post=1096"}],"version-history":[{"count":57,"href":"https:\/\/lucas-filmfestival.de\/en\/wp-json\/wp\/v2\/pages\/1096\/revisions"}],"predecessor-version":[{"id":29437,"href":"https:\/\/lucas-filmfestival.de\/en\/wp-json\/wp\/v2\/pages\/1096\/revisions\/29437"}],"wp:attachment":[{"href":"https:\/\/lucas-filmfestival.de\/en\/wp-json\/wp\/v2\/media?parent=1096"}],"curies":[{"name":"wp","href":"https:\/\/api.w.org\/{rel}","templated":true}]}}