{"id":27468,"date":"2026-08-09T14:12:31","date_gmt":"2026-08-09T14:12:31","guid":{"rendered":"https:\/\/lucas-filmfestival.de\/?page_id=27468"},"modified":"2026-09-03T08:55:54","modified_gmt":"2026-09-03T08:55:54","slug":"mitmischen","status":"publish","type":"page","link":"https:\/\/lucas-filmfestival.de\/en\/mitmischen\/","title":{"rendered":"Get Involved!"},"content":{"rendered":"<div class=\"wpb-content-wrapper\"><p>[vc_row full_width=\u201cstretch_row\u201d content_placement=\u201cbottom\u201d css=\u201d.vc_custom_1657813256371{padding-top: 50px !important;padding-bottom: 50px !important;background-color: #48d1cc !important;background-position: cen\u00adter !important;background-repeat: no-repeat !important;background-size: cover !important;}\u201d el_class=\u201chintergrund\u201d][vc_column][vc_row_inner content_placement=\u201cbottom\u201d][vc_column_inner][vc_column_text css=\u201d.vc_custom_1675943715225{margin-bottom: 0px !important;padding-top: 10px !important;padding-right: 18px !important;padding-bottom: 10px !important;}\u201d]<\/p>\n<h2>GET INVOLVED!<\/h2>\n<p>[\/vc_column_text][vc_empty_space height=\u201c16px\u201d][\/vc_column_inner][\/vc_row_inner][vc_row_inner content_placement=\u201cbottom\u201d][vc_column_inner width=\u201c2\/3\u201d][vc_column_text css=\u201d.vc_custom_1757884965693{margin-bottom: 0px !important;padding-top: 20px !important;padding-right: 30px !important;padding-bottom: 20px !important;padding-left: 20px !important;background-color: rgba(255,255,255,0.8) !important;*background-color: rgb(255,255,255) !important;}\u201d]<\/p>\n<p style=\"text-align: justify;\">NOT JUST WATCHING, BUT PARTICIPATING: \u00bbGET INVOLVED!\u00ab is the name of the par\u00adti\u00adci\u00adpa\u00adto\u00adry pro\u00adjects on offer befo\u00adre, during and after the fes\u00adti\u00adval week. You can get invol\u00adved in a prac\u00adti\u00adcal way to expe\u00adri\u00adence and under\u00adstand&nbsp;film.<\/p>\n<p>[\/vc_column_text][vc_toggle title=\u201cWHAT IS \u00bbGET INVOLVED!\u00ab?\u201d color=\u201cblack\u201d css=\u201d.vc_custom_1757884981989{margin-top: 0px !important;padding-top: 20px !important;padding-right: 30px !important;padding-bottom: 20px !important;padding-left: 30px !important;background-color: rgba(255,255,255,0.8) !important;*background-color: rgb(255,255,255) !important;}\u201d]<\/p>\n<p style=\"text-align: justify;\">Our own film series, our mode\u00adra\u00adti\u00adon, my film review: par\u00adti\u00adci\u00adpa\u00adti\u00adon for young peo\u00adp\u00adle is a top prio\u00adri\u00adty at LUCAS. Whether for cine\u00adma new\u00adco\u00admers or dedi\u00adca\u00adted cine\u00adma enthu\u00adsi\u00adasts from Frankfurt, Rhine-Main and Europe, school clas\u00adses or fes\u00adti\u00adval guests \u2013 at every level of LUCAS the\u00adre are \u00bbGet Involved!\u00ab pro\u00adgrams that are the ide\u00adal start\u00ading point for an in-depth enga\u00adge\u00adment with the medi\u00adum. Discussing with film\u00adma\u00adkers on equal foo\u00adting, gathe\u00adring know\u00adledge, explo\u00adring tog\u00ade\u00adther why and how what hap\u00adpens on screen lets us get to know worlds, expe\u00adri\u00adence and feel things: young peo\u00adp\u00adle learn a lot about them\u00adsel\u00adves and the world through \u00bbGet Involved!\u00ab and expe\u00adri\u00adence inter\u00adna\u00adtio\u00adnal film cul\u00adtu\u00adre tog\u00ade\u00adther. The focus of all film edu\u00adca\u00adti\u00adon pro\u00adjects at LUCAS is to give young peo\u00adp\u00adle space for their own ide\u00adas, cri\u00adte\u00adria, working methods and decis\u00adi\u00adons, and to deepen the film expe\u00adri\u00adence in a playful, ana\u00adly\u00adti\u00adcal, prac\u00adti\u00adcal or intui\u00adti\u00adve&nbsp;way.<\/p>\n<p>[\/vc_toggle][\/vc_column_inner][vc_column_inner width=\u201c1\/3\u201d][vc_column_text css=\u201d.vc_custom_1757884845407{padding-top: 20px !important;padding-bottom: 20px !important;padding-left: 20px !important;background-color: rgba(255,255,255,0.8) !important;*background-color: rgb(255,255,255) !important;}\u201d]<\/p>\n<p style=\"text-align: left;\"><strong>Contact and advice:<br>\nE\u2011mail:<\/strong> s.schmidt@dff.film<br>\n<strong>Tel:<\/strong> +49 69 961 220 \u2013 672[\/vc_column_text][\/vc_column_inner][\/vc_row_inner][\/vc_column][\/vc_row][vc_row full_width=\u201cstretch_row\u201d css=\u201d.vc_custom_1786285289019{background-color: #ff6347 !important;}\u201d el_id=\u201coffersforindividuals\u201d][vc_column][vc_row_inner content_placement=\u201cbottom\u201d][vc_column_inner width=\u201c1\/2\u201d][vc_column_text css=\u201d.vc_custom_1786284122477{margin-bottom: 0px !important;padding-top: 10px !important;padding-right: 18px !important;padding-bottom: 10px !important;}\u201d]<\/p>\n<h1>Offers for Individuals<\/h1>\n<p>[\/vc_column_text][vc_column_text css=\u201d.vc_custom_1723461100341{padding-left: 18px !important;}\u201d][\/vc_column_text][\/vc_column_inner][vc_column_inner width=\u201c1\/2\u201d][\/vc_column_inner][\/vc_row_inner][\/vc_column][\/vc_row][vc_row full_width=\u201cstretch_row\u201d css=\u201d.vc_custom_1786121824910{padding-top: 50px !important;padding-bottom: 50px !important;background: #ffd700 url(https:\/\/lucas-filmfestival.de\/medien\/2026\/08\/48-LUCAS_48_PREISVERLEIHUNG_\u00a9OLIVER_LEICHT-527-scaled.jpg?id=27415) !important;}\u201d el_id=\u201cjuries\u201d][vc_column][vc_row_inner][vc_column_inner width=\u201c1\/2\u201d][vc_single_image image=\u201c876\u201d img_size=\u201c215x50\u201d css=\u201d.vc_custom_1786122721296{margin-bottom: 0px !important;padding-top: 18px !important;padding-right: 18px !important;padding-bottom: 24px !important;padding-left: 18px !important;background-color: rgba(255,255,255,0.8) !important;*background-color: rgb(255,255,255) !important;}\u201d][vc_column_text css=\u201d.vc_custom_1786442315353{padding-top: 20px !important;padding-right: 30px !important;padding-bottom: 20px !important;padding-left: 30px !important;background-color: rgba(255,255,255,0.8) !important;*background-color: rgb(255,255,255) !important;}\u201d]<\/p>\n<h2>Juries<\/h2>\n<p>Swapping the class\u00adroom for the cine\u00adma for a week and eva\u00adlua\u00adting films \u2013 tha\u00adt\u2019s the pri\u00advi\u00adle\u00adge of the LUCAS juries. While the young jury mem\u00adbers in the \u00bbKids\u00ab and \u00bbTeens\u00ab com\u00adpe\u00adti\u00adti\u00adons sel\u00adect the best fea\u00adture and short films in their sec\u00adtion tog\u00ade\u00adther with adult indus\u00adtry pro\u00adfes\u00adsio\u00adnals, in the \u00bbYoungsters\u00ab com\u00adpe\u00adti\u00adti\u00adon six European teen\u00adagers dis\u00adcuss and deci\u00adde among them\u00adsel\u00adves which fea\u00adture film left the stron\u00adgest impres\u00adsi\u00adon on them. In addi\u00adti\u00adon to scree\u00adnings at the cine\u00adma tog\u00ade\u00adther with the fes\u00adti\u00adval audi\u00adence, jury mee\u00adtings and shared lun\u00adches round off a typi\u00adcal fes\u00adti\u00adval day. Always pre\u00adsent: a jury super\u00advi\u00adsor who shows the way and pro\u00advi\u00addes the neces\u00adsa\u00adry refresh\u00adments. In short press appoint\u00adments, initi\u00adal inter\u00adview expe\u00adri\u00adence can also be gai\u00adned. As a crow\u00adning con\u00adclu\u00adsi\u00adon, the juries pre\u00adsent their win\u00adning films at the awards ceremony.<\/p>\n<p>Interested par\u00adti\u00adci\u00adpan\u00adts can app\u00adly for jury par\u00adti\u00adci\u00adpa\u00adti\u00adon from February each year with a review of a film of their choice. What mat\u00adters is not the most pri\u00ador know\u00adledge, but a diver\u00adse mix of dif\u00adfe\u00adrent voices.[\/vc_column_text][\/vc_column_inner][vc_column_inner width=\u201c1\/2\u201d css=\u201d.vc_custom_1678281223426{padding-top: 30px !important;}\u201d][\/vc_column_inner][\/vc_row_inner][\/vc_column][\/vc_row][vc_row full_width=\u201cstretch_row\u201d css=\u201d.vc_custom_1786124033063{padding-top: 50px !important;padding-bottom: 50px !important;background-color: #ffd700 !important;}\u201d el_id=\u201creeltalk\u201d][vc_column][vc_row_inner][vc_column_inner width=\u201c1\/2\u201d][vc_single_image image=\u201c876\u201d img_size=\u201c215x50\u201d css=\u201d.vc_custom_1786282517161{margin-bottom: 0px !important;padding-top: 18px !important;padding-right: 18px !important;padding-bottom: 24px !important;padding-left: 18px !important;}\u201d][vc_column_text css=\u201d.vc_custom_1788425605917{padding-top: 20px !important;padding-right: 30px !important;padding-bottom: 20px !important;padding-left: 30px !important;}\u201d]<\/p>\n<h2>ReelTalk <span data-olk-copy-source=\"MessageBody\">\u2013<\/span> Your Film Review<\/h2>\n<h4><span data-olk-copy-source=\"MessageBody\">FRI, Sept. 25 2.30\u20135.30 p.m. and SAT, Sept. 26 | 10 a.m.\u20136 p.m. at the&nbsp;DFF&nbsp;<\/span><\/h4>\n<p>The film sel\u00adec\u00adtion for a cine\u00adma visit must be careful\u00adly con\u00adside\u00adred. Often, a quick glan\u00adce at the rating by trus\u00adted voices tips the sca\u00adles for one\u2019s own decis\u00adi\u00adon. In the new for\u00admat \u00bbReelTalk\u00ab, par\u00adti\u00adci\u00adpan\u00adts them\u00adsel\u00adves beco\u00adme influen\u00adcers and express their view on strengths and weak\u00adne\u00ads\u00adses, on nar\u00adra\u00adti\u00adve high\u00adlights and aes\u00adthe\u00adtic fea\u00adtures in video reviews aimed at their tar\u00adget audience.<\/p>\n<p><span data-olk-copy-source=\"MessageBody\">Friday after\u00adnoon the group wat\u00adches the film <a href=\"https:\/\/lucas-filmfestival.de\/en\/film-2026\/the-altar-boys\/\" target=\"_blank\" rel=\"noopener\">THE ALTAR BOYS<\/a> from the com\u00adpe\u00adti\u00adti\u00adon<\/span> \u00bbTeens\u00ab. <span data-olk-copy-source=\"MessageBody\">Saturday the group dis\u00adcus\u00adses<\/span> their impres\u00adsi\u00adons and deve\u00adlo\u00adps their review tog\u00ade\u00adther, which is then film\u00aded, edi\u00adted and desi\u00adgned \u2013 easi\u00adly with smart\u00adphone and apps. Whether in front of or behind the came\u00adra: ever\u00adyo\u00adne can con\u00adtri\u00adbu\u00adte their own ide\u00adas and strengths. They share the finis\u00adhed reels on the LUCAS Instagram account and invi\u00adte exch\u00adan\u00adge in the digi\u00adtal space.[\/vc_column_text][\/vc_column_inner][vc_column_inner width=\u201c1\/2\u201d css=\u201d.vc_custom_1678281223426{padding-top: 30px !important;}\u201d][\/vc_column_inner][\/vc_row_inner][\/vc_column][\/vc_row][vc_row full_width=\u201cstretch_row\u201d content_placement=\u201cbottom\u201d css=\u201d.vc_custom_1786098222272{padding-top: 50px !important;padding-bottom: 50px !important;background-image: url(https:\/\/lucas-filmfestival.de\/medien\/2026\/08\/Gruppenbild-Juli-2026\u20131\u2011scaled.jpg?id=27470) !important;background-position: cen\u00adter !important;background-repeat: no-repeat !important;background-size: cover !important;}\u201d el_class=\u201chintergrund\u201d el_id=\u201cfilm-club\u201d][vc_column][vc_row_inner content_placement=\u201cbottom\u201d][vc_column_inner width=\u201c1\/2\u201d][vc_single_image image=\u201c876\u201d img_size=\u201c215x50\u201d css=\u201d.vc_custom_1657813072796{margin-bottom: 0px !important;padding-top: 18px !important;padding-right: 18px !important;padding-bottom: 24px !important;padding-left: 18px !important;background-color: rgba(255,255,255,0.8) !important;*background-color: rgb(255,255,255) !important;}\u201d][vc_column_text css=\u201d.vc_custom_1786442341572{padding-top: 20px !important;padding-right: 30px !important;padding-bottom: 20px !important;padding-left: 30px !important;background-color: rgba(255,255,255,0.8) !important;*background-color: rgb(255,255,255) !important;}\u201d]<\/p>\n<h2>LUCAS Film&nbsp;Club<\/h2>\n<p style=\"text-align: justify;\">If you still haven\u2019t had enough of movies after the fes\u00adti\u00adval week: how about wat\u00adching a movie tog\u00ade\u00adther once a month free of char\u00adge at the DFF Cinema? If you feel direct\u00adly addres\u00adsed, wel\u00adco\u00adme to the \u00bbLUCAS Film&nbsp;Club\u00ab!<\/p>\n<p style=\"text-align: justify;\">Founded by LUCAS alum\u00adni, it offers a regu\u00adlar cine\u00adma expe\u00adri\u00adence and a sub\u00adse\u00adquent exch\u00adan\u00adge about the vie\u00adw\u00ading expe\u00adri\u00adence. Together, the young par\u00adti\u00adci\u00adpan\u00adts aged 15 to 20 attend a month\u00adly scree\u00adning of their choice from the cur\u00adrent DFF cine\u00adma pro\u00adgram. In a rela\u00adxed set\u00adting over a sui\u00adta\u00adble drink, the group dis\u00adcus\u00adses the strengths and weak\u00adne\u00ads\u00adses of the films after\u00adwards. They express the results of their dis\u00adcus\u00adsion in cor\u00adre\u00adspon\u00adding film reviews, which are published on the fes\u00adti\u00adval\u2019s own Letterboxd chan\u00adnel. They also report on their mee\u00adtings and recruit new mem\u00adbers on their own Instagram channel.<\/p>\n<p><strong>Would you like to beco\u00adme part of the \u00bbLUCAS Film&nbsp;Club\u00ab?<br>\nSend us a DM on Instagram (<a href=\"https:\/\/www.instagram.com\/lucasfestival.filmclub\/?hl=de\">@lucasfestival.filmclub<\/a>) or an email (<a href=\"mailto:lucas-filmclub@dff.film\" target=\"_blank\" rel=\"noopener\">lucas-filmclub@dff.film<\/a>).<\/strong>[\/vc_column_text][\/vc_column_inner][vc_column_inner width=\u201c1\/3\u201d][\/vc_column_inner][\/vc_row_inner][\/vc_column][\/vc_row][vc_row full_width=\u201cstretch_row\u201d disable_element=\u201cyes\u201d css=\u201d.vc_custom_1786120986016{padding-top: 50px !important;padding-bottom: 50px !important;background-color: #ffd700 !important;}\u201d][vc_column][vc_row_inner][vc_column_inner][vc_single_image image=\u201c876\u201d img_size=\u201c215x50\u201d][\/vc_column_inner][\/vc_row_inner][vc_row_inner][vc_column_inner width=\u201c1\/2\u201d][vc_column_text]<\/p>\n<h1>Critics<\/h1>\n<p>[\/vc_column_text][vc_column_text css=\u201d.vc_custom_1786358073648{padding-top: 20px !important;padding-right: 30px !important;padding-bottom: 20px !important;padding-left: 30px !important;}\u201d]<\/p>\n<p style=\"text-align: justify;\">As soon as the lights go up, the whis\u00adpe\u00adring starts in the movie thea\u00adter. How did you like the movie? Best movie ever or rather a dis\u00adap\u00adpoint\u00adment? While a brief ver\u00addict is quick\u00adly pas\u00adsed, a movie review aims to pro\u00advi\u00adde a more in-depth assess\u00adment of what you have seen. The con\u00adtent and nar\u00adra\u00adti\u00adve style should be put into words with a per\u00adso\u00adnal touch. A look at the visu\u00adal lan\u00adguage and sound level as well as social refe\u00adren\u00adces round off a suc\u00adcessful film review. In the appro\u00adpria\u00adte work\u00adshop during the fes\u00adti\u00adval week, the par\u00adti\u00adci\u00adpan\u00adts learn the neces\u00adsa\u00adry craft, view sel\u00adec\u00adted com\u00adpe\u00adti\u00adti\u00adon films in the cine\u00adma and work on their texts. With the dai\u00adly publi\u00adca\u00adti\u00adon of their reviews on the LUCAS web\u00adsite, they share their per\u00adspec\u00adti\u00adves and thoughts with the audience.<\/p>\n<p><strong>You can read the film reviews from recent years&nbsp;here:<br>\n<\/strong><a href=\"https:\/\/lucas-filmfestival.de\/kritikfenster-2024\/\">LUCAS #47<\/a> (2024)<strong><br>\n<\/strong><a href=\"https:\/\/lucas-filmfestival.de\/kritikfenster-2023\/\">LUCAS #46<\/a> (2023)<strong><br>\n<\/strong><a href=\"https:\/\/lucas-filmfestival.de\/kritikfenster-2022\/\">LUCAS #45<\/a> (2022)<br>\n<a href=\"https:\/\/lucas-filmfestival.de\/kritikfenster\/\">LUCAS #44<\/a> (2021)[\/vc_column_text][\/vc_column_inner][vc_column_inner width=\u201c1\/2\u201d css=\u201d.vc_custom_1678281223426{padding-top: 30px !important;}\u201d][vc_single_image image=\u201c18484\u201d img_size=\u201cfull\u201d][\/vc_column_inner][\/vc_row_inner][\/vc_column][\/vc_row][vc_row full_width=\u201cstretch_row\u201d content_placement=\u201cbottom\u201d disable_element=\u201cyes\u201d css=\u201d.vc_custom_1786123805736{padding-top: 50px !important;padding-bottom: 50px !important;background-image: url(https:\/\/lucas-filmfestival.de\/medien\/2022\/08\/image00012-1-scaled.jpeg?id=11224) !important;background-position: cen\u00adter !important;background-repeat: no-repeat !important;background-size: cover !important;}\u201d el_class=\u201chintergrund\u201d el_id=\u201cfilmtalks\u201d][vc_column][vc_row_inner content_placement=\u201cbottom\u201d][vc_column_inner width=\u201c1\/2\u201d][vc_single_image image=\u201c876\u201d img_size=\u201c215x50\u201d css=\u201d.vc_custom_1657813072796{margin-bottom: 0px !important;padding-top: 18px !important;padding-right: 18px !important;padding-bottom: 24px !important;padding-left: 18px !important;background-color: rgba(255,255,255,0.8) !important;*background-color: rgb(255,255,255) !important;}\u201d][vc_column_text css=\u201d.vc_custom_1786358136319{padding-top: 20px !important;padding-right: 30px !important;padding-bottom: 20px !important;padding-left: 30px !important;background-color: rgba(255,255,255,0.8) !important;*background-color: rgb(255,255,255) !important;}\u201d]<\/p>\n<h1>Film Talks in Advance<\/h1>\n<p style=\"text-align: justify;\">How did the idea for the fan\u00adta\u00adstic ope\u00adning sequence actual\u00adly come about? And how many times did it have to be film\u00aded? It\u2019s best to ask the film\u00adma\u00adkers direct\u00adly. Already in the run-up to the fes\u00adti\u00adval, young peo\u00adp\u00adle meet the peo\u00adp\u00adle behind the came\u00adra and cla\u00adri\u00adfy their ques\u00adti\u00adons about the crea\u00adti\u00adon, film\u00ading and tech\u00adni\u00adcal refi\u00adne\u00adments of the film direct\u00adly. Preparatory work\u00adshops pro\u00advi\u00adde the neces\u00adsa\u00adry tools, the con\u00adtent approa\u00adches come from you. Whether as a video for\u00admat or pod\u00adcast, abo\u00adve all the exch\u00adan\u00adge about com\u00adpe\u00adti\u00adti\u00adon films should spark enthu\u00adsi\u00adasm for cine\u00adma visits at&nbsp;LUCAS.<\/p>\n<p style=\"text-align: justify;\"><strong>All pre-recor\u00added film dis\u00adcus\u00adsions are available <a href=\"https:\/\/www.youtube.com\/@LUCASfestival\">on the LUCAS YouTube chan\u00adnel<\/a>.<\/strong><\/p>\n<p>[\/vc_column_text][\/vc_column_inner][vc_column_inner width=\u201c1\/3\u201d][\/vc_column_inner][\/vc_row_inner][\/vc_column][\/vc_row][vc_row full_width=\u201cstretch_row\u201d content_placement=\u201cbottom\u201d disable_element=\u201cyes\u201d css=\u201d.vc_custom_1721984815308{padding-top: 50px !important;padding-bottom: 50px !important;background-image: url(https:\/\/lucas-filmfestival.de\/medien\/2021\/08\/01_20210826_145207\u20111.png?id=6568) !important;background-position: cen\u00adter !important;background-repeat: no-repeat !important;background-size: cover !important;}\u201d el_class=\u201chintergrund\u201d el_id=\u201cdistrictjury\u201d][vc_column][vc_row_inner content_placement=\u201cbottom\u201d][vc_column_inner width=\u201c1\/2\u201d][vc_single_image image=\u201c876\u201d img_size=\u201c215x50\u201d css=\u201d.vc_custom_1616143040147{margin-bottom: 0px !important;padding-top: 18px !important;padding-right: 18px !important;padding-bottom: 24px !important;padding-left: 18px !important;background-color: rgba(255,255,255,0.8) !important;*background-color: rgb(255,255,255) !important;}\u201d][vc_column_text css=\u201d.vc_custom_1709204710516{padding-top: 10px !important;padding-right: 18px !important;padding-bottom: 10px !important;padding-left: 18px !important;background-color: rgba(255,255,255,0.8) !important;*background-color: rgb(255,255,255) !important;}\u201d]<\/p>\n<h1>District Jury&nbsp;2023<\/h1>\n<p style=\"text-align: justify;\">The \u00bbDistrict Jury\u00ab is for\u00admed each year in a dif\u00adfe\u00adrent dis\u00adtrict, the open pro\u00adgram is made up of child\u00adren and teen\u00adagers who learn in the pro\u00adject to express them\u00adsel\u00adves as dif\u00adfer\u00adent\u00adly as they them\u00adsel\u00adves are. This year the \u00bbDistrict Jury\u00ab comes from H\u00f6chst. For this, LUCAS is working tog\u00ade\u00adther with the Youth and Cultural Center H\u00f6chst.<br>\nAnyone bet\u00adween ten and 14 years old can par\u00adti\u00adci\u00adpa\u00adte. The pro\u00adject beg\u00adins with a work\u00adshop week during the sum\u00admer holi\u00addays <strong>from July 24 to 28<\/strong> at the <strong>Youth and Cultural Center (JuKuZ) H\u00f6chst<\/strong>. There the par\u00adti\u00adci\u00adpan\u00adts watch short films, prac\u00adti\u00adce the pre\u00adcise, ana\u00adly\u00adti\u00adcal view of film, deci\u00adde tog\u00ade\u00adther on eva\u00adlua\u00adti\u00adon cri\u00adte\u00adria, enga\u00adge with Web 2.0 for\u00admats for their film reviews: pod\u00adcasts, inter\u00adviews, vlogs and much more. During the fes\u00adti\u00adval, the \u00bbDistrict Jury\u00ab then wat\u00adches short film pro\u00adgrams from the com\u00adpe\u00adti\u00adti\u00adon, deba\u00adtes opi\u00adni\u00adons, deci\u00addes on their win\u00adning film and pres\u00adents it via mul\u00adti\u00adme\u00addia lau\u00adda\u00adti\u00adon as part of the offi\u00adci\u00adal awards cerem\u00ado\u00adny. Crowning con\u00adclu\u00adsi\u00adon: the \u00bbDistrict Jury\u00ab pres\u00adents their work and their award-win\u00adning film after LUCAS in H\u00f6chst. The \u00bbDistrict Jury\u00ab pro\u00adject is made pos\u00adsi\u00adble by the Hessian Ministry of Education with funds from the L\u00f6wenstark \u2013 der BildungsKICK program.<\/p>\n<p><a href=\"https:\/\/lucas-filmfestival.de\/stadtteiljury-2021-2023\/\">Here you can find the mul\u00adti\u00adme\u00addia film reviews of the District Jury<\/a><\/p>\n<p><strong>More infor\u00adma\u00adti\u00adon about the \u00bbDistrict Jury\u00ab 2024 will be published here short\u00adly.<\/strong>[\/vc_column_text][\/vc_column_inner][vc_column_inner width=\u201c1\/3\u201d][\/vc_column_inner][\/vc_row_inner][\/vc_column][\/vc_row][vc_row full_width=\u201cstretch_row\u201d css=\u201d.vc_custom_1657813291796{padding-top: 50px !important;padding-bottom: 50px !important;background-color: #ff6347 !important;}\u201d el_id=\u201cyec\u201d][vc_column][vc_row_inner][vc_column_inner width=\u201c1\/2\u201d][vc_single_image image=\u201c876\u201d img_size=\u201c215x50\u201d css=\u201d.vc_custom_1786282531778{margin-bottom: 0px !important;padding-top: 18px !important;padding-right: 18px !important;padding-bottom: 24px !important;padding-left: 18px !important;}\u201d][vc_column_text css=\u201d.vc_custom_1786442645800{padding-top: 20px !important;padding-right: 30px !important;padding-bottom: 20px !important;padding-left: 30px !important;}\u201d]<\/p>\n<h2 style=\"text-align: justify;\"><strong>Young European Cinephiles<\/strong><\/h2>\n<p style=\"text-align: justify;\">The \u00bbYoung European Cinephiles\u00ab are an annu\u00adal\u00adly chan\u00adging group of young film-loving Europeans who cura\u00adte and pre\u00adsent their own film series \u2013 and thus bring a young, inter\u00adna\u00adtio\u00adnal atti\u00adtu\u00adde to life at&nbsp;LUCAS.<\/p>\n<p style=\"text-align: justify;\">As part of this \u00bbGet Involved!\u00ab pro\u00adject, six young peo\u00adp\u00adle who have alre\u00ada\u00addy been invol\u00adved in pro\u00adjects at other European film fes\u00adti\u00advals, cine\u00adma\u00adthe\u00adques or film insti\u00adtu\u00adti\u00adons will net\u00adwork in the months befo\u00adre the fes\u00adti\u00adval. During LUCAS, the \u00bbYECs\u00ab pre\u00adsent their film series, which they have cura\u00adted inde\u00adpendent\u00adly accor\u00adding to a spe\u00adci\u00adfic the\u00adme or&nbsp;genre.<\/p>\n<p style=\"text-align: justify;\">Fired up for an inten\u00adse exch\u00adan\u00adge this year are teen\u00adagers and young adults from France, the Czech Republic and Germany. The cine\u00adphi\u00adles\u2019 the\u00adme for LUCAS #49: \u201cJustice\u201d!<\/p>\n<p style=\"text-align: justify;\">More about the <a href=\"https:\/\/lucas-filmfestival.de\/en\/young-european-cinephiles-2026\/\" target=\"_blank\" rel=\"noopener\"><strong>\u00bbYoung European Cinephiles\u00ab 2026<\/strong><\/a> and their film series:<\/p>\n<p>[\/vc_column_text][\/vc_column_inner][vc_column_inner width=\u201c1\/2\u201d css=\u201d.vc_custom_1678281234164{padding-top: 30px !important;}\u201d][vc_single_image image=\u201c26981\u201d img_size=\u201cfull\u201d][\/vc_column_inner][\/vc_row_inner][vc_basic_grid post_type=\u201cfilm-2026\u201d max_items=\u201c10\u201d item=\u201c115\u201d grid_id=\u201cvc_gid:1788425516367\u201353cd36f3-f0ba\u20118\u201d taxonomies=\u201c72\u201d][\/vc_column][\/vc_row][vc_row full_width=\u201cstretch_row\u201d css=\u201d.vc_custom_1786285395441{background-color: #48d1cc !important;}\u201d el_id=\u201coffersforgroups\u201d][vc_column][vc_row_inner content_placement=\u201cbottom\u201d][vc_column_inner width=\u201c1\/2\u201d][vc_column_text css=\u201d.vc_custom_1786281573908{margin-bottom: 0px !important;padding-top: 10px !important;padding-right: 18px !important;padding-bottom: 10px !important;}\u201d]<\/p>\n<h1>Offers for School Classes and Groups<\/h1>\n<p>[\/vc_column_text][vc_column_text css=\u201d.vc_custom_1723461100341{padding-left: 18px !important;}\u201d][\/vc_column_text][\/vc_column_inner][vc_column_inner width=\u201c1\/2\u201d][\/vc_column_inner][\/vc_row_inner][\/vc_column][\/vc_row][vc_row full_width=\u201cstretch_row\u201d css=\u201d.vc_custom_1786283387359{background-image: url(https:\/\/lucas-filmfestival.de\/medien\/2024\/08\/11-lucas_46_nina_cinemaoliver_leicht-55_53279615840_o.jpg?id=20639) !important;}\u201d el_id=\u201cfilmpatrons\u201d][vc_column][vc_row_inner][vc_column_inner width=\u201c1\/2\u201d][vc_single_image image=\u201c876\u201d img_size=\u201c215x50\u201d css=\u201d.vc_custom_1786283982867{margin-bottom: 0px !important;padding-top: 18px !important;padding-right: 18px !important;padding-bottom: 24px !important;padding-left: 18px !important;background-color: rgba(255,255,255,0.8) !important;*background-color: rgb(255,255,255) !important;}\u201d][vc_column_text css=\u201d.vc_custom_1786442657238{padding-top: 20px !important;padding-right: 30px !important;padding-bottom: 20px !important;padding-left: 30px !important;background-color: rgba(255,255,255,0.8) !important;*background-color: rgb(255,255,255) !important;}\u201d]<\/p>\n<h2><strong>Film Patrons<\/strong><\/h2>\n<p style=\"text-align: justify;\">Curtain up for the \u00bbFilm Patrons\u00ab! The \u00bbFilm Patrons\u00ab clas\u00adses design the cine\u00adma scree\u00adning of a com\u00adpe\u00adti\u00adti\u00adon film at the fes\u00adti\u00adval in an indi\u00advi\u00addu\u00adal way. Preparation at school beg\u00adins seve\u00adral weeks in advan\u00adce. After vie\u00adw\u00ading, dis\u00adcus\u00adsion and film-ana\u00adly\u00adti\u00adcal parts under pro\u00adfes\u00adsio\u00adnal gui\u00addance, the heart of the pro\u00adject beg\u00adins with crea\u00adti\u00adve pro\u00adces\u00adsing in small groups. Whether re-enac\u00adted sce\u00adnes, deve\u00adlo\u00adped dia\u00adlo\u00adgues, ana\u00adly\u00adsis of the film music or cha\u00adrac\u00adter por\u00adtraits: in the pro\u00adject work, stu\u00addents have gre\u00adat free\u00addom and can con\u00adtri\u00adbu\u00adte their own talents and pre\u00adfe\u00adren\u00adces. This crea\u00adtes indi\u00advi\u00addu\u00adal pre\u00adsen\u00adta\u00adti\u00adons that offer real added value to the film expe\u00adri\u00adence for cine\u00adma guests and the fes\u00adti\u00adval audi\u00adence, as well as enri\u00adching the patrons class with a film-cul\u00adtu\u00adral experience.<\/p>\n<p style=\"text-align: justify;\"><strong>Background infor\u00adma\u00adti\u00adon and timeline:<br>\n<\/strong>In con\u00adsul\u00adta\u00adti\u00adon with tea\u00adchers, the LUCAS team sel\u00adects a sui\u00adta\u00adble film for the men\u00adtor\u00adship at the end of the sum\u00admer holi\u00addays. In addi\u00adti\u00adon to the age level, the\u00adma\u00adtic and aes\u00adthe\u00adtic refe\u00adren\u00adces as well as cur\u00adrent lear\u00adning objec\u00adti\u00adves are incor\u00adpo\u00adra\u00adted into the film sel\u00adec\u00adtion. At the fol\u00adlo\u00adwing 4\u20135 work\u00adshop ses\u00adsi\u00adons at school, the pre\u00adsen\u00adta\u00adti\u00adon is crea\u00adted, which accom\u00adpa\u00adnies the cine\u00adma scree\u00adning during the fes\u00adti\u00adval week at the con\u00adclu\u00adsi\u00adon of the project.<\/p>\n<p>[\/vc_column_text][\/vc_column_inner][vc_column_inner width=\u201c1\/2\u201d css=\u201d.vc_custom_1678294505594{padding-top: 80px !important;}\u201d][\/vc_column_inner][\/vc_row_inner][\/vc_column][\/vc_row][vc_row full_width=\u201cstretch_row\u201d css=\u201d.vc_custom_1786283596921{background-color: #ffd700 !important;}\u201d][vc_column][vc_row_inner][vc_column_inner width=\u201c1\/2\u201d][vc_single_image image=\u201c876\u201d img_size=\u201c215x50\u201d css=\u201d.vc_custom_1675417492068{margin-bottom: 0px !important;padding-top: 18px !important;padding-right: 18px !important;padding-bottom: 24px !important;padding-left: 18px !important;}\u201d][\/vc_column_inner][vc_column_inner width=\u201c1\/2\u201d][\/vc_column_inner][\/vc_row_inner][vc_row_inner el_id=\u201cleinwandgespraeche\u201d][vc_column_inner width=\u201c1\/2\u201d][vc_column_text css=\u201d.vc_custom_1786442668803{padding-top: 20px !important;padding-right: 30px !important;padding-bottom: 20px !important;padding-left: 30px !important;}\u201d]<\/p>\n<h2><strong>Screen Talks<\/strong><\/h2>\n<p style=\"text-align: justify;\">A \u00bbScreen Talk\u00ab offers the ide\u00adal oppor\u00adtu\u00adni\u00adty to extend the cine\u00adma visit at LUCAS with an inten\u00adsi\u00adve film dis\u00adcus\u00adsion with guests. In the undis\u00adtur\u00adbed atmo\u00adsphe\u00adre of a work\u00adshop room under film-edu\u00adca\u00adtio\u00adnal gui\u00addance, the group can free\u00adly pep\u00adper the film\u00adma\u00adkers with ques\u00adti\u00adons: Why was this came\u00adra per\u00adspec\u00adti\u00adve cho\u00adsen, what idea is the screen\u00adplay based on, what mes\u00adsa\u00adge is behind the ending?<\/p>\n<p style=\"text-align: justify;\"><strong>Background infor\u00adma\u00adti\u00adon and timeline:<br>\n<\/strong>In the run-up to the fes\u00adti\u00adval, tea\u00adchers agree with the LUCAS team on a cine\u00adma scree\u00adning with a sub\u00adse\u00adquent \u00bbScreen Talk\u00ab. The dura\u00adti\u00adon of the \u00bbScreen Talk\u00ab is 60\u201390 minutes.<\/p>\n<p>[\/vc_column_text][\/vc_column_inner][vc_column_inner width=\u201c1\/2\u201d css=\u201d.vc_custom_1678282389131{padding-top: 70px !important;}\u201d][vc_single_image image=\u201c22599\u201d img_size=\u201cfull\u201d][\/vc_column_inner][\/vc_row_inner][\/vc_column][\/vc_row][vc_row full_width=\u201cstretch_row\u201d css=\u201d.vc_custom_1786283632847{background-image: url(https:\/\/lucas-filmfestival.de\/medien\/2026\/08\/Frankenweenie-11.jpg?id=27356) !important;}\u201d][vc_column][vc_row_inner][vc_column_inner width=\u201c1\/2\u201d][vc_single_image image=\u201c876\u201d img_size=\u201c215x50\u201d css=\u201d.vc_custom_1786284007937{margin-bottom: 0px !important;padding-top: 18px !important;padding-right: 18px !important;padding-bottom: 24px !important;padding-left: 18px !important;background-color: rgba(255,255,255,0.8) !important;*background-color: rgb(255,255,255) !important;}\u201d][\/vc_column_inner][vc_column_inner width=\u201c1\/2\u201d][\/vc_column_inner][\/vc_row_inner][vc_row_inner el_id=\u201cfokusfilmklasse\u201d][vc_column_inner width=\u201c1\/2\u201d][vc_column_text css=\u201d.vc_custom_1788425690112{padding-top: 20px !important;padding-right: 30px !important;padding-bottom: 20px !important;padding-left: 30px !important;background-color: rgba(255,255,255,0.8) !important;*background-color: rgb(255,255,255) !important;}\u201d]<\/p>\n<h2><strong>Focus.Film.Class<\/strong><\/h2>\n<p style=\"text-align: justify;\">In what film-his\u00adto\u00adri\u00adcal con\u00adtext does a work stand? And what cha\u00adrac\u00adte\u00adristics does it bring to find its place in film histo\u00adry? Children and teen\u00adagers ask them\u00adsel\u00adves the\u00adse ques\u00adti\u00adons in their con\u00adtent-rela\u00adted and aes\u00adthe\u00adtic exami\u00adna\u00adti\u00adon of a sel\u00adec\u00adted con\u00adtri\u00adbu\u00adti\u00adon. In anti\u00adci\u00adpa\u00adti\u00adon of the upco\u00adming DFF tem\u00adpo\u00adra\u00adry exhi\u00adbi\u00adti\u00adon <a href=\"https:\/\/www.dff.film\/en\/visit\/exhibitions\/upcoming\/\" target=\"_blank\" rel=\"noopener\">\u201cShadows\u201d<\/a> (from December 9), the \u00bbFocus.Film.Class\u00ab takes the ani\u00adma\u00adted film <a href=\"https:\/\/lucas-filmfestival.de\/en\/film-2026\/frankenweenie\/\" target=\"_blank\" rel=\"noopener\">FRANKENWEENIE<\/a> (US 2012. D: Tim Burton), a loving homage to the ear\u00adly hor\u00adror cine\u00adma of the 1930s, bet\u00adween mor\u00adbid charm and quir\u00adky&nbsp;humor.<\/p>\n<p style=\"text-align: justify;\"><strong>Background infor\u00adma\u00adti\u00adon and timeline:<br>\n<\/strong>In con\u00adsul\u00adta\u00adti\u00adon with tea\u00adchers, the LUCAS team sel\u00adects a work in the con\u00adtext of the DFF spe\u00adcial exhi\u00adbi\u00adti\u00adon in spring. Accompanied by film edu\u00adca\u00adtors, the school class pre\u00adpa\u00adres the cine\u00adma scree\u00adning at the fes\u00adti\u00adval at five work\u00adshop ses\u00adsi\u00adons after the sum\u00admer holi\u00addays at school.<\/p>\n<p><a href=\"https:\/\/lucas-filmfestival.de\/en\/focus-film-class-2026\/\" target=\"_blank\" rel=\"noopener\">More infor\u00adma\u00adti\u00adon about the \u00bbFocus.Film.Class\u00ab at LUCAS #49.<\/a>[\/vc_column_text][\/vc_column_inner][vc_column_inner width=\u201c1\/2\u201d css=\u201d.vc_custom_1678282293449{padding-top: 70px !important;}\u201d][\/vc_column_inner][\/vc_row_inner][vc_basic_grid post_type=\u201cfilm-2026\u201d max_items=\u201c10\u201d item=\u201c115\u201d grid_id=\u201cvc_gid:1788425516370-be4dad61-e65b\u20112\u201d taxonomies=\u201c507\u201d][\/vc_column][\/vc_row][vc_row full_width=\u201cstretch_row\u201d css=\u201d.vc_custom_1786285645372{background-color: #ff6347 !important;}\u201d el_id=\u201condisplay\u201d][vc_column][vc_row_inner][vc_column_inner width=\u201c1\/2\u201d][vc_single_image image=\u201c876\u201d img_size=\u201c215x50\u201d css=\u201d.vc_custom_1675417492068{margin-bottom: 0px !important;padding-top: 18px !important;padding-right: 18px !important;padding-bottom: 24px !important;padding-left: 18px !important;}\u201d][\/vc_column_inner][vc_column_inner width=\u201c1\/2\u201d][\/vc_column_inner][\/vc_row_inner][vc_row_inner][vc_column_inner width=\u201c1\/2\u201d][vc_column_text css=\u201d.vc_custom_1786442693329{padding-top: 20px !important;padding-right: 30px !important;padding-bottom: 20px !important;padding-left: 30px !important;}\u201d]<\/p>\n<h2><strong>On Display: Your Film Poster<\/strong><\/h2>\n<p style=\"text-align: justify;\">Whether at bus stops or adver\u00adti\u00adsing colum\u00adns: film pos\u00adters can be found ever\u00ady\u00adwhe\u00adre in public spaces \u2013 they are hard to miss on the way to school too. With a sin\u00adgle gra\u00adphic, they con\u00advey infor\u00adma\u00adti\u00adon, trans\u00adport mood and arou\u00adse curio\u00adsi\u00adty wit\u00adhout reve\u00adal\u00ading too much. In the pro\u00adject \u00bbOn Display: Your Film Poster\u00ab, par\u00adti\u00adci\u00adpan\u00adts get hands-on them\u00adsel\u00adves and design film pos\u00adters for a sel\u00adec\u00adted com\u00adpe\u00adti\u00adti\u00adon film with their own ide\u00adas. In work\u00adshop ses\u00adsi\u00adons in the run-up to the fes\u00adti\u00adval, they watch the film exclu\u00adsi\u00adve\u00adly in advan\u00adce and learn during a visit to the DFF pos\u00adter archi\u00adve how out\u00adstan\u00adding examp\u00adles from film histo\u00adry pro\u00admi\u00adse a con\u00adcre\u00adte cine\u00adma expe\u00adri\u00adence. Inspired by gre\u00adat works, they design their indi\u00advi\u00addu\u00adal visi\u00adons and then compa\u00adre them with the offi\u00adci\u00adal ver\u00adsi\u00adon. As a high\u00adlight, the group exhi\u00adbits their pos\u00adters in the DFF cine\u00adma foy\u00ader throug\u00adhout the fes\u00adti\u00adval week and illu\u00admi\u00adna\u00adtes their approa\u00adches at the cor\u00adre\u00adspon\u00adding film screening.<\/p>\n<p>[\/vc_column_text][\/vc_column_inner][vc_column_inner width=\u201c1\/2\u201d css=\u201d.vc_custom_1678282293449{padding-top: 70px !important;}\u201d][\/vc_column_inner][\/vc_row_inner][\/vc_column][\/vc_row][vc_row full_width=\u201cstretch_row\u201d css=\u201d.vc_custom_1786283758724{padding-top: 50px !important;padding-bottom: 50px !important;background-image: url(https:\/\/lucas-filmfestival.de\/medien\/2025\/07\/LUCAS_1.jpg?id=22601) !important;}\u201d el_id=\u201cfestivalreporters\u201d][vc_column][vc_row_inner][vc_column_inner width=\u201c1\/2\u201d][vc_single_image image=\u201c876\u201d img_size=\u201c215x50\u201d css=\u201d.vc_custom_1786284035318{margin-bottom: 0px !important;padding-top: 18px !important;padding-right: 18px !important;padding-bottom: 24px !important;padding-left: 18px !important;background-color: rgba(255,255,255,0.8) !important;*background-color: rgb(255,255,255) !important;}\u201d][vc_column_text css=\u201d.vc_custom_1788425736826{padding-top: 20px !important;padding-right: 30px !important;padding-bottom: 20px !important;padding-left: 30px !important;background-color: rgba(255,255,255,0.8) !important;*background-color: rgb(255,255,255) !important;}\u201d]<\/p>\n<h2 style=\"text-align: justify;\"><strong>Festival Report<\/strong><\/h2>\n<p style=\"text-align: justify;\">Professionally inter\u00advie\u00adw\u00ading direc\u00adtors, cast and pro\u00addu\u00adcers of child\u00adren\u2019s and youth films, wat\u00adching cur\u00adrent cine\u00adma films and get\u00adting a tas\u00adte of fes\u00adti\u00adval atmo\u00adsphe\u00adre? Anyone who wants to be right the\u00adre as a roving repor\u00adter with the film\u00adma\u00adkers is in exact\u00adly the right place at the \u00bbFestival Reporters\u00ab pro\u00adject. On the path from the deve\u00adlo\u00adped shoo\u00adting plan to the finis\u00adhed report, a school class is accom\u00adpa\u00adnied by media edu\u00adca\u00adtors through all pro\u00adduc\u00adtion&nbsp;steps.<\/p>\n<p style=\"text-align: justify;\">The tea\u00adcher actively par\u00adti\u00adci\u00adpa\u00adtes in the imple\u00admen\u00adta\u00adti\u00adon of the pro\u00adject and super\u00advi\u00adses a pro\u00adduc\u00adtion group after a full-day trai\u00adning. Subsequently, the finis\u00adhed report is broad\u00adcast via the Media Education Center South via TV and live\u00adstream and is also available at <a href=\"https:\/\/mediathek-hessen.de\/\" target=\"_blank\" rel=\"noopener\">mediathek-hessen.de<\/a>. \u00bbFestival Reporters\u00ab is a pro\u00adject of the Media Education Center South in coope\u00adra\u00adti\u00adon with LUCAS \u2013 International Festival for Young Film&nbsp;Fans.<\/p>\n<p style=\"text-align: justify;\"><strong>Background infor\u00adma\u00adti\u00adon and timeline:<br>\n<\/strong>The sel\u00adec\u00adtion of the cor\u00adre\u00adspon\u00adding \u00bbFestival Reporters\u00ab class runs through the Media Education Center South. After a pre\u00adpa\u00adra\u00adto\u00adry work\u00adshop, the group films their reports during the fes\u00adti\u00adval&nbsp;week.<\/p>\n<p>[\/vc_column_text][\/vc_column_inner][vc_column_inner width=\u201c1\/2\u201d css=\u201d.vc_custom_1678282411581{padding-top: 70px !important;}\u201d][\/vc_column_inner][\/vc_row_inner][\/vc_column][\/vc_row]<\/p>\n<\/div>","protected":false},"excerpt":{"rendered":"<p>[vc_row full_width=\u201cstretch_row\u201d content_placement=\u201cbottom\u201d css=\u201d.vc_custom_1657813256371{padding-top: 50px !important;padding-bottom: 50px !important;background-color: #48d1cc !important;background-position: cen\u00adter !important;background-repeat: no-repeat !important;background-size: cover !important;}\u201d el_class=\u201chintergrund\u201d][vc_column][vc_row_inner content_placement=\u201cbottom\u201d][vc_column_inner][vc_column_text css=\u201d.vc_custom_1675943715225{margin-bottom: 0px !important;padding-top: 10px !important;padding-right: 18px !important;padding-bottom: 10px !important;}\u201d] GET INVOLVED! [\/vc_column_text][vc_empty_space height=\u201c16px\u201d][\/vc_column_inner][\/vc_row_inner][vc_row_inner content_placement=\u201cbottom\u201d][vc_column_inner width=\u201c2\/3\u201d][vc_column_text css=\u201d.vc_custom_1757884965693{margin-bottom: 0px !important;padding-top: 20px !important;padding-right: 30px !important;padding-bottom: 20px !important;padding-left: 20px !important;background-color: rgba(255,255,255,0.8) !important;*background-color: rgb(255,255,255) !important;}\u201d] NOT JUST WATCHING, BUT PARTICIPATING: \u00bbGET INVOLVED!\u00ab&nbsp;[\u2026]<\/p>\n","protected":false},"author":14,"featured_media":0,"parent":0,"menu_order":40,"comment_status":"closed","ping_status":"closed","template":"","meta":{"_lmt_disableupdate":"no","_lmt_disable":"","wp_typography_post_enhancements_disabled":false,"site-sidebar-layout":"no-sidebar","site-content-layout":"plain-container","ast-site-content-layout":"normal-width-container","site-content-style":"unboxed","site-sidebar-style":"unboxed","ast-global-header-display":"","ast-banner-title-visibility":"","ast-main-header-display":"","ast-hfb-above-header-display":"","ast-hfb-below-header-display":"","ast-hfb-mobile-header-display":"","site-post-title":"disabled","ast-breadcrumbs-content":"","ast-featured-img":"disabled","footer-sml-layout":"","ast-disable-related-posts":"","theme-transparent-header-meta":"default","adv-header-id-meta":"","stick-header-meta":"default","header-above-stick-meta":"","header-main-stick-meta":"","header-below-stick-meta":"","astra-migrate-meta-layouts":"set","ast-page-background-enabled":"default","ast-page-background-meta":{"desktop":{"background-color":"var(--ast-global-color-4)","background-image":"","background-repeat":"repeat","background-position":"center center","background-size":"auto","background-attachment":"scroll","background-type":"","background-media":"","overlay-type":"","overlay-color":"","overlay-opacity":"","overlay-gradient":""},"tablet":{"background-color":"","background-image":"","background-repeat":"repeat","background-position":"center center","background-size":"auto","background-attachment":"scroll","background-type":"","background-media":"","overlay-type":"","overlay-color":"","overlay-opacity":"","overlay-gradient":""},"mobile":{"background-color":"","background-image":"","background-repeat":"repeat","background-position":"center center","background-size":"auto","background-attachment":"scroll","background-type":"","background-media":"","overlay-type":"","overlay-color":"","overlay-opacity":"","overlay-gradient":""}},"ast-content-background-meta":{"desktop":{"background-color":"var(--ast-global-color-5)","background-image":"","background-repeat":"repeat","background-position":"center center","background-size":"auto","background-attachment":"scroll","background-type":"","background-media":"","overlay-type":"","overlay-color":"","overlay-opacity":"","overlay-gradient":""},"tablet":{"background-color":"var(--ast-global-color-5)","background-image":"","background-repeat":"repeat","background-position":"center center","background-size":"auto","background-attachment":"scroll","background-type":"","background-media":"","overlay-type":"","overlay-color":"","overlay-opacity":"","overlay-gradient":""},"mobile":{"background-color":"var(--ast-global-color-5)","background-image":"","background-repeat":"repeat","background-position":"center center","background-size":"auto","background-attachment":"scroll","background-type":"","background-media":"","overlay-type":"","overlay-color":"","overlay-opacity":"","overlay-gradient":""}},"footnotes":""},"class_list":["post-27468","page","type-page","status-publish","hentry"],"yoast_head":"<!-- This site is optimized with the Yoast SEO plugin v28.1 - https:\/\/yoast.com\/product\/yoast-seo-wordpress\/ -->\n<title>Get Involved! - LUCAS \u2013 Internationales Festival f\u00fcr junge Filmfans<\/title>\n<meta name=\"description\" content=\"At LUCAS, \u00bbGet Involved!\u00ab stands for participatory film education programs that allow young people to immerse themselves even more deeply in the film experience and the festival week.\" \/>\n<meta name=\"robots\" content=\"index, follow, max-snippet:-1, max-image-preview:large, max-video-preview:-1\" \/>\n<link rel=\"canonical\" href=\"https:\/\/lucas-filmfestival.de\/en\/mitmischen\/\" \/>\n<meta property=\"og:locale\" content=\"en_US\" \/>\n<meta property=\"og:type\" content=\"article\" \/>\n<meta property=\"og:title\" content=\"Get Involved! - LUCAS \u2013 Internationales Festival f\u00fcr junge Filmfans\" \/>\n<meta property=\"og:description\" content=\"At LUCAS, \u00bbGet Involved!\u00ab stands for participatory film education programs that allow young people to immerse themselves even more deeply in the film experience and the festival week.\" \/>\n<meta property=\"og:url\" content=\"https:\/\/lucas-filmfestival.de\/en\/mitmischen\/\" \/>\n<meta property=\"og:site_name\" content=\"LUCAS \u2013 Internationales Festival f\u00fcr junge Filmfans\" \/>\n<meta property=\"article:modified_time\" content=\"2026-09-03T08:55:54+00:00\" \/>\n<meta name=\"twitter:card\" content=\"summary_large_image\" \/>\n<meta name=\"twitter:label1\" content=\"Est. reading time\" \/>\n\t<meta name=\"twitter:data1\" content=\"18 minutes\" \/>\n<script type=\"application\/ld+json\" class=\"yoast-schema-graph\">{\"@context\":\"https:\\\/\\\/schema.org\",\"@graph\":[{\"@type\":\"WebPage\",\"@id\":\"https:\\\/\\\/lucas-filmfestival.de\\\/en\\\/mitmischen\\\/\",\"url\":\"https:\\\/\\\/lucas-filmfestival.de\\\/en\\\/mitmischen\\\/\",\"name\":\"Get Involved! - LUCAS \u2013 Internationales Festival f\u00fcr junge Filmfans\",\"isPartOf\":{\"@id\":\"https:\\\/\\\/lucas-filmfestival.de\\\/en\\\/#website\"},\"datePublished\":\"2026-08-09T14:12:31+00:00\",\"dateModified\":\"2026-09-03T08:55:54+00:00\",\"description\":\"At LUCAS, \u00bbGet Involved!\u00ab stands for participatory film education programs that allow young people to immerse themselves even more deeply in the film experience and the festival week.\",\"breadcrumb\":{\"@id\":\"https:\\\/\\\/lucas-filmfestival.de\\\/en\\\/mitmischen\\\/#breadcrumb\"},\"inLanguage\":\"en-US\",\"potentialAction\":[{\"@type\":\"ReadAction\",\"target\":[\"https:\\\/\\\/lucas-filmfestival.de\\\/en\\\/mitmischen\\\/\"]}]},{\"@type\":\"BreadcrumbList\",\"@id\":\"https:\\\/\\\/lucas-filmfestival.de\\\/en\\\/mitmischen\\\/#breadcrumb\",\"itemListElement\":[{\"@type\":\"ListItem\",\"position\":1,\"name\":\"Home\",\"item\":\"https:\\\/\\\/lucas-filmfestival.de\\\/en\\\/\"},{\"@type\":\"ListItem\",\"position\":2,\"name\":\"Get Involved!\"}]},{\"@type\":\"WebSite\",\"@id\":\"https:\\\/\\\/lucas-filmfestival.de\\\/en\\\/#website\",\"url\":\"https:\\\/\\\/lucas-filmfestival.de\\\/en\\\/\",\"name\":\"LUCAS \u2013 Internationales Festival f\u00fcr junge Filmfans\",\"description\":\"Deutschlands \u00e4ltestes Filmfestival f\u00fcr junges Publikum. Das Programm richtet sich an alle von vier Jahren bis 18plus und pr\u00e4sentiert aktuelles internationales Filmschaffen \u2013 Spiel\u2011, Dokumentar\u2011, Animations- und Experimentalfilme. Herzst\u00fcck von LUCAS sind die Wettbewerbe in den Sektionen 8+, 13+ und 16+ | Youngsters.\",\"publisher\":{\"@id\":\"https:\\\/\\\/lucas-filmfestival.de\\\/en\\\/#organization\"},\"potentialAction\":[{\"@type\":\"SearchAction\",\"target\":{\"@type\":\"EntryPoint\",\"urlTemplate\":\"https:\\\/\\\/lucas-filmfestival.de\\\/en\\\/?s={search_term_string}\"},\"query-input\":{\"@type\":\"PropertyValueSpecification\",\"valueRequired\":true,\"valueName\":\"search_term_string\"}}],\"inLanguage\":\"en-US\"},{\"@type\":\"Organization\",\"@id\":\"https:\\\/\\\/lucas-filmfestival.de\\\/en\\\/#organization\",\"name\":\"LUCAS \u2013 Internationales Festival f\u00fcr junge Filmfans\",\"url\":\"https:\\\/\\\/lucas-filmfestival.de\\\/en\\\/\",\"logo\":{\"@type\":\"ImageObject\",\"inLanguage\":\"en-US\",\"@id\":\"https:\\\/\\\/lucas-filmfestival.de\\\/en\\\/#\\\/schema\\\/logo\\\/image\\\/\",\"url\":\"https:\\\/\\\/lucas-filmfestival.de\\\/medien\\\/2025\\\/05\\\/cropped-LucasLogo.jpg\",\"contentUrl\":\"https:\\\/\\\/lucas-filmfestival.de\\\/medien\\\/2025\\\/05\\\/cropped-LucasLogo.jpg\",\"width\":1090,\"height\":800,\"caption\":\"LUCAS \u2013 Internationales Festival f\u00fcr junge Filmfans\"},\"image\":{\"@id\":\"https:\\\/\\\/lucas-filmfestival.de\\\/en\\\/#\\\/schema\\\/logo\\\/image\\\/\"}}]}<\/script>\n<!-- \/ Yoast SEO plugin. -->","yoast_head_json":{"title":"Get Involved! - LUCAS \u2013 Internationales Festival f\u00fcr junge Filmfans","description":"At LUCAS, \u00bbGet Involved!\u00ab stands for participatory film education programs that allow young people to immerse themselves even more deeply in the film experience and the festival week.","robots":{"index":"index","follow":"follow","max-snippet":"max-snippet:-1","max-image-preview":"max-image-preview:large","max-video-preview":"max-video-preview:-1"},"canonical":"https:\/\/lucas-filmfestival.de\/en\/mitmischen\/","og_locale":"en_US","og_type":"article","og_title":"Get Involved! - LUCAS \u2013 Internationales Festival f\u00fcr junge Filmfans","og_description":"At LUCAS, \u00bbGet Involved!\u00ab stands for participatory film education programs that allow young people to immerse themselves even more deeply in the film experience and the festival week.","og_url":"https:\/\/lucas-filmfestival.de\/en\/mitmischen\/","og_site_name":"LUCAS \u2013 Internationales Festival f\u00fcr junge Filmfans","article_modified_time":"2026-09-03T08:55:54+00:00","twitter_card":"summary_large_image","twitter_misc":{"Est. reading time":"18 minutes"},"schema":{"@context":"https:\/\/schema.org","@graph":[{"@type":"WebPage","@id":"https:\/\/lucas-filmfestival.de\/en\/mitmischen\/","url":"https:\/\/lucas-filmfestival.de\/en\/mitmischen\/","name":"Get Involved! - LUCAS \u2013 Internationales Festival f\u00fcr junge Filmfans","isPartOf":{"@id":"https:\/\/lucas-filmfestival.de\/en\/#website"},"datePublished":"2026-08-09T14:12:31+00:00","dateModified":"2026-09-03T08:55:54+00:00","description":"At LUCAS, \u00bbGet Involved!\u00ab stands for participatory film education programs that allow young people to immerse themselves even more deeply in the film experience and the festival week.","breadcrumb":{"@id":"https:\/\/lucas-filmfestival.de\/en\/mitmischen\/#breadcrumb"},"inLanguage":"en-US","potentialAction":[{"@type":"ReadAction","target":["https:\/\/lucas-filmfestival.de\/en\/mitmischen\/"]}]},{"@type":"BreadcrumbList","@id":"https:\/\/lucas-filmfestival.de\/en\/mitmischen\/#breadcrumb","itemListElement":[{"@type":"ListItem","position":1,"name":"Home","item":"https:\/\/lucas-filmfestival.de\/en\/"},{"@type":"ListItem","position":2,"name":"Get Involved!"}]},{"@type":"WebSite","@id":"https:\/\/lucas-filmfestival.de\/en\/#website","url":"https:\/\/lucas-filmfestival.de\/en\/","name":"LUCAS \u2013 Internationales Festival f\u00fcr junge Filmfans","description":"Deutschlands \u00e4ltestes Filmfestival f\u00fcr junges Publikum. Das Programm richtet sich an alle von vier Jahren bis 18plus und pr\u00e4sentiert aktuelles internationales Filmschaffen \u2013 Spiel\u2011, Dokumentar\u2011, Animations- und Experimentalfilme. Herzst\u00fcck von LUCAS sind die Wettbewerbe in den Sektionen 8+, 13+ und 16+ | Youngsters.","publisher":{"@id":"https:\/\/lucas-filmfestival.de\/en\/#organization"},"potentialAction":[{"@type":"SearchAction","target":{"@type":"EntryPoint","urlTemplate":"https:\/\/lucas-filmfestival.de\/en\/?s={search_term_string}"},"query-input":{"@type":"PropertyValueSpecification","valueRequired":true,"valueName":"search_term_string"}}],"inLanguage":"en-US"},{"@type":"Organization","@id":"https:\/\/lucas-filmfestival.de\/en\/#organization","name":"LUCAS \u2013 Internationales Festival f\u00fcr junge Filmfans","url":"https:\/\/lucas-filmfestival.de\/en\/","logo":{"@type":"ImageObject","inLanguage":"en-US","@id":"https:\/\/lucas-filmfestival.de\/en\/#\/schema\/logo\/image\/","url":"https:\/\/lucas-filmfestival.de\/medien\/2025\/05\/cropped-LucasLogo.jpg","contentUrl":"https:\/\/lucas-filmfestival.de\/medien\/2025\/05\/cropped-LucasLogo.jpg","width":1090,"height":800,"caption":"LUCAS \u2013 Internationales Festival f\u00fcr junge Filmfans"},"image":{"@id":"https:\/\/lucas-filmfestival.de\/en\/#\/schema\/logo\/image\/"}}]}},"_links":{"self":[{"href":"https:\/\/lucas-filmfestival.de\/en\/wp-json\/wp\/v2\/pages\/27468","targetHints":{"allow":["GET"]}}],"collection":[{"href":"https:\/\/lucas-filmfestival.de\/en\/wp-json\/wp\/v2\/pages"}],"about":[{"href":"https:\/\/lucas-filmfestival.de\/en\/wp-json\/wp\/v2\/types\/page"}],"author":[{"embeddable":true,"href":"https:\/\/lucas-filmfestival.de\/en\/wp-json\/wp\/v2\/users\/14"}],"replies":[{"embeddable":true,"href":"https:\/\/lucas-filmfestival.de\/en\/wp-json\/wp\/v2\/comments?post=27468"}],"version-history":[{"count":5,"href":"https:\/\/lucas-filmfestival.de\/en\/wp-json\/wp\/v2\/pages\/27468\/revisions"}],"predecessor-version":[{"id":29441,"href":"https:\/\/lucas-filmfestival.de\/en\/wp-json\/wp\/v2\/pages\/27468\/revisions\/29441"}],"wp:attachment":[{"href":"https:\/\/lucas-filmfestival.de\/en\/wp-json\/wp\/v2\/media?parent=27468"}],"curies":[{"name":"wp","href":"https:\/\/api.w.org\/{rel}","templated":true}]}}