{"id":5716,"date":"2021-03-19T13:49:09","date_gmt":"2021-03-19T13:49:09","guid":{"rendered":"https:\/\/lucas-filmfestival.de\/rundum\/"},"modified":"2026-09-01T12:25:33","modified_gmt":"2026-09-01T12:25:33","slug":"events-specials","status":"publish","type":"page","link":"https:\/\/lucas-filmfestival.de\/en\/events-specials\/","title":{"rendered":"Beyond Film"},"content":{"rendered":"<div class=\"wpb-content-wrapper\"><p>[vc_row full_width=\u201cstretch_row\u201d bg_type=\u201cbg_color\u201d css=\u201d.vc_custom_1777905567419{padding-top: 70px !important;}\u201d el_id=\u201cevents\u201d bg_color_value=\u201d#47d1cc\u201d][vc_column][vc_row_inner][vc_column_inner][vc_column_text]<\/p>\n<h1>Events<\/h1>\n<p>[\/vc_column_text][vc_basic_grid post_type=\u201cpost\u201d max_items=\u201c10\u201d item=\u201c6255\u201d grid_id=\u201cvc_gid:1788264874993\u20133694a850-e09b\u20113\u201d taxonomies=\u201c564\u201d][vc_empty_space][\/vc_column_inner][\/vc_row_inner][\/vc_column][\/vc_row][vc_row full_width=\u201cstretch_row\u201d css=\u201d.vc_custom_1777905528851{padding-top: 70px !important;padding-bottom: 70px !important;background-image: url(https:\/\/lucas-filmfestival.de\/medien\/2021\/03\/fassade-uwe-dettmar-dff-v2-1920px.jpg?id=884) !important;}\u201d el_class=\u201chintergrund\u201d el_id=\u201cfestival-sunday\u201d][vc_column][vc_row_inner css=\u201d.vc_custom_1629272269820{padding-top: 20px !important;padding-right: 20px !important;padding-bottom: 20px !important;padding-left: 20px !important;background-color: rgba(255,255,255,0.8) !important;*background-color: rgb(255,255,255) !important;}\u201d][vc_column_inner][vc_column_text]<\/p>\n<h1>LUCAS for Families<\/h1>\n<p>[\/vc_column_text][vc_basic_grid post_type=\u201cpost\u201d max_items=\u201c-1\u201d style=\u201cload-more\u201d items_per_page=\u201c9\u201d item=\u201c6255\u201d initial_loading_animation=\u201cnone\u201d btn_style=\u201cmodern\u201d btn_color=\u201cdefault\u201d btn_size=\u201cxs\u201d grid_id=\u201cvc_gid:1788264874994-fd896227-9828\u20137\u201d taxonomies=\u201c459\u201d][\/vc_column_inner][\/vc_row_inner][\/vc_column][\/vc_row][vc_row full_width=\u201cstretch_row\u201d bg_type=\u201cbg_color\u201d css=\u201d.vc_custom_1788265127396{padding-top: 70px !important;padding-bottom: 70px !important;}\u201d el_id=\u201ccooperations\u201d bg_color_value=\u201c#ffd700\u201d][vc_column][vc_row_inner css=\u201d.vc_custom_1788264907569{padding-top: 20px !important;padding-right: 20px !important;padding-bottom: 20px !important;padding-left: 20px !important;}\u201d][vc_column_inner][vc_column_text]<\/p>\n<h1>Cooperations<\/h1>\n<p>[\/vc_column_text][vc_basic_grid post_type=\u201cpost\u201d max_items=\u201c-1\u201d item=\u201c6255\u201d grid_id=\u201cvc_gid:1788264874994\u20136523be6f-3271\u20131\u201d taxonomies=\u201c308\u201d][\/vc_column_inner][\/vc_row_inner][\/vc_column][\/vc_row][vc_row full_width=\u201cstretch_row\u201d bg_type=\u201cimage\u201d parallax_style=\u201cvcpb-default\u201d bg_image_new=\u201cid^4676|url^https:\/\/lucas-filmfestival.de\/medien\/2021\/08\/085-druck-2019_09_24-LUCAS-f-100-\u00a9SImhof-1-scaled.jpg|caption^null|alt^null|title^085-druck-2019_09_24-LUCAS-f-100-\u00a9SImhof|description^null\u201d css=\u201d.vc_custom_1788265086287{padding-top: 70px !important;padding-bottom: 70px !important;}\u201d el_id=\u201cpanel\u201d][vc_column][vc_row_inner css=\u201d.vc_custom_1661955462617{padding-top: 20px !important;padding-right: 20px !important;padding-bottom: 20px !important;padding-left: 20px !important;background-color: rgba(255,255,255,0.8) !important;*background-color: rgb(255,255,255) !important;}\u201d][vc_column_inner][vc_column_text]<\/p>\n<h1>Panel<\/h1>\n<p>[\/vc_column_text][vc_basic_grid post_type=\u201cpost\u201d max_items=\u201c-1\u201d item=\u201c1013\u201d grid_id=\u201cvc_gid:1788264874996\u201393560ac3-83c4\u20117\u201d taxonomies=\u201c391\u201d][\/vc_column_inner][\/vc_row_inner][\/vc_column][\/vc_row][vc_section disable_element=\u201cyes\u201d][vc_row full_width=\u201cstretch_row\u201d bg_type=\u201cbg_color\u201d bg_color_value=\u201d#48d1cc\u201d css=\u201d.vc_custom_1777905758473{padding-top: 20px !important;padding-bottom: 20px !important;}\u201d][vc_column][vc_empty_space height=\u201c100px\u201d][vc_column_text]<\/p>\n<h2>The program of LUCAS #49 will presumably published on August 10.<\/h2>\n<p>The&nbsp;<a href=\"https:\/\/lucas-filmfestival.de\/en\/archiv\/\">archi\u00adve page<\/a>&nbsp;pro\u00advi\u00addes a review of the LUCAS issues of pre\u00advious&nbsp;years.[\/vc_column_text][vc_empty_space height=\u201c400px\u201d][\/vc_column][\/vc_row][\/vc_section]<\/p>\n<\/div>","protected":false},"excerpt":{"rendered":"<p>[vc_row full_width=\u201cstretch_row\u201d bg_type=\u201cbg_color\u201d css=\u201d.vc_custom_1777905567419{padding-top: 70px !important;}\u201d el_id=\u201cevents\u201d bg_color_value=\u201d#47d1cc\u201d][vc_column][vc_row_inner][vc_column_inner][vc_column_text] Events [\/vc_column_text][vc_basic_grid post_type=\u201cpost\u201d max_items=\u201c10\u201d item=\u201c6255\u201d grid_id=\u201cvc_gid:1788264874993\u20133694a850-e09b\u20113\u201d taxonomies=\u201c564\u201d][vc_empty_space][\/vc_column_inner][\/vc_row_inner][\/vc_column][\/vc_row][vc_row full_width=\u201cstretch_row\u201d css=\u201d.vc_custom_1777905528851{padding-top: 70px !important;padding-bottom: 70px !important;background-image: url(https:\/\/lucas-filmfestival.de\/medien\/2021\/03\/fassade-uwe-dettmar-dff-v2-1920px.jpg?id=884) !important;}\u201d el_class=\u201chintergrund\u201d el_id=\u201cfestival-sunday\u201d][vc_column][vc_row_inner css=\u201d.vc_custom_1629272269820{padding-top: 20px !important;padding-right: 20px !important;padding-bottom: 20px !important;padding-left: 20px !important;background-color: rgba(255,255,255,0.8) !important;*background-color: rgb(255,255,255) !important;}\u201d][vc_column_inner][vc_column_text] LUCAS for Families [\/vc_column_text][vc_basic_grid post_type=\u201cpost\u201d max_items=\u201c-1\u201d style=\u201cload-more\u201d items_per_page=\u201c9\u201d item=\u201c6255\u201d initial_loading_animation=\u201cnone\u201d btn_style=\u201cmodern\u201d btn_color=\u201cdefault\u201d btn_size=\u201cxs\u201d grid_id=\u201cvc_gid:1788264874994-fd896227-9828\u20137\u201d taxonomies=\u201c459\u201d][\/vc_column_inner][\/vc_row_inner][\/vc_column][\/vc_row][vc_row full_width=\u201cstretch_row\u201d bg_type=\u201cbg_color\u201d [\u2026]<\/p>\n","protected":false},"author":14,"featured_media":0,"parent":0,"menu_order":25,"comment_status":"closed","ping_status":"closed","template":"","meta":{"_lmt_disableupdate":"no","_lmt_disable":"","wp_typography_post_enhancements_disabled":false,"site-sidebar-layout":"no-sidebar","site-content-layout":"plain-container","ast-site-content-layout":"normal-width-container","site-content-style":"unboxed","site-sidebar-style":"unboxed","ast-global-header-display":"","ast-banner-title-visibility":"","ast-main-header-display":"","ast-hfb-above-header-display":"","ast-hfb-below-header-display":"","ast-hfb-mobile-header-display":"","site-post-title":"disabled","ast-breadcrumbs-content":"","ast-featured-img":"disabled","footer-sml-layout":"","ast-disable-related-posts":"","theme-transparent-header-meta":"default","adv-header-id-meta":"","stick-header-meta":"default","header-above-stick-meta":"","header-main-stick-meta":"","header-below-stick-meta":"","astra-migrate-meta-layouts":"set","ast-page-background-enabled":"default","ast-page-background-meta":{"desktop":{"background-color":"var(--ast-global-color-4)","background-image":"","background-repeat":"repeat","background-position":"center center","background-size":"auto","background-attachment":"scroll","background-type":"","background-media":"","overlay-type":"","overlay-color":"","overlay-opacity":"","overlay-gradient":""},"tablet":{"background-color":"","background-image":"","background-repeat":"repeat","background-position":"center center","background-size":"auto","background-attachment":"scroll","background-type":"","background-media":"","overlay-type":"","overlay-color":"","overlay-opacity":"","overlay-gradient":""},"mobile":{"background-color":"","background-image":"","background-repeat":"repeat","background-position":"center center","background-size":"auto","background-attachment":"scroll","background-type":"","background-media":"","overlay-type":"","overlay-color":"","overlay-opacity":"","overlay-gradient":""}},"ast-content-background-meta":{"desktop":{"background-color":"var(--ast-global-color-5)","background-image":"","background-repeat":"repeat","background-position":"center center","background-size":"auto","background-attachment":"scroll","background-type":"","background-media":"","overlay-type":"","overlay-color":"","overlay-opacity":"","overlay-gradient":""},"tablet":{"background-color":"var(--ast-global-color-5)","background-image":"","background-repeat":"repeat","background-position":"center center","background-size":"auto","background-attachment":"scroll","background-type":"","background-media":"","overlay-type":"","overlay-color":"","overlay-opacity":"","overlay-gradient":""},"mobile":{"background-color":"var(--ast-global-color-5)","background-image":"","background-repeat":"repeat","background-position":"center center","background-size":"auto","background-attachment":"scroll","background-type":"","background-media":"","overlay-type":"","overlay-color":"","overlay-opacity":"","overlay-gradient":""}},"footnotes":""},"class_list":["post-5716","page","type-page","status-publish","hentry"],"yoast_head":"<!-- This site is optimized with the Yoast SEO plugin v28.1 - https:\/\/yoast.com\/product\/yoast-seo-wordpress\/ -->\n<title>Beyond Film - LUCAS \u2013 Internationales Festival f\u00fcr junge Filmfans<\/title>\n<meta name=\"robots\" content=\"index, follow, max-snippet:-1, max-image-preview:large, max-video-preview:-1\" \/>\n<link rel=\"canonical\" href=\"https:\/\/lucas-filmfestival.de\/en\/events-specials\/\" \/>\n<meta property=\"og:locale\" content=\"en_US\" \/>\n<meta property=\"og:type\" content=\"article\" \/>\n<meta property=\"og:title\" content=\"Beyond Film - LUCAS \u2013 Internationales Festival f\u00fcr junge Filmfans\" \/>\n<meta property=\"og:description\" content=\"[vc_row full_width=\u201cstretch_row\u201d bg_type=\u201cbg_color\u201d css=\u201d.vc_custom_1777905567419{padding-top: 70px !important;}\u201d el_id=\u201cevents\u201d bg_color_value=\u201d#47d1cc\u201d][vc_column][vc_row_inner][vc_column_inner][vc_column_text] Events [\/vc_column_text][vc_basic_grid post_type=\u201cpost\u201d max_items=\u201c10\u201d item=\u201c6255\u201d grid_id=\u201cvc_gid:1788264874993\u20133694a850-e09b\u20113\u201d taxonomies=\u201c564\u201d][vc_empty_space][\/vc_column_inner][\/vc_row_inner][\/vc_column][\/vc_row][vc_row full_width=\u201cstretch_row\u201d css=\u201d.vc_custom_1777905528851{padding-top: 70px !important;padding-bottom: 70px !important;background-image: url(https:\/\/lucas-filmfestival.de\/medien\/2021\/03\/fassade-uwe-dettmar-dff-v2-1920px.jpg?id=884) !important;}\u201d el_class=\u201chintergrund\u201d el_id=\u201cfestival-sunday\u201d][vc_column][vc_row_inner css=\u201d.vc_custom_1629272269820{padding-top: 20px !important;padding-right: 20px !important;padding-bottom: 20px !important;padding-left: 20px !important;background-color: rgba(255,255,255,0.8) !important;*background-color: rgb(255,255,255) !important;}\u201d][vc_column_inner][vc_column_text] LUCAS for Families [\/vc_column_text][vc_basic_grid post_type=\u201cpost\u201d max_items=\u201c-1\u201d style=\u201cload-more\u201d items_per_page=\u201c9\u201d item=\u201c6255\u201d initial_loading_animation=\u201cnone\u201d btn_style=\u201cmodern\u201d btn_color=\u201cdefault\u201d btn_size=\u201cxs\u201d grid_id=\u201cvc_gid:1788264874994-fd896227-9828\u20137\u201d taxonomies=\u201c459\u201d][\/vc_column_inner][\/vc_row_inner][\/vc_column][\/vc_row][vc_row full_width=\u201cstretch_row\u201d bg_type=\u201cbg_color\u201d [&hellip;]\" \/>\n<meta property=\"og:url\" content=\"https:\/\/lucas-filmfestival.de\/en\/events-specials\/\" \/>\n<meta property=\"og:site_name\" content=\"LUCAS \u2013 Internationales Festival f\u00fcr junge Filmfans\" \/>\n<meta property=\"article:modified_time\" content=\"2026-09-01T12:25:33+00:00\" \/>\n<meta property=\"og:image\" content=\"https:\/\/lucas-filmfestival.de\/medien\/2021\/09\/lucas2017_schuller_097-1920x1280-2.jpg\" \/>\n<meta name=\"twitter:card\" content=\"summary_large_image\" \/>\n<meta name=\"twitter:label1\" content=\"Est. reading time\" \/>\n\t<meta name=\"twitter:data1\" content=\"1 minute\" \/>\n<script type=\"application\/ld+json\" class=\"yoast-schema-graph\">{\"@context\":\"https:\\\/\\\/schema.org\",\"@graph\":[{\"@type\":\"WebPage\",\"@id\":\"https:\\\/\\\/lucas-filmfestival.de\\\/en\\\/events-specials\\\/\",\"url\":\"https:\\\/\\\/lucas-filmfestival.de\\\/en\\\/events-specials\\\/\",\"name\":\"Beyond Film - LUCAS \u2013 Internationales Festival f\u00fcr junge Filmfans\",\"isPartOf\":{\"@id\":\"https:\\\/\\\/lucas-filmfestival.de\\\/en\\\/#website\"},\"datePublished\":\"2021-03-19T13:49:09+00:00\",\"dateModified\":\"2026-09-01T12:25:33+00:00\",\"breadcrumb\":{\"@id\":\"https:\\\/\\\/lucas-filmfestival.de\\\/en\\\/events-specials\\\/#breadcrumb\"},\"inLanguage\":\"en-US\",\"potentialAction\":[{\"@type\":\"ReadAction\",\"target\":[\"https:\\\/\\\/lucas-filmfestival.de\\\/en\\\/events-specials\\\/\"]}]},{\"@type\":\"BreadcrumbList\",\"@id\":\"https:\\\/\\\/lucas-filmfestival.de\\\/en\\\/events-specials\\\/#breadcrumb\",\"itemListElement\":[{\"@type\":\"ListItem\",\"position\":1,\"name\":\"Home\",\"item\":\"https:\\\/\\\/lucas-filmfestival.de\\\/en\\\/\"},{\"@type\":\"ListItem\",\"position\":2,\"name\":\"Beyond Film\"}]},{\"@type\":\"WebSite\",\"@id\":\"https:\\\/\\\/lucas-filmfestival.de\\\/en\\\/#website\",\"url\":\"https:\\\/\\\/lucas-filmfestival.de\\\/en\\\/\",\"name\":\"LUCAS \u2013 Internationales Festival f\u00fcr junge Filmfans\",\"description\":\"Deutschlands \u00e4ltestes Filmfestival f\u00fcr junges Publikum. Das Programm richtet sich an alle von vier Jahren bis 18plus und pr\u00e4sentiert aktuelles internationales Filmschaffen \u2013 Spiel\u2011, Dokumentar\u2011, Animations- und Experimentalfilme. Herzst\u00fcck von LUCAS sind die Wettbewerbe in den Sektionen 8+, 13+ und 16+ | Youngsters.\",\"publisher\":{\"@id\":\"https:\\\/\\\/lucas-filmfestival.de\\\/en\\\/#organization\"},\"potentialAction\":[{\"@type\":\"SearchAction\",\"target\":{\"@type\":\"EntryPoint\",\"urlTemplate\":\"https:\\\/\\\/lucas-filmfestival.de\\\/en\\\/?s={search_term_string}\"},\"query-input\":{\"@type\":\"PropertyValueSpecification\",\"valueRequired\":true,\"valueName\":\"search_term_string\"}}],\"inLanguage\":\"en-US\"},{\"@type\":\"Organization\",\"@id\":\"https:\\\/\\\/lucas-filmfestival.de\\\/en\\\/#organization\",\"name\":\"LUCAS \u2013 Internationales Festival f\u00fcr junge Filmfans\",\"url\":\"https:\\\/\\\/lucas-filmfestival.de\\\/en\\\/\",\"logo\":{\"@type\":\"ImageObject\",\"inLanguage\":\"en-US\",\"@id\":\"https:\\\/\\\/lucas-filmfestival.de\\\/en\\\/#\\\/schema\\\/logo\\\/image\\\/\",\"url\":\"https:\\\/\\\/lucas-filmfestival.de\\\/medien\\\/2025\\\/05\\\/cropped-LucasLogo.jpg\",\"contentUrl\":\"https:\\\/\\\/lucas-filmfestival.de\\\/medien\\\/2025\\\/05\\\/cropped-LucasLogo.jpg\",\"width\":1090,\"height\":800,\"caption\":\"LUCAS \u2013 Internationales Festival f\u00fcr junge Filmfans\"},\"image\":{\"@id\":\"https:\\\/\\\/lucas-filmfestival.de\\\/en\\\/#\\\/schema\\\/logo\\\/image\\\/\"}}]}<\/script>\n<!-- \/ Yoast SEO plugin. -->","yoast_head_json":{"title":"Beyond Film - LUCAS \u2013 Internationales Festival f\u00fcr junge Filmfans","robots":{"index":"index","follow":"follow","max-snippet":"max-snippet:-1","max-image-preview":"max-image-preview:large","max-video-preview":"max-video-preview:-1"},"canonical":"https:\/\/lucas-filmfestival.de\/en\/events-specials\/","og_locale":"en_US","og_type":"article","og_title":"Beyond Film - LUCAS \u2013 Internationales Festival f\u00fcr junge Filmfans","og_description":"[vc_row full_width=\u201cstretch_row\u201d bg_type=\u201cbg_color\u201d css=\u201d.vc_custom_1777905567419{padding-top: 70px !important;}\u201d el_id=\u201cevents\u201d bg_color_value=\u201d#47d1cc\u201d][vc_column][vc_row_inner][vc_column_inner][vc_column_text] Events [\/vc_column_text][vc_basic_grid post_type=\u201cpost\u201d max_items=\u201c10\u201d item=\u201c6255\u201d grid_id=\u201cvc_gid:1788264874993\u20133694a850-e09b\u20113\u201d taxonomies=\u201c564\u201d][vc_empty_space][\/vc_column_inner][\/vc_row_inner][\/vc_column][\/vc_row][vc_row full_width=\u201cstretch_row\u201d css=\u201d.vc_custom_1777905528851{padding-top: 70px !important;padding-bottom: 70px !important;background-image: url(https:\/\/lucas-filmfestival.de\/medien\/2021\/03\/fassade-uwe-dettmar-dff-v2-1920px.jpg?id=884) !important;}\u201d el_class=\u201chintergrund\u201d el_id=\u201cfestival-sunday\u201d][vc_column][vc_row_inner css=\u201d.vc_custom_1629272269820{padding-top: 20px !important;padding-right: 20px !important;padding-bottom: 20px !important;padding-left: 20px !important;background-color: rgba(255,255,255,0.8) !important;*background-color: rgb(255,255,255) !important;}\u201d][vc_column_inner][vc_column_text] LUCAS for Families [\/vc_column_text][vc_basic_grid post_type=\u201cpost\u201d max_items=\u201c-1\u201d style=\u201cload-more\u201d items_per_page=\u201c9\u201d item=\u201c6255\u201d initial_loading_animation=\u201cnone\u201d btn_style=\u201cmodern\u201d btn_color=\u201cdefault\u201d btn_size=\u201cxs\u201d grid_id=\u201cvc_gid:1788264874994-fd896227-9828\u20137\u201d taxonomies=\u201c459\u201d][\/vc_column_inner][\/vc_row_inner][\/vc_column][\/vc_row][vc_row full_width=\u201cstretch_row\u201d bg_type=\u201cbg_color\u201d [&hellip;]","og_url":"https:\/\/lucas-filmfestival.de\/en\/events-specials\/","og_site_name":"LUCAS \u2013 Internationales Festival f\u00fcr junge Filmfans","article_modified_time":"2026-09-01T12:25:33+00:00","og_image":[{"url":"https:\/\/lucas-filmfestival.de\/medien\/2021\/09\/lucas2017_schuller_097-1920x1280-2.jpg","type":"","width":"","height":""}],"twitter_card":"summary_large_image","twitter_misc":{"Est. reading time":"1 minute"},"schema":{"@context":"https:\/\/schema.org","@graph":[{"@type":"WebPage","@id":"https:\/\/lucas-filmfestival.de\/en\/events-specials\/","url":"https:\/\/lucas-filmfestival.de\/en\/events-specials\/","name":"Beyond Film - LUCAS \u2013 Internationales Festival f\u00fcr junge Filmfans","isPartOf":{"@id":"https:\/\/lucas-filmfestival.de\/en\/#website"},"datePublished":"2021-03-19T13:49:09+00:00","dateModified":"2026-09-01T12:25:33+00:00","breadcrumb":{"@id":"https:\/\/lucas-filmfestival.de\/en\/events-specials\/#breadcrumb"},"inLanguage":"en-US","potentialAction":[{"@type":"ReadAction","target":["https:\/\/lucas-filmfestival.de\/en\/events-specials\/"]}]},{"@type":"BreadcrumbList","@id":"https:\/\/lucas-filmfestival.de\/en\/events-specials\/#breadcrumb","itemListElement":[{"@type":"ListItem","position":1,"name":"Home","item":"https:\/\/lucas-filmfestival.de\/en\/"},{"@type":"ListItem","position":2,"name":"Beyond Film"}]},{"@type":"WebSite","@id":"https:\/\/lucas-filmfestival.de\/en\/#website","url":"https:\/\/lucas-filmfestival.de\/en\/","name":"LUCAS \u2013 Internationales Festival f\u00fcr junge Filmfans","description":"Deutschlands \u00e4ltestes Filmfestival f\u00fcr junges Publikum. Das Programm richtet sich an alle von vier Jahren bis 18plus und pr\u00e4sentiert aktuelles internationales Filmschaffen \u2013 Spiel\u2011, Dokumentar\u2011, Animations- und Experimentalfilme. Herzst\u00fcck von LUCAS sind die Wettbewerbe in den Sektionen 8+, 13+ und 16+ | Youngsters.","publisher":{"@id":"https:\/\/lucas-filmfestival.de\/en\/#organization"},"potentialAction":[{"@type":"SearchAction","target":{"@type":"EntryPoint","urlTemplate":"https:\/\/lucas-filmfestival.de\/en\/?s={search_term_string}"},"query-input":{"@type":"PropertyValueSpecification","valueRequired":true,"valueName":"search_term_string"}}],"inLanguage":"en-US"},{"@type":"Organization","@id":"https:\/\/lucas-filmfestival.de\/en\/#organization","name":"LUCAS \u2013 Internationales Festival f\u00fcr junge Filmfans","url":"https:\/\/lucas-filmfestival.de\/en\/","logo":{"@type":"ImageObject","inLanguage":"en-US","@id":"https:\/\/lucas-filmfestival.de\/en\/#\/schema\/logo\/image\/","url":"https:\/\/lucas-filmfestival.de\/medien\/2025\/05\/cropped-LucasLogo.jpg","contentUrl":"https:\/\/lucas-filmfestival.de\/medien\/2025\/05\/cropped-LucasLogo.jpg","width":1090,"height":800,"caption":"LUCAS \u2013 Internationales Festival f\u00fcr junge Filmfans"},"image":{"@id":"https:\/\/lucas-filmfestival.de\/en\/#\/schema\/logo\/image\/"}}]}},"_links":{"self":[{"href":"https:\/\/lucas-filmfestival.de\/en\/wp-json\/wp\/v2\/pages\/5716","targetHints":{"allow":["GET"]}}],"collection":[{"href":"https:\/\/lucas-filmfestival.de\/en\/wp-json\/wp\/v2\/pages"}],"about":[{"href":"https:\/\/lucas-filmfestival.de\/en\/wp-json\/wp\/v2\/types\/page"}],"author":[{"embeddable":true,"href":"https:\/\/lucas-filmfestival.de\/en\/wp-json\/wp\/v2\/users\/14"}],"replies":[{"embeddable":true,"href":"https:\/\/lucas-filmfestival.de\/en\/wp-json\/wp\/v2\/comments?post=5716"}],"version-history":[{"count":15,"href":"https:\/\/lucas-filmfestival.de\/en\/wp-json\/wp\/v2\/pages\/5716\/revisions"}],"predecessor-version":[{"id":29401,"href":"https:\/\/lucas-filmfestival.de\/en\/wp-json\/wp\/v2\/pages\/5716\/revisions\/29401"}],"wp:attachment":[{"href":"https:\/\/lucas-filmfestival.de\/en\/wp-json\/wp\/v2\/media?parent=5716"}],"curies":[{"name":"wp","href":"https:\/\/api.w.org\/{rel}","templated":true}]}}